{"id":1133,"date":"2015-08-04T19:33:28","date_gmt":"2015-08-04T17:33:28","guid":{"rendered":"http:\/\/www.noctivagos.com\/?page_id=1133"},"modified":"2015-08-05T03:22:38","modified_gmt":"2015-08-05T01:22:38","slug":"2015-2","status":"publish","type":"page","link":"https:\/\/www.noctivagos.com\/?page_id=1133","title":{"rendered":"2015"},"content":{"rendered":"<p>Aqu\u00ed pod\u00e9is ver, en im\u00e1genes, los mejores momentos de\u00a0Noct\u00edvagos 2015. Adem\u00e1s de las que v\u00e9is aqu\u00ed, en el blog de Sergio Garrido (<a href=\"http:\/\/fotossergiogb.weebly.com\/noctivagos-2015.html\" target=\"_blank\">http:\/\/fotossergiogb.weebly.com\/noctivagos-2015.html<\/a>) tenemos otra galer\u00eda completa con im\u00e1genes del Certamen.<\/p>\n<div data-carousel-extra='{&quot;blog_id&quot;:1,&quot;permalink&quot;:&quot;https:\/\/www.noctivagos.com\/?page_id=1133&quot;}' id='gallery-1' class='gallery galleryid-1133 gallery-columns-3 gallery-size-full'><figure class='gallery-item'>\n\t\t\t<div class='gallery-icon landscape'>\n\t\t\t\t<a href=\"https:\/\/i0.wp.com\/www.noctivagos.com\/wp-content\/uploads\/2015\/08\/C%C3%A9sar-Otero-NOCT2015-12.jpg?ssl=1\"><img loading=\"lazy\" decoding=\"async\" width=\"950\" height=\"633\" src=\"https:\/\/i0.wp.com\/www.noctivagos.com\/wp-content\/uploads\/2015\/08\/C%C3%A9sar-Otero-NOCT2015-12.jpg?fit=950%2C633&amp;ssl=1\" class=\"attachment-full size-full\" alt=\"\" aria-describedby=\"gallery-1-1149\" data-attachment-id=\"1149\" data-permalink=\"https:\/\/www.noctivagos.com\/?attachment_id=1149\" data-orig-file=\"https:\/\/i0.wp.com\/www.noctivagos.com\/wp-content\/uploads\/2015\/08\/C%C3%A9sar-Otero-NOCT2015-12.jpg?fit=950%2C633&amp;ssl=1\" data-orig-size=\"950,633\" data-comments-opened=\"1\" data-image-meta=\"{&quot;aperture&quot;:&quot;0&quot;,&quot;credit&quot;:&quot;Picasa&quot;,&quot;camera&quot;:&quot;&quot;,&quot;caption&quot;:&quot;&quot;,&quot;created_timestamp&quot;:&quot;1435974217&quot;,&quot;copyright&quot;:&quot;&quot;,&quot;focal_length&quot;:&quot;0&quot;,&quot;iso&quot;:&quot;0&quot;,&quot;shutter_speed&quot;:&quot;0&quot;,&quot;title&quot;:&quot;&quot;,&quot;orientation&quot;:&quot;0&quot;}\" data-image-title=\"C\u00e9sar Otero NOCT2015 (12)\" data-image-description=\"\" data-image-caption=\"&lt;p&gt;Fuera de Foco Teatro. FOTO: C\u00c9SAR OTERO&lt;\/p&gt;\n\" data-large-file=\"https:\/\/i0.wp.com\/www.noctivagos.com\/wp-content\/uploads\/2015\/08\/C%C3%A9sar-Otero-NOCT2015-12.jpg?fit=950%2C633&amp;ssl=1\" \/><\/a>\n\t\t\t<\/div>\n\t\t\t\t<figcaption class='wp-caption-text gallery-caption' id='gallery-1-1149'>\n\t\t\t\tFuera de Foco Teatro. FOTO: C\u00c9SAR OTERO\n\t\t\t\t<\/figcaption><\/figure><figure class='gallery-item'>\n\t\t\t<div class='gallery-icon landscape'>\n\t\t\t\t<a href=\"https:\/\/i0.wp.com\/www.noctivagos.com\/wp-content\/uploads\/2015\/08\/C%C3%A9sar-Otero-NOCT2015-11.jpg?ssl=1\"><img loading=\"lazy\" decoding=\"async\" width=\"950\" height=\"633\" src=\"https:\/\/i0.wp.com\/www.noctivagos.com\/wp-content\/uploads\/2015\/08\/C%C3%A9sar-Otero-NOCT2015-11.jpg?fit=950%2C633&amp;ssl=1\" class=\"attachment-full size-full\" alt=\"\" aria-describedby=\"gallery-1-1148\" data-attachment-id=\"1148\" data-permalink=\"https:\/\/www.noctivagos.com\/?attachment_id=1148\" data-orig-file=\"https:\/\/i0.wp.com\/www.noctivagos.com\/wp-content\/uploads\/2015\/08\/C%C3%A9sar-Otero-NOCT2015-11.jpg?fit=950%2C633&amp;ssl=1\" data-orig-size=\"950,633\" data-comments-opened=\"1\" data-image-meta=\"{&quot;aperture&quot;:&quot;0&quot;,&quot;credit&quot;:&quot;Picasa&quot;,&quot;camera&quot;:&quot;&quot;,&quot;caption&quot;:&quot;&quot;,&quot;created_timestamp&quot;:&quot;1435971278&quot;,&quot;copyright&quot;:&quot;&quot;,&quot;focal_length&quot;:&quot;0&quot;,&quot;iso&quot;:&quot;0&quot;,&quot;shutter_speed&quot;:&quot;0&quot;,&quot;title&quot;:&quot;&quot;,&quot;orientation&quot;:&quot;0&quot;}\" data-image-title=\"C\u00e9sar Otero NOCT2015 (11)\" data-image-description=\"\" data-image-caption=\"&lt;p&gt;El Perro Azul Teatro. FOTO: C\u00c9SAR OTERO&lt;\/p&gt;\n\" data-large-file=\"https:\/\/i0.wp.com\/www.noctivagos.com\/wp-content\/uploads\/2015\/08\/C%C3%A9sar-Otero-NOCT2015-11.jpg?fit=950%2C633&amp;ssl=1\" \/><\/a>\n\t\t\t<\/div>\n\t\t\t\t<figcaption class='wp-caption-text gallery-caption' id='gallery-1-1148'>\n\t\t\t\tEl Perro Azul Teatro. FOTO: C\u00c9SAR OTERO\n\t\t\t\t<\/figcaption><\/figure><figure class='gallery-item'>\n\t\t\t<div class='gallery-icon landscape'>\n\t\t\t\t<a href=\"https:\/\/i0.wp.com\/www.noctivagos.com\/wp-content\/uploads\/2015\/08\/Javier-Diaz-NOCT2015-9.jpg?ssl=1\"><img loading=\"lazy\" decoding=\"async\" width=\"1024\" height=\"679\" src=\"https:\/\/i0.wp.com\/www.noctivagos.com\/wp-content\/uploads\/2015\/08\/Javier-Diaz-NOCT2015-9.jpg?fit=1024%2C679&amp;ssl=1\" class=\"attachment-full size-full\" alt=\"Noctivagos - Oropesa - S\u00e1bado Ma\u00f1ana\" aria-describedby=\"gallery-1-1197\" srcset=\"https:\/\/i0.wp.com\/www.noctivagos.com\/wp-content\/uploads\/2015\/08\/Javier-Diaz-NOCT2015-9.jpg?w=1024&amp;ssl=1 1024w, https:\/\/i0.wp.com\/www.noctivagos.com\/wp-content\/uploads\/2015\/08\/Javier-Diaz-NOCT2015-9.jpg?resize=150%2C99&amp;ssl=1 150w, https:\/\/i0.wp.com\/www.noctivagos.com\/wp-content\/uploads\/2015\/08\/Javier-Diaz-NOCT2015-9.jpg?resize=300%2C199&amp;ssl=1 300w\" sizes=\"auto, (max-width: 1000px) 100vw, 1000px\" data-attachment-id=\"1197\" data-permalink=\"https:\/\/www.noctivagos.com\/?attachment_id=1197\" data-orig-file=\"https:\/\/i0.wp.com\/www.noctivagos.com\/wp-content\/uploads\/2015\/08\/Javier-Diaz-NOCT2015-9.jpg?fit=1024%2C679&amp;ssl=1\" data-orig-size=\"1024,679\" data-comments-opened=\"1\" data-image-meta=\"{&quot;aperture&quot;:&quot;9&quot;,&quot;credit&quot;:&quot;Picasa&quot;,&quot;camera&quot;:&quot;NIKON D40&quot;,&quot;caption&quot;:&quot;&quot;,&quot;created_timestamp&quot;:&quot;1436018335&quot;,&quot;copyright&quot;:&quot;&quot;,&quot;focal_length&quot;:&quot;30&quot;,&quot;iso&quot;:&quot;200&quot;,&quot;shutter_speed&quot;:&quot;0.003125&quot;,&quot;title&quot;:&quot;&quot;,&quot;orientation&quot;:&quot;0&quot;}\" data-image-title=\"Javier Diaz NOCT2015 (9)\" data-image-description=\"\" data-image-caption=\"&lt;p&gt;Teatro El Navarro. FOTO: JAVIER D\u00cdAZ BARRADO&lt;\/p&gt;\n\" data-large-file=\"https:\/\/i0.wp.com\/www.noctivagos.com\/wp-content\/uploads\/2015\/08\/Javier-Diaz-NOCT2015-9.jpg?fit=1024%2C679&amp;ssl=1\" \/><\/a>\n\t\t\t<\/div>\n\t\t\t\t<figcaption class='wp-caption-text gallery-caption' id='gallery-1-1197'>\n\t\t\t\tTeatro El Navarro. FOTO: JAVIER D\u00cdAZ BARRADO\n\t\t\t\t<\/figcaption><\/figure><figure class='gallery-item'>\n\t\t\t<div class='gallery-icon landscape'>\n\t\t\t\t<a href=\"https:\/\/i0.wp.com\/www.noctivagos.com\/wp-content\/uploads\/2015\/08\/C%C3%A9sar-Otero-NOCT2015-2.jpg?ssl=1\"><img loading=\"lazy\" decoding=\"async\" width=\"1024\" height=\"683\" src=\"https:\/\/i0.wp.com\/www.noctivagos.com\/wp-content\/uploads\/2015\/08\/C%C3%A9sar-Otero-NOCT2015-2.jpg?fit=1024%2C683&amp;ssl=1\" class=\"attachment-full size-full\" alt=\"\" aria-describedby=\"gallery-1-1138\" data-attachment-id=\"1138\" data-permalink=\"https:\/\/www.noctivagos.com\/?attachment_id=1138\" data-orig-file=\"https:\/\/i0.wp.com\/www.noctivagos.com\/wp-content\/uploads\/2015\/08\/C%C3%A9sar-Otero-NOCT2015-2.jpg?fit=1024%2C683&amp;ssl=1\" data-orig-size=\"1024,683\" data-comments-opened=\"1\" data-image-meta=\"{&quot;aperture&quot;:&quot;2.8&quot;,&quot;credit&quot;:&quot;Picasa&quot;,&quot;camera&quot;:&quot;NIKON D7100&quot;,&quot;caption&quot;:&quot;&quot;,&quot;created_timestamp&quot;:&quot;1436055605&quot;,&quot;copyright&quot;:&quot;&quot;,&quot;focal_length&quot;:&quot;50&quot;,&quot;iso&quot;:&quot;6400&quot;,&quot;shutter_speed&quot;:&quot;0.0125&quot;,&quot;title&quot;:&quot;&quot;,&quot;orientation&quot;:&quot;0&quot;}\" data-image-title=\"C\u00e9sar Otero NOCT2015 (2)\" data-image-description=\"\" data-image-caption=\"&lt;p&gt;Bambalina Teatre. FOTO: C\u00c9SAR OTERO&lt;\/p&gt;\n\" data-large-file=\"https:\/\/i0.wp.com\/www.noctivagos.com\/wp-content\/uploads\/2015\/08\/C%C3%A9sar-Otero-NOCT2015-2.jpg?fit=1024%2C683&amp;ssl=1\" \/><\/a>\n\t\t\t<\/div>\n\t\t\t\t<figcaption class='wp-caption-text gallery-caption' id='gallery-1-1138'>\n\t\t\t\tBambalina Teatre. FOTO: C\u00c9SAR OTERO\n\t\t\t\t<\/figcaption><\/figure><figure class='gallery-item'>\n\t\t\t<div class='gallery-icon landscape'>\n\t\t\t\t<a href=\"https:\/\/i0.wp.com\/www.noctivagos.com\/wp-content\/uploads\/2015\/08\/C%C3%A9sar-Otero-NOCT2015-10.jpg?ssl=1\"><img loading=\"lazy\" decoding=\"async\" width=\"950\" height=\"634\" src=\"https:\/\/i0.wp.com\/www.noctivagos.com\/wp-content\/uploads\/2015\/08\/C%C3%A9sar-Otero-NOCT2015-10.jpg?fit=950%2C634&amp;ssl=1\" class=\"attachment-full size-full\" alt=\"\" aria-describedby=\"gallery-1-1147\" data-attachment-id=\"1147\" data-permalink=\"https:\/\/www.noctivagos.com\/?attachment_id=1147\" data-orig-file=\"https:\/\/i0.wp.com\/www.noctivagos.com\/wp-content\/uploads\/2015\/08\/C%C3%A9sar-Otero-NOCT2015-10.jpg?fit=950%2C634&amp;ssl=1\" data-orig-size=\"950,634\" data-comments-opened=\"1\" data-image-meta=\"{&quot;aperture&quot;:&quot;0&quot;,&quot;credit&quot;:&quot;Picasa&quot;,&quot;camera&quot;:&quot;&quot;,&quot;caption&quot;:&quot;&quot;,&quot;created_timestamp&quot;:&quot;1435971037&quot;,&quot;copyright&quot;:&quot;&quot;,&quot;focal_length&quot;:&quot;0&quot;,&quot;iso&quot;:&quot;0&quot;,&quot;shutter_speed&quot;:&quot;0&quot;,&quot;title&quot;:&quot;&quot;,&quot;orientation&quot;:&quot;0&quot;}\" data-image-title=\"C\u00e9sar Otero NOCT2015 (10)\" data-image-description=\"\" data-image-caption=\"&lt;p&gt;El Perro Azul Teatro. FOTO: C\u00c9SAR OTERO&lt;\/p&gt;\n\" data-large-file=\"https:\/\/i0.wp.com\/www.noctivagos.com\/wp-content\/uploads\/2015\/08\/C%C3%A9sar-Otero-NOCT2015-10.jpg?fit=950%2C634&amp;ssl=1\" \/><\/a>\n\t\t\t<\/div>\n\t\t\t\t<figcaption class='wp-caption-text gallery-caption' id='gallery-1-1147'>\n\t\t\t\tEl Perro Azul Teatro. FOTO: C\u00c9SAR OTERO\n\t\t\t\t<\/figcaption><\/figure><figure class='gallery-item'>\n\t\t\t<div class='gallery-icon landscape'>\n\t\t\t\t<a href=\"https:\/\/i0.wp.com\/www.noctivagos.com\/wp-content\/uploads\/2015\/08\/Javier-Diaz-NOCT2015-6.jpg?ssl=1\"><img loading=\"lazy\" decoding=\"async\" width=\"1024\" height=\"679\" src=\"https:\/\/i0.wp.com\/www.noctivagos.com\/wp-content\/uploads\/2015\/08\/Javier-Diaz-NOCT2015-6.jpg?fit=1024%2C679&amp;ssl=1\" class=\"attachment-full size-full\" alt=\"Noctivagos - Oropesa - Superheroe\" aria-describedby=\"gallery-1-1194\" srcset=\"https:\/\/i0.wp.com\/www.noctivagos.com\/wp-content\/uploads\/2015\/08\/Javier-Diaz-NOCT2015-6.jpg?w=1024&amp;ssl=1 1024w, https:\/\/i0.wp.com\/www.noctivagos.com\/wp-content\/uploads\/2015\/08\/Javier-Diaz-NOCT2015-6.jpg?resize=150%2C99&amp;ssl=1 150w, https:\/\/i0.wp.com\/www.noctivagos.com\/wp-content\/uploads\/2015\/08\/Javier-Diaz-NOCT2015-6.jpg?resize=300%2C199&amp;ssl=1 300w\" sizes=\"auto, (max-width: 1000px) 100vw, 1000px\" data-attachment-id=\"1194\" data-permalink=\"https:\/\/www.noctivagos.com\/?attachment_id=1194\" data-orig-file=\"https:\/\/i0.wp.com\/www.noctivagos.com\/wp-content\/uploads\/2015\/08\/Javier-Diaz-NOCT2015-6.jpg?fit=1024%2C679&amp;ssl=1\" data-orig-size=\"1024,679\" data-comments-opened=\"1\" data-image-meta=\"{&quot;aperture&quot;:&quot;5.3&quot;,&quot;credit&quot;:&quot;Picasa&quot;,&quot;camera&quot;:&quot;NIKON D40&quot;,&quot;caption&quot;:&quot;&quot;,&quot;created_timestamp&quot;:&quot;1435977819&quot;,&quot;copyright&quot;:&quot;&quot;,&quot;focal_length&quot;:&quot;145&quot;,&quot;iso&quot;:&quot;1600&quot;,&quot;shutter_speed&quot;:&quot;0.016666666666667&quot;,&quot;title&quot;:&quot;&quot;,&quot;orientation&quot;:&quot;0&quot;}\" data-image-title=\"Javier Diaz NOCT2015 (6)\" data-image-description=\"\" data-image-caption=\"&lt;p&gt;El Perro Azul Teatro. FOTO: JAVIER D\u00cdAZ BARRADO&lt;\/p&gt;\n\" data-large-file=\"https:\/\/i0.wp.com\/www.noctivagos.com\/wp-content\/uploads\/2015\/08\/Javier-Diaz-NOCT2015-6.jpg?fit=1024%2C679&amp;ssl=1\" \/><\/a>\n\t\t\t<\/div>\n\t\t\t\t<figcaption class='wp-caption-text gallery-caption' id='gallery-1-1194'>\n\t\t\t\tEl Perro Azul Teatro. FOTO: JAVIER D\u00cdAZ BARRADO\n\t\t\t\t<\/figcaption><\/figure><figure class='gallery-item'>\n\t\t\t<div class='gallery-icon landscape'>\n\t\t\t\t<a href=\"https:\/\/i0.wp.com\/www.noctivagos.com\/wp-content\/uploads\/2015\/08\/C%C3%A9sar-Otero-NOCTIV2015-5.jpg?ssl=1\"><img loading=\"lazy\" decoding=\"async\" width=\"1024\" height=\"683\" src=\"https:\/\/i0.wp.com\/www.noctivagos.com\/wp-content\/uploads\/2015\/08\/C%C3%A9sar-Otero-NOCTIV2015-5.jpg?fit=1024%2C683&amp;ssl=1\" class=\"attachment-full size-full\" alt=\"Noctivagos - Oropesa - LAminimAL\" aria-describedby=\"gallery-1-1165\" data-attachment-id=\"1165\" data-permalink=\"https:\/\/www.noctivagos.com\/?attachment_id=1165\" data-orig-file=\"https:\/\/i0.wp.com\/www.noctivagos.com\/wp-content\/uploads\/2015\/08\/C%C3%A9sar-Otero-NOCTIV2015-5.jpg?fit=1024%2C683&amp;ssl=1\" data-orig-size=\"1024,683\" data-comments-opened=\"1\" data-image-meta=\"{&quot;aperture&quot;:&quot;0&quot;,&quot;credit&quot;:&quot;Picasa&quot;,&quot;camera&quot;:&quot;&quot;,&quot;caption&quot;:&quot;&quot;,&quot;created_timestamp&quot;:&quot;1436061006&quot;,&quot;copyright&quot;:&quot;&quot;,&quot;focal_length&quot;:&quot;0&quot;,&quot;iso&quot;:&quot;0&quot;,&quot;shutter_speed&quot;:&quot;0&quot;,&quot;title&quot;:&quot;&quot;,&quot;orientation&quot;:&quot;0&quot;}\" data-image-title=\"C\u00e9sar Otero NOCTIV2015 (5)\" data-image-description=\"\" data-image-caption=\"&lt;p&gt;LAminimAL Teatre. FOTO: C\u00c9SAR OTERO&lt;\/p&gt;\n\" data-large-file=\"https:\/\/i0.wp.com\/www.noctivagos.com\/wp-content\/uploads\/2015\/08\/C%C3%A9sar-Otero-NOCTIV2015-5.jpg?fit=1024%2C683&amp;ssl=1\" \/><\/a>\n\t\t\t<\/div>\n\t\t\t\t<figcaption class='wp-caption-text gallery-caption' id='gallery-1-1165'>\n\t\t\t\tLAminimAL Teatre. FOTO: C\u00c9SAR OTERO\n\t\t\t\t<\/figcaption><\/figure><figure class='gallery-item'>\n\t\t\t<div class='gallery-icon landscape'>\n\t\t\t\t<a href=\"https:\/\/i0.wp.com\/www.noctivagos.com\/wp-content\/uploads\/2015\/08\/Juan-Piombo-NOCT2015-9.jpg?ssl=1\"><img loading=\"lazy\" decoding=\"async\" width=\"1024\" height=\"679\" src=\"https:\/\/i0.wp.com\/www.noctivagos.com\/wp-content\/uploads\/2015\/08\/Juan-Piombo-NOCT2015-9.jpg?fit=1024%2C679&amp;ssl=1\" class=\"attachment-full size-full\" alt=\"Noctivagos - Premios\" aria-describedby=\"gallery-1-1226\" srcset=\"https:\/\/i0.wp.com\/www.noctivagos.com\/wp-content\/uploads\/2015\/08\/Juan-Piombo-NOCT2015-9.jpg?w=1024&amp;ssl=1 1024w, https:\/\/i0.wp.com\/www.noctivagos.com\/wp-content\/uploads\/2015\/08\/Juan-Piombo-NOCT2015-9.jpg?resize=150%2C99&amp;ssl=1 150w, https:\/\/i0.wp.com\/www.noctivagos.com\/wp-content\/uploads\/2015\/08\/Juan-Piombo-NOCT2015-9.jpg?resize=300%2C199&amp;ssl=1 300w\" sizes=\"auto, (max-width: 1000px) 100vw, 1000px\" data-attachment-id=\"1226\" data-permalink=\"https:\/\/www.noctivagos.com\/?attachment_id=1226\" data-orig-file=\"https:\/\/i0.wp.com\/www.noctivagos.com\/wp-content\/uploads\/2015\/08\/Juan-Piombo-NOCT2015-9.jpg?fit=1024%2C679&amp;ssl=1\" data-orig-size=\"1024,679\" data-comments-opened=\"1\" data-image-meta=\"{&quot;aperture&quot;:&quot;5.3&quot;,&quot;credit&quot;:&quot;Picasa&quot;,&quot;camera&quot;:&quot;NIKON D40&quot;,&quot;caption&quot;:&quot;&quot;,&quot;created_timestamp&quot;:&quot;1436103277&quot;,&quot;copyright&quot;:&quot;&quot;,&quot;focal_length&quot;:&quot;42&quot;,&quot;iso&quot;:&quot;1100&quot;,&quot;shutter_speed&quot;:&quot;0.016666666666667&quot;,&quot;title&quot;:&quot;&quot;,&quot;orientation&quot;:&quot;0&quot;}\" data-image-title=\"Juan Piombo NOCT2015 (9)\" data-image-description=\"\" data-image-caption=\"&lt;p&gt;Premios Colaboradores &amp;#8211; Coral. FOTO: JUAN PIOMBO&lt;\/p&gt;\n\" data-large-file=\"https:\/\/i0.wp.com\/www.noctivagos.com\/wp-content\/uploads\/2015\/08\/Juan-Piombo-NOCT2015-9.jpg?fit=1024%2C679&amp;ssl=1\" \/><\/a>\n\t\t\t<\/div>\n\t\t\t\t<figcaption class='wp-caption-text gallery-caption' id='gallery-1-1226'>\n\t\t\t\tPremios Colaboradores &#8211; Coral. FOTO: JUAN PIOMBO\n\t\t\t\t<\/figcaption><\/figure><figure class='gallery-item'>\n\t\t\t<div class='gallery-icon landscape'>\n\t\t\t\t<a href=\"https:\/\/i0.wp.com\/www.noctivagos.com\/wp-content\/uploads\/2015\/08\/Juan-Piombo-NOCT2015-7.jpg?ssl=1\"><img loading=\"lazy\" decoding=\"async\" width=\"1024\" height=\"679\" src=\"https:\/\/i0.wp.com\/www.noctivagos.com\/wp-content\/uploads\/2015\/08\/Juan-Piombo-NOCT2015-7.jpg?fit=1024%2C679&amp;ssl=1\" class=\"attachment-full size-full\" alt=\"Noctivagos - Premios\" aria-describedby=\"gallery-1-1224\" srcset=\"https:\/\/i0.wp.com\/www.noctivagos.com\/wp-content\/uploads\/2015\/08\/Juan-Piombo-NOCT2015-7.jpg?w=1024&amp;ssl=1 1024w, https:\/\/i0.wp.com\/www.noctivagos.com\/wp-content\/uploads\/2015\/08\/Juan-Piombo-NOCT2015-7.jpg?resize=150%2C99&amp;ssl=1 150w, https:\/\/i0.wp.com\/www.noctivagos.com\/wp-content\/uploads\/2015\/08\/Juan-Piombo-NOCT2015-7.jpg?resize=300%2C199&amp;ssl=1 300w\" sizes=\"auto, (max-width: 1000px) 100vw, 1000px\" data-attachment-id=\"1224\" data-permalink=\"https:\/\/www.noctivagos.com\/?attachment_id=1224\" data-orig-file=\"https:\/\/i0.wp.com\/www.noctivagos.com\/wp-content\/uploads\/2015\/08\/Juan-Piombo-NOCT2015-7.jpg?fit=1024%2C679&amp;ssl=1\" data-orig-size=\"1024,679\" data-comments-opened=\"1\" data-image-meta=\"{&quot;aperture&quot;:&quot;4.5&quot;,&quot;credit&quot;:&quot;Picasa&quot;,&quot;camera&quot;:&quot;NIKON D40&quot;,&quot;caption&quot;:&quot;&quot;,&quot;created_timestamp&quot;:&quot;1436103486&quot;,&quot;copyright&quot;:&quot;&quot;,&quot;focal_length&quot;:&quot;32&quot;,&quot;iso&quot;:&quot;500&quot;,&quot;shutter_speed&quot;:&quot;0.016666666666667&quot;,&quot;title&quot;:&quot;&quot;,&quot;orientation&quot;:&quot;0&quot;}\" data-image-title=\"Juan Piombo NOCT2015 (7)\" data-image-description=\"\" data-image-caption=\"&lt;p&gt;Premio Mejor Actor. FOTO: JUAN PIOMBO&lt;\/p&gt;\n\" data-large-file=\"https:\/\/i0.wp.com\/www.noctivagos.com\/wp-content\/uploads\/2015\/08\/Juan-Piombo-NOCT2015-7.jpg?fit=1024%2C679&amp;ssl=1\" \/><\/a>\n\t\t\t<\/div>\n\t\t\t\t<figcaption class='wp-caption-text gallery-caption' id='gallery-1-1224'>\n\t\t\t\tPremio Mejor Actor. FOTO: JUAN PIOMBO\n\t\t\t\t<\/figcaption><\/figure><figure class='gallery-item'>\n\t\t\t<div class='gallery-icon landscape'>\n\t\t\t\t<a href=\"https:\/\/i0.wp.com\/www.noctivagos.com\/wp-content\/uploads\/2015\/08\/Javier-Diaz-NOCT2015-2.jpg?ssl=1\"><img loading=\"lazy\" decoding=\"async\" width=\"1024\" height=\"679\" src=\"https:\/\/i0.wp.com\/www.noctivagos.com\/wp-content\/uploads\/2015\/08\/Javier-Diaz-NOCT2015-2.jpg?fit=1024%2C679&amp;ssl=1\" class=\"attachment-full size-full\" alt=\"Noctivagos - Oropesa - Noche de Bufones\" aria-describedby=\"gallery-1-1190\" srcset=\"https:\/\/i0.wp.com\/www.noctivagos.com\/wp-content\/uploads\/2015\/08\/Javier-Diaz-NOCT2015-2.jpg?w=1024&amp;ssl=1 1024w, https:\/\/i0.wp.com\/www.noctivagos.com\/wp-content\/uploads\/2015\/08\/Javier-Diaz-NOCT2015-2.jpg?resize=150%2C99&amp;ssl=1 150w, https:\/\/i0.wp.com\/www.noctivagos.com\/wp-content\/uploads\/2015\/08\/Javier-Diaz-NOCT2015-2.jpg?resize=300%2C199&amp;ssl=1 300w\" sizes=\"auto, (max-width: 1000px) 100vw, 1000px\" data-attachment-id=\"1190\" data-permalink=\"https:\/\/www.noctivagos.com\/?attachment_id=1190\" data-orig-file=\"https:\/\/i0.wp.com\/www.noctivagos.com\/wp-content\/uploads\/2015\/08\/Javier-Diaz-NOCT2015-2.jpg?fit=1024%2C679&amp;ssl=1\" data-orig-size=\"1024,679\" data-comments-opened=\"1\" data-image-meta=\"{&quot;aperture&quot;:&quot;5.3&quot;,&quot;credit&quot;:&quot;Picasa&quot;,&quot;camera&quot;:&quot;NIKON D40&quot;,&quot;caption&quot;:&quot;&quot;,&quot;created_timestamp&quot;:&quot;1435968359&quot;,&quot;copyright&quot;:&quot;&quot;,&quot;focal_length&quot;:&quot;160&quot;,&quot;iso&quot;:&quot;1600&quot;,&quot;shutter_speed&quot;:&quot;0.016666666666667&quot;,&quot;title&quot;:&quot;&quot;,&quot;orientation&quot;:&quot;0&quot;}\" data-image-title=\"Javier Diaz NOCT2015 (2)\" data-image-description=\"\" data-image-caption=\"&lt;p&gt;C\u00eda Reymala. FOTO: JAVIER D\u00cdAZ BARRADO&lt;\/p&gt;\n\" data-large-file=\"https:\/\/i0.wp.com\/www.noctivagos.com\/wp-content\/uploads\/2015\/08\/Javier-Diaz-NOCT2015-2.jpg?fit=1024%2C679&amp;ssl=1\" \/><\/a>\n\t\t\t<\/div>\n\t\t\t\t<figcaption class='wp-caption-text gallery-caption' id='gallery-1-1190'>\n\t\t\t\tC\u00eda Reymala. FOTO: JAVIER D\u00cdAZ BARRADO\n\t\t\t\t<\/figcaption><\/figure><figure class='gallery-item'>\n\t\t\t<div class='gallery-icon landscape'>\n\t\t\t\t<a href=\"https:\/\/i0.wp.com\/www.noctivagos.com\/wp-content\/uploads\/2015\/08\/C%C3%A9sar-Otero-NOCT2015-20.jpg?ssl=1\"><img loading=\"lazy\" decoding=\"async\" width=\"1024\" height=\"683\" src=\"https:\/\/i0.wp.com\/www.noctivagos.com\/wp-content\/uploads\/2015\/08\/C%C3%A9sar-Otero-NOCT2015-20.jpg?fit=1024%2C683&amp;ssl=1\" class=\"attachment-full size-full\" alt=\"Noctivagos - Oropesa - La Estatua\" aria-describedby=\"gallery-1-1157\" data-attachment-id=\"1157\" data-permalink=\"https:\/\/www.noctivagos.com\/?attachment_id=1157\" data-orig-file=\"https:\/\/i0.wp.com\/www.noctivagos.com\/wp-content\/uploads\/2015\/08\/C%C3%A9sar-Otero-NOCT2015-20.jpg?fit=1024%2C683&amp;ssl=1\" data-orig-size=\"1024,683\" data-comments-opened=\"1\" data-image-meta=\"{&quot;aperture&quot;:&quot;2.8&quot;,&quot;credit&quot;:&quot;Picasa&quot;,&quot;camera&quot;:&quot;NIKON D7100&quot;,&quot;caption&quot;:&quot;&quot;,&quot;created_timestamp&quot;:&quot;1436012589&quot;,&quot;copyright&quot;:&quot;&quot;,&quot;focal_length&quot;:&quot;36&quot;,&quot;iso&quot;:&quot;100&quot;,&quot;shutter_speed&quot;:&quot;0.0005&quot;,&quot;title&quot;:&quot;&quot;,&quot;orientation&quot;:&quot;0&quot;}\" data-image-title=\"C\u00e9sar Otero NOCT2015 (20)\" data-image-description=\"\" data-image-caption=\"&lt;p&gt;Teatro El Navarro. FOTO: C\u00c9SAR OTERO&lt;\/p&gt;\n\" data-large-file=\"https:\/\/i0.wp.com\/www.noctivagos.com\/wp-content\/uploads\/2015\/08\/C%C3%A9sar-Otero-NOCT2015-20.jpg?fit=1024%2C683&amp;ssl=1\" \/><\/a>\n\t\t\t<\/div>\n\t\t\t\t<figcaption class='wp-caption-text gallery-caption' id='gallery-1-1157'>\n\t\t\t\tTeatro El Navarro. FOTO: C\u00c9SAR OTERO\n\t\t\t\t<\/figcaption><\/figure><figure class='gallery-item'>\n\t\t\t<div class='gallery-icon landscape'>\n\t\t\t\t<a href=\"https:\/\/i0.wp.com\/www.noctivagos.com\/wp-content\/uploads\/2015\/08\/Javier-Diaz-NOCT2015-11.jpg?ssl=1\"><img loading=\"lazy\" decoding=\"async\" width=\"1024\" height=\"679\" src=\"https:\/\/i0.wp.com\/www.noctivagos.com\/wp-content\/uploads\/2015\/08\/Javier-Diaz-NOCT2015-11.jpg?fit=1024%2C679&amp;ssl=1\" class=\"attachment-full size-full\" alt=\"Noctivagos - Oropesa - D&#039;Click\" aria-describedby=\"gallery-1-1199\" srcset=\"https:\/\/i0.wp.com\/www.noctivagos.com\/wp-content\/uploads\/2015\/08\/Javier-Diaz-NOCT2015-11.jpg?w=1024&amp;ssl=1 1024w, https:\/\/i0.wp.com\/www.noctivagos.com\/wp-content\/uploads\/2015\/08\/Javier-Diaz-NOCT2015-11.jpg?resize=150%2C99&amp;ssl=1 150w, https:\/\/i0.wp.com\/www.noctivagos.com\/wp-content\/uploads\/2015\/08\/Javier-Diaz-NOCT2015-11.jpg?resize=300%2C199&amp;ssl=1 300w\" sizes=\"auto, (max-width: 1000px) 100vw, 1000px\" data-attachment-id=\"1199\" data-permalink=\"https:\/\/www.noctivagos.com\/?attachment_id=1199\" data-orig-file=\"https:\/\/i0.wp.com\/www.noctivagos.com\/wp-content\/uploads\/2015\/08\/Javier-Diaz-NOCT2015-11.jpg?fit=1024%2C679&amp;ssl=1\" data-orig-size=\"1024,679\" data-comments-opened=\"1\" data-image-meta=\"{&quot;aperture&quot;:&quot;4&quot;,&quot;credit&quot;:&quot;Picasa&quot;,&quot;camera&quot;:&quot;NIKON D40&quot;,&quot;caption&quot;:&quot;&quot;,&quot;created_timestamp&quot;:&quot;1435974948&quot;,&quot;copyright&quot;:&quot;&quot;,&quot;focal_length&quot;:&quot;18&quot;,&quot;iso&quot;:&quot;1600&quot;,&quot;shutter_speed&quot;:&quot;0.016666666666667&quot;,&quot;title&quot;:&quot;&quot;,&quot;orientation&quot;:&quot;0&quot;}\" data-image-title=\"Javier Diaz NOCT2015 (11)\" data-image-description=\"\" data-image-caption=\"&lt;p&gt;C\u00eda D&amp;#8217;Click. FOTO: JAVIER D\u00cdAZ BARRADO&lt;\/p&gt;\n\" data-large-file=\"https:\/\/i0.wp.com\/www.noctivagos.com\/wp-content\/uploads\/2015\/08\/Javier-Diaz-NOCT2015-11.jpg?fit=1024%2C679&amp;ssl=1\" \/><\/a>\n\t\t\t<\/div>\n\t\t\t\t<figcaption class='wp-caption-text gallery-caption' id='gallery-1-1199'>\n\t\t\t\tC\u00eda D&#8217;Click. FOTO: JAVIER D\u00cdAZ BARRADO\n\t\t\t\t<\/figcaption><\/figure><figure class='gallery-item'>\n\t\t\t<div class='gallery-icon landscape'>\n\t\t\t\t<a href=\"https:\/\/i0.wp.com\/www.noctivagos.com\/wp-content\/uploads\/2015\/08\/C%C3%A9sar-Otero-NOCT2015-1.jpg?ssl=1\"><img loading=\"lazy\" decoding=\"async\" width=\"1024\" height=\"683\" src=\"https:\/\/i0.wp.com\/www.noctivagos.com\/wp-content\/uploads\/2015\/08\/C%C3%A9sar-Otero-NOCT2015-1.jpg?fit=1024%2C683&amp;ssl=1\" class=\"attachment-full size-full\" alt=\"\" aria-describedby=\"gallery-1-1137\" data-attachment-id=\"1137\" data-permalink=\"https:\/\/www.noctivagos.com\/?attachment_id=1137\" data-orig-file=\"https:\/\/i0.wp.com\/www.noctivagos.com\/wp-content\/uploads\/2015\/08\/C%C3%A9sar-Otero-NOCT2015-1.jpg?fit=1024%2C683&amp;ssl=1\" data-orig-size=\"1024,683\" data-comments-opened=\"1\" data-image-meta=\"{&quot;aperture&quot;:&quot;2.8&quot;,&quot;credit&quot;:&quot;Picasa&quot;,&quot;camera&quot;:&quot;NIKON D7100&quot;,&quot;caption&quot;:&quot;&quot;,&quot;created_timestamp&quot;:&quot;1436055006&quot;,&quot;copyright&quot;:&quot;&quot;,&quot;focal_length&quot;:&quot;50&quot;,&quot;iso&quot;:&quot;6400&quot;,&quot;shutter_speed&quot;:&quot;0.0125&quot;,&quot;title&quot;:&quot;&quot;,&quot;orientation&quot;:&quot;0&quot;}\" data-image-title=\"C\u00e9sar Otero NOCT2015 (1)\" data-image-description=\"\" data-image-caption=\"&lt;p&gt;Bambalina Teatre. FOTO: C\u00c9SAR OTERO&lt;\/p&gt;\n\" data-large-file=\"https:\/\/i0.wp.com\/www.noctivagos.com\/wp-content\/uploads\/2015\/08\/C%C3%A9sar-Otero-NOCT2015-1.jpg?fit=1024%2C683&amp;ssl=1\" \/><\/a>\n\t\t\t<\/div>\n\t\t\t\t<figcaption class='wp-caption-text gallery-caption' id='gallery-1-1137'>\n\t\t\t\tBambalina Teatre. FOTO: C\u00c9SAR OTERO\n\t\t\t\t<\/figcaption><\/figure><figure class='gallery-item'>\n\t\t\t<div class='gallery-icon landscape'>\n\t\t\t\t<a href=\"https:\/\/i0.wp.com\/www.noctivagos.com\/wp-content\/uploads\/2015\/08\/C%C3%A9sar-Otero-NOCTIV2015-21.jpg?ssl=1\"><img loading=\"lazy\" decoding=\"async\" width=\"1024\" height=\"683\" src=\"https:\/\/i0.wp.com\/www.noctivagos.com\/wp-content\/uploads\/2015\/08\/C%C3%A9sar-Otero-NOCTIV2015-21.jpg?fit=1024%2C683&amp;ssl=1\" class=\"attachment-full size-full\" alt=\"Noctivagos - Oropesa - D&#039;Click\" aria-describedby=\"gallery-1-1182\" data-attachment-id=\"1182\" data-permalink=\"https:\/\/www.noctivagos.com\/?attachment_id=1182\" data-orig-file=\"https:\/\/i0.wp.com\/www.noctivagos.com\/wp-content\/uploads\/2015\/08\/C%C3%A9sar-Otero-NOCTIV2015-21.jpg?fit=1024%2C683&amp;ssl=1\" data-orig-size=\"1024,683\" data-comments-opened=\"1\" data-image-meta=\"{&quot;aperture&quot;:&quot;0&quot;,&quot;credit&quot;:&quot;Picasa&quot;,&quot;camera&quot;:&quot;&quot;,&quot;caption&quot;:&quot;&quot;,&quot;created_timestamp&quot;:&quot;1435966443&quot;,&quot;copyright&quot;:&quot;&quot;,&quot;focal_length&quot;:&quot;0&quot;,&quot;iso&quot;:&quot;0&quot;,&quot;shutter_speed&quot;:&quot;0&quot;,&quot;title&quot;:&quot;&quot;,&quot;orientation&quot;:&quot;0&quot;}\" data-image-title=\"C\u00e9sar Otero NOCTIV2015 (21)\" data-image-description=\"\" data-image-caption=\"&lt;p&gt;C\u00eda D&amp;#8217;Click. FOTO: C\u00c9SAR OTERO&lt;\/p&gt;\n\" data-large-file=\"https:\/\/i0.wp.com\/www.noctivagos.com\/wp-content\/uploads\/2015\/08\/C%C3%A9sar-Otero-NOCTIV2015-21.jpg?fit=1024%2C683&amp;ssl=1\" \/><\/a>\n\t\t\t<\/div>\n\t\t\t\t<figcaption class='wp-caption-text gallery-caption' id='gallery-1-1182'>\n\t\t\t\tC\u00eda D&#8217;Click. FOTO: C\u00c9SAR OTERO\n\t\t\t\t<\/figcaption><\/figure><figure class='gallery-item'>\n\t\t\t<div class='gallery-icon portrait'>\n\t\t\t\t<a href=\"https:\/\/i0.wp.com\/www.noctivagos.com\/wp-content\/uploads\/2015\/08\/Juan-Carlos-NOCT2015-15.jpg?ssl=1\"><img loading=\"lazy\" decoding=\"async\" width=\"683\" height=\"1024\" src=\"https:\/\/i0.wp.com\/www.noctivagos.com\/wp-content\/uploads\/2015\/08\/Juan-Carlos-NOCT2015-15.jpg?fit=683%2C1024&amp;ssl=1\" class=\"attachment-full size-full\" alt=\"Noctivagos - Oropesa - Quijote\" aria-describedby=\"gallery-1-1214\" srcset=\"https:\/\/i0.wp.com\/www.noctivagos.com\/wp-content\/uploads\/2015\/08\/Juan-Carlos-NOCT2015-15.jpg?w=683&amp;ssl=1 683w, https:\/\/i0.wp.com\/www.noctivagos.com\/wp-content\/uploads\/2015\/08\/Juan-Carlos-NOCT2015-15.jpg?resize=100%2C150&amp;ssl=1 100w, https:\/\/i0.wp.com\/www.noctivagos.com\/wp-content\/uploads\/2015\/08\/Juan-Carlos-NOCT2015-15.jpg?resize=200%2C300&amp;ssl=1 200w\" sizes=\"auto, (max-width: 683px) 100vw, 683px\" data-attachment-id=\"1214\" data-permalink=\"https:\/\/www.noctivagos.com\/?attachment_id=1214\" data-orig-file=\"https:\/\/i0.wp.com\/www.noctivagos.com\/wp-content\/uploads\/2015\/08\/Juan-Carlos-NOCT2015-15.jpg?fit=683%2C1024&amp;ssl=1\" data-orig-size=\"683,1024\" data-comments-opened=\"1\" data-image-meta=\"{&quot;aperture&quot;:&quot;5.6&quot;,&quot;credit&quot;:&quot;Picasa&quot;,&quot;camera&quot;:&quot;Canon EOS 600D&quot;,&quot;caption&quot;:&quot;&quot;,&quot;created_timestamp&quot;:&quot;1404506359&quot;,&quot;copyright&quot;:&quot;&quot;,&quot;focal_length&quot;:&quot;300&quot;,&quot;iso&quot;:&quot;400&quot;,&quot;shutter_speed&quot;:&quot;0.016666666666667&quot;,&quot;title&quot;:&quot;&quot;,&quot;orientation&quot;:&quot;0&quot;}\" data-image-title=\"Juan Carlos NOCT2015 (15)\" data-image-description=\"\" data-image-caption=\"&lt;p&gt;Bambalina Teatre. FOTO: JUAN CARLOS GARC\u00cdA CORROCHANO&lt;\/p&gt;\n\" data-large-file=\"https:\/\/i0.wp.com\/www.noctivagos.com\/wp-content\/uploads\/2015\/08\/Juan-Carlos-NOCT2015-15.jpg?fit=683%2C1024&amp;ssl=1\" \/><\/a>\n\t\t\t<\/div>\n\t\t\t\t<figcaption class='wp-caption-text gallery-caption' id='gallery-1-1214'>\n\t\t\t\tBambalina Teatre. FOTO: JUAN CARLOS GARC\u00cdA CORROCHANO\n\t\t\t\t<\/figcaption><\/figure><figure class='gallery-item'>\n\t\t\t<div class='gallery-icon landscape'>\n\t\t\t\t<a href=\"https:\/\/i0.wp.com\/www.noctivagos.com\/wp-content\/uploads\/2015\/08\/C%C3%A9sar-Otero-NOCTIV2015-2.jpg?ssl=1\"><img loading=\"lazy\" decoding=\"async\" width=\"1024\" height=\"683\" src=\"https:\/\/i0.wp.com\/www.noctivagos.com\/wp-content\/uploads\/2015\/08\/C%C3%A9sar-Otero-NOCTIV2015-2.jpg?fit=1024%2C683&amp;ssl=1\" class=\"attachment-full size-full\" alt=\"Noctivagos - Oropesa - Torito Bravo\" aria-describedby=\"gallery-1-1162\" data-attachment-id=\"1162\" data-permalink=\"https:\/\/www.noctivagos.com\/?attachment_id=1162\" data-orig-file=\"https:\/\/i0.wp.com\/www.noctivagos.com\/wp-content\/uploads\/2015\/08\/C%C3%A9sar-Otero-NOCTIV2015-2.jpg?fit=1024%2C683&amp;ssl=1\" data-orig-size=\"1024,683\" data-comments-opened=\"1\" data-image-meta=\"{&quot;aperture&quot;:&quot;0&quot;,&quot;credit&quot;:&quot;Picasa&quot;,&quot;camera&quot;:&quot;&quot;,&quot;caption&quot;:&quot;&quot;,&quot;created_timestamp&quot;:&quot;1436065824&quot;,&quot;copyright&quot;:&quot;&quot;,&quot;focal_length&quot;:&quot;0&quot;,&quot;iso&quot;:&quot;0&quot;,&quot;shutter_speed&quot;:&quot;0&quot;,&quot;title&quot;:&quot;&quot;,&quot;orientation&quot;:&quot;0&quot;}\" data-image-title=\"C\u00e9sar Otero NOCTIV2015 (2)\" data-image-description=\"\" data-image-caption=\"&lt;p&gt;El Duende Teatro. FOTO: C\u00c9SAR OTERO&lt;\/p&gt;\n\" data-large-file=\"https:\/\/i0.wp.com\/www.noctivagos.com\/wp-content\/uploads\/2015\/08\/C%C3%A9sar-Otero-NOCTIV2015-2.jpg?fit=1024%2C683&amp;ssl=1\" \/><\/a>\n\t\t\t<\/div>\n\t\t\t\t<figcaption class='wp-caption-text gallery-caption' id='gallery-1-1162'>\n\t\t\t\tEl Duende Teatro. FOTO: C\u00c9SAR OTERO\n\t\t\t\t<\/figcaption><\/figure><figure class='gallery-item'>\n\t\t\t<div class='gallery-icon landscape'>\n\t\t\t\t<a href=\"https:\/\/i0.wp.com\/www.noctivagos.com\/wp-content\/uploads\/2015\/08\/Juan-Carlos-NOCT2015-6.jpg?ssl=1\"><img loading=\"lazy\" decoding=\"async\" width=\"1024\" height=\"683\" src=\"https:\/\/i0.wp.com\/www.noctivagos.com\/wp-content\/uploads\/2015\/08\/Juan-Carlos-NOCT2015-6.jpg?fit=1024%2C683&amp;ssl=1\" class=\"attachment-full size-full\" alt=\"Noctivagos - Oropesa - Noche de Bufones\" aria-describedby=\"gallery-1-1205\" srcset=\"https:\/\/i0.wp.com\/www.noctivagos.com\/wp-content\/uploads\/2015\/08\/Juan-Carlos-NOCT2015-6.jpg?w=1024&amp;ssl=1 1024w, https:\/\/i0.wp.com\/www.noctivagos.com\/wp-content\/uploads\/2015\/08\/Juan-Carlos-NOCT2015-6.jpg?resize=150%2C100&amp;ssl=1 150w, https:\/\/i0.wp.com\/www.noctivagos.com\/wp-content\/uploads\/2015\/08\/Juan-Carlos-NOCT2015-6.jpg?resize=300%2C200&amp;ssl=1 300w\" sizes=\"auto, (max-width: 1000px) 100vw, 1000px\" data-attachment-id=\"1205\" data-permalink=\"https:\/\/www.noctivagos.com\/?attachment_id=1205\" data-orig-file=\"https:\/\/i0.wp.com\/www.noctivagos.com\/wp-content\/uploads\/2015\/08\/Juan-Carlos-NOCT2015-6.jpg?fit=1024%2C683&amp;ssl=1\" data-orig-size=\"1024,683\" data-comments-opened=\"1\" data-image-meta=\"{&quot;aperture&quot;:&quot;4.5&quot;,&quot;credit&quot;:&quot;Picasa&quot;,&quot;camera&quot;:&quot;Canon EOS 600D&quot;,&quot;caption&quot;:&quot;&quot;,&quot;created_timestamp&quot;:&quot;1404436390&quot;,&quot;copyright&quot;:&quot;&quot;,&quot;focal_length&quot;:&quot;105&quot;,&quot;iso&quot;:&quot;6400&quot;,&quot;shutter_speed&quot;:&quot;0.003125&quot;,&quot;title&quot;:&quot;&quot;,&quot;orientation&quot;:&quot;0&quot;}\" data-image-title=\"Juan Carlos NOCT2015 (6)\" data-image-description=\"\" data-image-caption=\"&lt;p&gt;Fuera de Foco Teatro. FOTO: JUAN CARLOS GARC\u00cdA CORROCHANO&lt;\/p&gt;\n\" data-large-file=\"https:\/\/i0.wp.com\/www.noctivagos.com\/wp-content\/uploads\/2015\/08\/Juan-Carlos-NOCT2015-6.jpg?fit=1024%2C683&amp;ssl=1\" \/><\/a>\n\t\t\t<\/div>\n\t\t\t\t<figcaption class='wp-caption-text gallery-caption' id='gallery-1-1205'>\n\t\t\t\tFuera de Foco Teatro. FOTO: JUAN CARLOS GARC\u00cdA CORROCHANO\n\t\t\t\t<\/figcaption><\/figure><figure class='gallery-item'>\n\t\t\t<div class='gallery-icon landscape'>\n\t\t\t\t<a href=\"https:\/\/i0.wp.com\/www.noctivagos.com\/wp-content\/uploads\/2015\/08\/C%C3%A9sar-Otero-NOCTIV2015-24.jpg?ssl=1\"><img loading=\"lazy\" decoding=\"async\" width=\"1024\" height=\"683\" src=\"https:\/\/i0.wp.com\/www.noctivagos.com\/wp-content\/uploads\/2015\/08\/C%C3%A9sar-Otero-NOCTIV2015-24.jpg?fit=1024%2C683&amp;ssl=1\" class=\"attachment-full size-full\" alt=\"Noctivagos - Oropesa - Noche de Bufones\" aria-describedby=\"gallery-1-1185\" data-attachment-id=\"1185\" data-permalink=\"https:\/\/www.noctivagos.com\/?attachment_id=1185\" data-orig-file=\"https:\/\/i0.wp.com\/www.noctivagos.com\/wp-content\/uploads\/2015\/08\/C%C3%A9sar-Otero-NOCTIV2015-24.jpg?fit=1024%2C683&amp;ssl=1\" data-orig-size=\"1024,683\" data-comments-opened=\"1\" data-image-meta=\"{&quot;aperture&quot;:&quot;0&quot;,&quot;credit&quot;:&quot;Picasa&quot;,&quot;camera&quot;:&quot;&quot;,&quot;caption&quot;:&quot;&quot;,&quot;created_timestamp&quot;:&quot;1435960277&quot;,&quot;copyright&quot;:&quot;&quot;,&quot;focal_length&quot;:&quot;0&quot;,&quot;iso&quot;:&quot;0&quot;,&quot;shutter_speed&quot;:&quot;0&quot;,&quot;title&quot;:&quot;&quot;,&quot;orientation&quot;:&quot;0&quot;}\" data-image-title=\"C\u00e9sar Otero NOCTIV2015 (24)\" data-image-description=\"\" data-image-caption=\"&lt;p&gt;C\u00eda Reymala. FOTO: C\u00c9SAR OTERO&lt;\/p&gt;\n\" data-large-file=\"https:\/\/i0.wp.com\/www.noctivagos.com\/wp-content\/uploads\/2015\/08\/C%C3%A9sar-Otero-NOCTIV2015-24.jpg?fit=1024%2C683&amp;ssl=1\" \/><\/a>\n\t\t\t<\/div>\n\t\t\t\t<figcaption class='wp-caption-text gallery-caption' id='gallery-1-1185'>\n\t\t\t\tC\u00eda Reymala. FOTO: C\u00c9SAR OTERO\n\t\t\t\t<\/figcaption><\/figure><figure class='gallery-item'>\n\t\t\t<div class='gallery-icon landscape'>\n\t\t\t\t<a href=\"https:\/\/i0.wp.com\/www.noctivagos.com\/wp-content\/uploads\/2015\/08\/C%C3%A9sar-Otero-NOCTIV2015-9.jpg?ssl=1\"><img loading=\"lazy\" decoding=\"async\" width=\"1024\" height=\"683\" src=\"https:\/\/i0.wp.com\/www.noctivagos.com\/wp-content\/uploads\/2015\/08\/C%C3%A9sar-Otero-NOCTIV2015-9.jpg?fit=1024%2C683&amp;ssl=1\" class=\"attachment-full size-full\" alt=\"Noctivagos - Oropesa - D\u00e9jame ser la sombra de tu perro\" aria-describedby=\"gallery-1-1169\" data-attachment-id=\"1169\" data-permalink=\"https:\/\/www.noctivagos.com\/?attachment_id=1169\" data-orig-file=\"https:\/\/i0.wp.com\/www.noctivagos.com\/wp-content\/uploads\/2015\/08\/C%C3%A9sar-Otero-NOCTIV2015-9.jpg?fit=1024%2C683&amp;ssl=1\" data-orig-size=\"1024,683\" data-comments-opened=\"1\" data-image-meta=\"{&quot;aperture&quot;:&quot;0&quot;,&quot;credit&quot;:&quot;Picasa&quot;,&quot;camera&quot;:&quot;&quot;,&quot;caption&quot;:&quot;&quot;,&quot;created_timestamp&quot;:&quot;1436049330&quot;,&quot;copyright&quot;:&quot;&quot;,&quot;focal_length&quot;:&quot;0&quot;,&quot;iso&quot;:&quot;0&quot;,&quot;shutter_speed&quot;:&quot;0&quot;,&quot;title&quot;:&quot;&quot;,&quot;orientation&quot;:&quot;0&quot;}\" data-image-title=\"C\u00e9sar Otero NOCTIV2015 (9)\" data-image-description=\"\" data-image-caption=\"&lt;p&gt;Asoc. Teatral Magistorias. FOTO: C\u00c9SAR OTERO&lt;\/p&gt;\n\" data-large-file=\"https:\/\/i0.wp.com\/www.noctivagos.com\/wp-content\/uploads\/2015\/08\/C%C3%A9sar-Otero-NOCTIV2015-9.jpg?fit=1024%2C683&amp;ssl=1\" \/><\/a>\n\t\t\t<\/div>\n\t\t\t\t<figcaption class='wp-caption-text gallery-caption' id='gallery-1-1169'>\n\t\t\t\tAsoc. Teatral Magistorias. FOTO: C\u00c9SAR OTERO\n\t\t\t\t<\/figcaption><\/figure><figure class='gallery-item'>\n\t\t\t<div class='gallery-icon landscape'>\n\t\t\t\t<a href=\"https:\/\/i0.wp.com\/www.noctivagos.com\/wp-content\/uploads\/2015\/08\/C%C3%A9sar-Otero-NOCTIV2015-26.jpg?ssl=1\"><img loading=\"lazy\" decoding=\"async\" width=\"1024\" height=\"684\" src=\"https:\/\/i0.wp.com\/www.noctivagos.com\/wp-content\/uploads\/2015\/08\/C%C3%A9sar-Otero-NOCTIV2015-26.jpg?fit=1024%2C684&amp;ssl=1\" class=\"attachment-full size-full\" alt=\"Noctivagos - Oropesa - Apertura\" aria-describedby=\"gallery-1-1187\" data-attachment-id=\"1187\" data-permalink=\"https:\/\/www.noctivagos.com\/?attachment_id=1187\" data-orig-file=\"https:\/\/i0.wp.com\/www.noctivagos.com\/wp-content\/uploads\/2015\/08\/C%C3%A9sar-Otero-NOCTIV2015-26.jpg?fit=1024%2C684&amp;ssl=1\" data-orig-size=\"1024,684\" data-comments-opened=\"1\" data-image-meta=\"{&quot;aperture&quot;:&quot;0&quot;,&quot;credit&quot;:&quot;Picasa&quot;,&quot;camera&quot;:&quot;&quot;,&quot;caption&quot;:&quot;&quot;,&quot;created_timestamp&quot;:&quot;1435955371&quot;,&quot;copyright&quot;:&quot;&quot;,&quot;focal_length&quot;:&quot;0&quot;,&quot;iso&quot;:&quot;0&quot;,&quot;shutter_speed&quot;:&quot;0&quot;,&quot;title&quot;:&quot;&quot;,&quot;orientation&quot;:&quot;0&quot;}\" data-image-title=\"C\u00e9sar Otero NOCTIV2015 (26)\" data-image-description=\"\" data-image-caption=\"&lt;p&gt;Apertura Certamen. FOTO: C\u00c9SAR OTERO&lt;\/p&gt;\n\" data-large-file=\"https:\/\/i0.wp.com\/www.noctivagos.com\/wp-content\/uploads\/2015\/08\/C%C3%A9sar-Otero-NOCTIV2015-26.jpg?fit=1024%2C684&amp;ssl=1\" \/><\/a>\n\t\t\t<\/div>\n\t\t\t\t<figcaption class='wp-caption-text gallery-caption' id='gallery-1-1187'>\n\t\t\t\tApertura Certamen. FOTO: C\u00c9SAR OTERO\n\t\t\t\t<\/figcaption><\/figure><figure class='gallery-item'>\n\t\t\t<div class='gallery-icon landscape'>\n\t\t\t\t<a href=\"https:\/\/i0.wp.com\/www.noctivagos.com\/wp-content\/uploads\/2015\/08\/C%C3%A9sar-Otero-NOCT2015-21.jpg?ssl=1\"><img loading=\"lazy\" decoding=\"async\" width=\"1024\" height=\"683\" src=\"https:\/\/i0.wp.com\/www.noctivagos.com\/wp-content\/uploads\/2015\/08\/C%C3%A9sar-Otero-NOCT2015-21.jpg?fit=1024%2C683&amp;ssl=1\" class=\"attachment-full size-full\" alt=\"Noctivagos - Oropesa - S\u00e1bado Ma\u00f1ana\" aria-describedby=\"gallery-1-1158\" data-attachment-id=\"1158\" data-permalink=\"https:\/\/www.noctivagos.com\/?attachment_id=1158\" data-orig-file=\"https:\/\/i0.wp.com\/www.noctivagos.com\/wp-content\/uploads\/2015\/08\/C%C3%A9sar-Otero-NOCT2015-21.jpg?fit=1024%2C683&amp;ssl=1\" data-orig-size=\"1024,683\" data-comments-opened=\"1\" data-image-meta=\"{&quot;aperture&quot;:&quot;2.8&quot;,&quot;credit&quot;:&quot;Picasa&quot;,&quot;camera&quot;:&quot;NIKON D7100&quot;,&quot;caption&quot;:&quot;&quot;,&quot;created_timestamp&quot;:&quot;1436013724&quot;,&quot;copyright&quot;:&quot;&quot;,&quot;focal_length&quot;:&quot;17&quot;,&quot;iso&quot;:&quot;100&quot;,&quot;shutter_speed&quot;:&quot;0.0004&quot;,&quot;title&quot;:&quot;&quot;,&quot;orientation&quot;:&quot;0&quot;}\" data-image-title=\"C\u00e9sar Otero NOCT2015 (21)\" data-image-description=\"\" data-image-caption=\"&lt;p&gt;Teatro El Navarro. FOTO: C\u00c9SAR OTERO&lt;\/p&gt;\n\" data-large-file=\"https:\/\/i0.wp.com\/www.noctivagos.com\/wp-content\/uploads\/2015\/08\/C%C3%A9sar-Otero-NOCT2015-21.jpg?fit=1024%2C683&amp;ssl=1\" \/><\/a>\n\t\t\t<\/div>\n\t\t\t\t<figcaption class='wp-caption-text gallery-caption' id='gallery-1-1158'>\n\t\t\t\tTeatro El Navarro. FOTO: C\u00c9SAR OTERO\n\t\t\t\t<\/figcaption><\/figure><figure class='gallery-item'>\n\t\t\t<div class='gallery-icon portrait'>\n\t\t\t\t<a href=\"https:\/\/i0.wp.com\/www.noctivagos.com\/wp-content\/uploads\/2015\/08\/Juan-Carlos-NOCT2015-3.jpg?ssl=1\"><img loading=\"lazy\" decoding=\"async\" width=\"683\" height=\"1024\" src=\"https:\/\/i0.wp.com\/www.noctivagos.com\/wp-content\/uploads\/2015\/08\/Juan-Carlos-NOCT2015-3.jpg?fit=683%2C1024&amp;ssl=1\" class=\"attachment-full size-full\" alt=\"Noctivagos - Oropesa - Noche de Bufones\" aria-describedby=\"gallery-1-1202\" srcset=\"https:\/\/i0.wp.com\/www.noctivagos.com\/wp-content\/uploads\/2015\/08\/Juan-Carlos-NOCT2015-3.jpg?w=683&amp;ssl=1 683w, https:\/\/i0.wp.com\/www.noctivagos.com\/wp-content\/uploads\/2015\/08\/Juan-Carlos-NOCT2015-3.jpg?resize=100%2C150&amp;ssl=1 100w, https:\/\/i0.wp.com\/www.noctivagos.com\/wp-content\/uploads\/2015\/08\/Juan-Carlos-NOCT2015-3.jpg?resize=200%2C300&amp;ssl=1 200w\" sizes=\"auto, (max-width: 683px) 100vw, 683px\" data-attachment-id=\"1202\" data-permalink=\"https:\/\/www.noctivagos.com\/?attachment_id=1202\" data-orig-file=\"https:\/\/i0.wp.com\/www.noctivagos.com\/wp-content\/uploads\/2015\/08\/Juan-Carlos-NOCT2015-3.jpg?fit=683%2C1024&amp;ssl=1\" data-orig-size=\"683,1024\" data-comments-opened=\"1\" data-image-meta=\"{&quot;aperture&quot;:&quot;5.6&quot;,&quot;credit&quot;:&quot;Picasa&quot;,&quot;camera&quot;:&quot;Canon EOS 600D&quot;,&quot;caption&quot;:&quot;&quot;,&quot;created_timestamp&quot;:&quot;1404433537&quot;,&quot;copyright&quot;:&quot;&quot;,&quot;focal_length&quot;:&quot;300&quot;,&quot;iso&quot;:&quot;6400&quot;,&quot;shutter_speed&quot;:&quot;0.001&quot;,&quot;title&quot;:&quot;&quot;,&quot;orientation&quot;:&quot;0&quot;}\" data-image-title=\"Juan Carlos NOCT2015 (3)\" data-image-description=\"\" data-image-caption=\"&lt;p&gt;C\u00eda Reymala. FOTO: JUAN CARLOS GARC\u00cdA CORROCHANO&lt;\/p&gt;\n\" data-large-file=\"https:\/\/i0.wp.com\/www.noctivagos.com\/wp-content\/uploads\/2015\/08\/Juan-Carlos-NOCT2015-3.jpg?fit=683%2C1024&amp;ssl=1\" \/><\/a>\n\t\t\t<\/div>\n\t\t\t\t<figcaption class='wp-caption-text gallery-caption' id='gallery-1-1202'>\n\t\t\t\tC\u00eda Reymala. FOTO: JUAN CARLOS GARC\u00cdA CORROCHANO\n\t\t\t\t<\/figcaption><\/figure><figure class='gallery-item'>\n\t\t\t<div class='gallery-icon landscape'>\n\t\t\t\t<a href=\"https:\/\/i0.wp.com\/www.noctivagos.com\/wp-content\/uploads\/2015\/08\/C%C3%A9sar-Otero-NOCTIV2015-19.jpg?ssl=1\"><img loading=\"lazy\" decoding=\"async\" width=\"1024\" height=\"683\" src=\"https:\/\/i0.wp.com\/www.noctivagos.com\/wp-content\/uploads\/2015\/08\/C%C3%A9sar-Otero-NOCTIV2015-19.jpg?fit=1024%2C683&amp;ssl=1\" class=\"attachment-full size-full\" alt=\"Noctivagos - Oropesa - Superh\u00e9roe\" aria-describedby=\"gallery-1-1180\" data-attachment-id=\"1180\" data-permalink=\"https:\/\/www.noctivagos.com\/?attachment_id=1180\" data-orig-file=\"https:\/\/i0.wp.com\/www.noctivagos.com\/wp-content\/uploads\/2015\/08\/C%C3%A9sar-Otero-NOCTIV2015-19.jpg?fit=1024%2C683&amp;ssl=1\" data-orig-size=\"1024,683\" data-comments-opened=\"1\" data-image-meta=\"{&quot;aperture&quot;:&quot;0&quot;,&quot;credit&quot;:&quot;Picasa&quot;,&quot;camera&quot;:&quot;&quot;,&quot;caption&quot;:&quot;&quot;,&quot;created_timestamp&quot;:&quot;1435971278&quot;,&quot;copyright&quot;:&quot;&quot;,&quot;focal_length&quot;:&quot;0&quot;,&quot;iso&quot;:&quot;0&quot;,&quot;shutter_speed&quot;:&quot;0&quot;,&quot;title&quot;:&quot;&quot;,&quot;orientation&quot;:&quot;0&quot;}\" data-image-title=\"C\u00e9sar Otero NOCTIV2015 (19)\" data-image-description=\"\" data-image-caption=\"&lt;p&gt;El Perro Azul Teatro. FOTO: C\u00c9SAR OTERO&lt;\/p&gt;\n\" data-large-file=\"https:\/\/i0.wp.com\/www.noctivagos.com\/wp-content\/uploads\/2015\/08\/C%C3%A9sar-Otero-NOCTIV2015-19.jpg?fit=1024%2C683&amp;ssl=1\" \/><\/a>\n\t\t\t<\/div>\n\t\t\t\t<figcaption class='wp-caption-text gallery-caption' id='gallery-1-1180'>\n\t\t\t\tEl Perro Azul Teatro. FOTO: C\u00c9SAR OTERO\n\t\t\t\t<\/figcaption><\/figure><figure class='gallery-item'>\n\t\t\t<div class='gallery-icon landscape'>\n\t\t\t\t<a href=\"https:\/\/i0.wp.com\/www.noctivagos.com\/wp-content\/uploads\/2015\/08\/Juan-Carlos-NOCT2015-16.jpg?ssl=1\"><img loading=\"lazy\" decoding=\"async\" width=\"1024\" height=\"683\" src=\"https:\/\/i0.wp.com\/www.noctivagos.com\/wp-content\/uploads\/2015\/08\/Juan-Carlos-NOCT2015-16.jpg?fit=1024%2C683&amp;ssl=1\" class=\"attachment-full size-full\" alt=\"Noctivagos - Oropesa - Quijote\" aria-describedby=\"gallery-1-1215\" srcset=\"https:\/\/i0.wp.com\/www.noctivagos.com\/wp-content\/uploads\/2015\/08\/Juan-Carlos-NOCT2015-16.jpg?w=1024&amp;ssl=1 1024w, https:\/\/i0.wp.com\/www.noctivagos.com\/wp-content\/uploads\/2015\/08\/Juan-Carlos-NOCT2015-16.jpg?resize=150%2C100&amp;ssl=1 150w, https:\/\/i0.wp.com\/www.noctivagos.com\/wp-content\/uploads\/2015\/08\/Juan-Carlos-NOCT2015-16.jpg?resize=300%2C200&amp;ssl=1 300w\" sizes=\"auto, (max-width: 1000px) 100vw, 1000px\" data-attachment-id=\"1215\" data-permalink=\"https:\/\/www.noctivagos.com\/?attachment_id=1215\" data-orig-file=\"https:\/\/i0.wp.com\/www.noctivagos.com\/wp-content\/uploads\/2015\/08\/Juan-Carlos-NOCT2015-16.jpg?fit=1024%2C683&amp;ssl=1\" data-orig-size=\"1024,683\" data-comments-opened=\"1\" data-image-meta=\"{&quot;aperture&quot;:&quot;5.6&quot;,&quot;credit&quot;:&quot;Picasa&quot;,&quot;camera&quot;:&quot;Canon EOS 600D&quot;,&quot;caption&quot;:&quot;&quot;,&quot;created_timestamp&quot;:&quot;1404508064&quot;,&quot;copyright&quot;:&quot;&quot;,&quot;focal_length&quot;:&quot;250&quot;,&quot;iso&quot;:&quot;400&quot;,&quot;shutter_speed&quot;:&quot;0.016666666666667&quot;,&quot;title&quot;:&quot;&quot;,&quot;orientation&quot;:&quot;0&quot;}\" data-image-title=\"Juan Carlos NOCT2015 (16)\" data-image-description=\"\" data-image-caption=\"&lt;p&gt;Bambalina Teatre. FOTO: JUAN CARLOS GARC\u00cdA CORROCHANO&lt;\/p&gt;\n\" data-large-file=\"https:\/\/i0.wp.com\/www.noctivagos.com\/wp-content\/uploads\/2015\/08\/Juan-Carlos-NOCT2015-16.jpg?fit=1024%2C683&amp;ssl=1\" \/><\/a>\n\t\t\t<\/div>\n\t\t\t\t<figcaption class='wp-caption-text gallery-caption' id='gallery-1-1215'>\n\t\t\t\tBambalina Teatre. FOTO: JUAN CARLOS GARC\u00cdA CORROCHANO\n\t\t\t\t<\/figcaption><\/figure><figure class='gallery-item'>\n\t\t\t<div class='gallery-icon portrait'>\n\t\t\t\t<a href=\"https:\/\/i0.wp.com\/www.noctivagos.com\/wp-content\/uploads\/2015\/08\/Javier-Diaz-NOCT2015-5.jpg?ssl=1\"><img loading=\"lazy\" decoding=\"async\" width=\"679\" height=\"1024\" src=\"https:\/\/i0.wp.com\/www.noctivagos.com\/wp-content\/uploads\/2015\/08\/Javier-Diaz-NOCT2015-5.jpg?fit=679%2C1024&amp;ssl=1\" class=\"attachment-full size-full\" alt=\"Noctivagos - Oropesa - D&#039;Click\" aria-describedby=\"gallery-1-1193\" srcset=\"https:\/\/i0.wp.com\/www.noctivagos.com\/wp-content\/uploads\/2015\/08\/Javier-Diaz-NOCT2015-5.jpg?w=679&amp;ssl=1 679w, https:\/\/i0.wp.com\/www.noctivagos.com\/wp-content\/uploads\/2015\/08\/Javier-Diaz-NOCT2015-5.jpg?resize=99%2C150&amp;ssl=1 99w, https:\/\/i0.wp.com\/www.noctivagos.com\/wp-content\/uploads\/2015\/08\/Javier-Diaz-NOCT2015-5.jpg?resize=199%2C300&amp;ssl=1 199w\" sizes=\"auto, (max-width: 679px) 100vw, 679px\" data-attachment-id=\"1193\" data-permalink=\"https:\/\/www.noctivagos.com\/?attachment_id=1193\" data-orig-file=\"https:\/\/i0.wp.com\/www.noctivagos.com\/wp-content\/uploads\/2015\/08\/Javier-Diaz-NOCT2015-5.jpg?fit=679%2C1024&amp;ssl=1\" data-orig-size=\"679,1024\" data-comments-opened=\"1\" data-image-meta=\"{&quot;aperture&quot;:&quot;5.6&quot;,&quot;credit&quot;:&quot;Picasa&quot;,&quot;camera&quot;:&quot;NIKON D40&quot;,&quot;caption&quot;:&quot;&quot;,&quot;created_timestamp&quot;:&quot;1435975057&quot;,&quot;copyright&quot;:&quot;&quot;,&quot;focal_length&quot;:&quot;52&quot;,&quot;iso&quot;:&quot;1100&quot;,&quot;shutter_speed&quot;:&quot;0.016666666666667&quot;,&quot;title&quot;:&quot;&quot;,&quot;orientation&quot;:&quot;0&quot;}\" data-image-title=\"Javier Diaz NOCT2015 (5)\" data-image-description=\"\" data-image-caption=\"&lt;p&gt;C\u00eda D&amp;#8217;Click. FOTO: JAVIER D\u00cdAZ BARRADO&lt;\/p&gt;\n\" data-large-file=\"https:\/\/i0.wp.com\/www.noctivagos.com\/wp-content\/uploads\/2015\/08\/Javier-Diaz-NOCT2015-5.jpg?fit=679%2C1024&amp;ssl=1\" \/><\/a>\n\t\t\t<\/div>\n\t\t\t\t<figcaption class='wp-caption-text gallery-caption' id='gallery-1-1193'>\n\t\t\t\tC\u00eda D&#8217;Click. FOTO: JAVIER D\u00cdAZ BARRADO\n\t\t\t\t<\/figcaption><\/figure><figure class='gallery-item'>\n\t\t\t<div class='gallery-icon portrait'>\n\t\t\t\t<a href=\"https:\/\/i0.wp.com\/www.noctivagos.com\/wp-content\/uploads\/2015\/08\/Juan-Carlos-NOCT2015-10.jpg?ssl=1\"><img loading=\"lazy\" decoding=\"async\" width=\"769\" height=\"1024\" src=\"https:\/\/i0.wp.com\/www.noctivagos.com\/wp-content\/uploads\/2015\/08\/Juan-Carlos-NOCT2015-10.jpg?fit=769%2C1024&amp;ssl=1\" class=\"attachment-full size-full\" alt=\"Noctivagos - Oropesa - S\u00e1bado Ma\u00f1ana\" aria-describedby=\"gallery-1-1209\" srcset=\"https:\/\/i0.wp.com\/www.noctivagos.com\/wp-content\/uploads\/2015\/08\/Juan-Carlos-NOCT2015-10.jpg?w=769&amp;ssl=1 769w, https:\/\/i0.wp.com\/www.noctivagos.com\/wp-content\/uploads\/2015\/08\/Juan-Carlos-NOCT2015-10.jpg?resize=113%2C150&amp;ssl=1 113w, https:\/\/i0.wp.com\/www.noctivagos.com\/wp-content\/uploads\/2015\/08\/Juan-Carlos-NOCT2015-10.jpg?resize=225%2C300&amp;ssl=1 225w\" sizes=\"auto, (max-width: 769px) 100vw, 769px\" data-attachment-id=\"1209\" data-permalink=\"https:\/\/www.noctivagos.com\/?attachment_id=1209\" data-orig-file=\"https:\/\/i0.wp.com\/www.noctivagos.com\/wp-content\/uploads\/2015\/08\/Juan-Carlos-NOCT2015-10.jpg?fit=769%2C1024&amp;ssl=1\" data-orig-size=\"769,1024\" data-comments-opened=\"1\" data-image-meta=\"{&quot;aperture&quot;:&quot;11&quot;,&quot;credit&quot;:&quot;Picasa&quot;,&quot;camera&quot;:&quot;Canon EOS 600D&quot;,&quot;caption&quot;:&quot;&quot;,&quot;created_timestamp&quot;:&quot;1404474920&quot;,&quot;copyright&quot;:&quot;&quot;,&quot;focal_length&quot;:&quot;24&quot;,&quot;iso&quot;:&quot;100&quot;,&quot;shutter_speed&quot;:&quot;0.004&quot;,&quot;title&quot;:&quot;&quot;,&quot;orientation&quot;:&quot;0&quot;}\" data-image-title=\"Juan Carlos NOCT2015 (10)\" data-image-description=\"\" data-image-caption=\"&lt;p&gt;Teatro El Navarro FOTO: JUAN CARLOS GARC\u00cdA CORROCHANO&lt;\/p&gt;\n\" data-large-file=\"https:\/\/i0.wp.com\/www.noctivagos.com\/wp-content\/uploads\/2015\/08\/Juan-Carlos-NOCT2015-10.jpg?fit=769%2C1024&amp;ssl=1\" \/><\/a>\n\t\t\t<\/div>\n\t\t\t\t<figcaption class='wp-caption-text gallery-caption' id='gallery-1-1209'>\n\t\t\t\tTeatro El Navarro FOTO: JUAN CARLOS GARC\u00cdA CORROCHANO\n\t\t\t\t<\/figcaption><\/figure><figure class='gallery-item'>\n\t\t\t<div class='gallery-icon landscape'>\n\t\t\t\t<a href=\"https:\/\/i0.wp.com\/www.noctivagos.com\/wp-content\/uploads\/2015\/08\/C%C3%A9sar-Otero-NOCTIV2015-18.jpg?ssl=1\"><img loading=\"lazy\" decoding=\"async\" width=\"1024\" height=\"684\" src=\"https:\/\/i0.wp.com\/www.noctivagos.com\/wp-content\/uploads\/2015\/08\/C%C3%A9sar-Otero-NOCTIV2015-18.jpg?fit=1024%2C684&amp;ssl=1\" class=\"attachment-full size-full\" alt=\"Noctivagos - Oropesa - Fuera de Foco\" aria-describedby=\"gallery-1-1179\" data-attachment-id=\"1179\" data-permalink=\"https:\/\/www.noctivagos.com\/?attachment_id=1179\" data-orig-file=\"https:\/\/i0.wp.com\/www.noctivagos.com\/wp-content\/uploads\/2015\/08\/C%C3%A9sar-Otero-NOCTIV2015-18.jpg?fit=1024%2C684&amp;ssl=1\" data-orig-size=\"1024,684\" data-comments-opened=\"1\" data-image-meta=\"{&quot;aperture&quot;:&quot;0&quot;,&quot;credit&quot;:&quot;Picasa&quot;,&quot;camera&quot;:&quot;&quot;,&quot;caption&quot;:&quot;&quot;,&quot;created_timestamp&quot;:&quot;1435974010&quot;,&quot;copyright&quot;:&quot;&quot;,&quot;focal_length&quot;:&quot;0&quot;,&quot;iso&quot;:&quot;0&quot;,&quot;shutter_speed&quot;:&quot;0&quot;,&quot;title&quot;:&quot;&quot;,&quot;orientation&quot;:&quot;0&quot;}\" data-image-title=\"C\u00e9sar Otero NOCTIV2015 (18)\" data-image-description=\"\" data-image-caption=\"&lt;p&gt;Fuera de Foco Teatro. FOTO: C\u00c9SAR OTERO&lt;\/p&gt;\n\" data-large-file=\"https:\/\/i0.wp.com\/www.noctivagos.com\/wp-content\/uploads\/2015\/08\/C%C3%A9sar-Otero-NOCTIV2015-18.jpg?fit=1024%2C684&amp;ssl=1\" \/><\/a>\n\t\t\t<\/div>\n\t\t\t\t<figcaption class='wp-caption-text gallery-caption' id='gallery-1-1179'>\n\t\t\t\tFuera de Foco Teatro. FOTO: C\u00c9SAR OTERO\n\t\t\t\t<\/figcaption><\/figure><figure class='gallery-item'>\n\t\t\t<div class='gallery-icon landscape'>\n\t\t\t\t<a href=\"https:\/\/i0.wp.com\/www.noctivagos.com\/wp-content\/uploads\/2015\/08\/C%C3%A9sar-Otero-NOCT2015-8.jpg?ssl=1\"><img loading=\"lazy\" decoding=\"async\" width=\"950\" height=\"634\" src=\"https:\/\/i0.wp.com\/www.noctivagos.com\/wp-content\/uploads\/2015\/08\/C%C3%A9sar-Otero-NOCT2015-8.jpg?fit=950%2C634&amp;ssl=1\" class=\"attachment-full size-full\" alt=\"\" aria-describedby=\"gallery-1-1145\" data-attachment-id=\"1145\" data-permalink=\"https:\/\/www.noctivagos.com\/?attachment_id=1145\" data-orig-file=\"https:\/\/i0.wp.com\/www.noctivagos.com\/wp-content\/uploads\/2015\/08\/C%C3%A9sar-Otero-NOCT2015-8.jpg?fit=950%2C634&amp;ssl=1\" data-orig-size=\"950,634\" data-comments-opened=\"1\" data-image-meta=\"{&quot;aperture&quot;:&quot;0&quot;,&quot;credit&quot;:&quot;Picasa&quot;,&quot;camera&quot;:&quot;&quot;,&quot;caption&quot;:&quot;&quot;,&quot;created_timestamp&quot;:&quot;1435966300&quot;,&quot;copyright&quot;:&quot;&quot;,&quot;focal_length&quot;:&quot;0&quot;,&quot;iso&quot;:&quot;0&quot;,&quot;shutter_speed&quot;:&quot;0&quot;,&quot;title&quot;:&quot;&quot;,&quot;orientation&quot;:&quot;0&quot;}\" data-image-title=\"C\u00e9sar Otero NOCT2015 (8)\" data-image-description=\"\" data-image-caption=\"&lt;p&gt;C\u00eda D&amp;#8217;Click. FOTO: C\u00c9SAR OTERO&lt;\/p&gt;\n\" data-large-file=\"https:\/\/i0.wp.com\/www.noctivagos.com\/wp-content\/uploads\/2015\/08\/C%C3%A9sar-Otero-NOCT2015-8.jpg?fit=950%2C634&amp;ssl=1\" \/><\/a>\n\t\t\t<\/div>\n\t\t\t\t<figcaption class='wp-caption-text gallery-caption' id='gallery-1-1145'>\n\t\t\t\tC\u00eda D&#8217;Click. FOTO: C\u00c9SAR OTERO\n\t\t\t\t<\/figcaption><\/figure><figure class='gallery-item'>\n\t\t\t<div class='gallery-icon landscape'>\n\t\t\t\t<a href=\"https:\/\/i0.wp.com\/www.noctivagos.com\/wp-content\/uploads\/2015\/08\/C%C3%A9sar-Otero-NOCTIV2015-10.jpg?ssl=1\"><img loading=\"lazy\" decoding=\"async\" width=\"1024\" height=\"683\" src=\"https:\/\/i0.wp.com\/www.noctivagos.com\/wp-content\/uploads\/2015\/08\/C%C3%A9sar-Otero-NOCTIV2015-10.jpg?fit=1024%2C683&amp;ssl=1\" class=\"attachment-full size-full\" alt=\"Noctivagos - Oropesa - D\u00e9jame ser la sombra de tu perro\" aria-describedby=\"gallery-1-1170\" data-attachment-id=\"1170\" data-permalink=\"https:\/\/www.noctivagos.com\/?attachment_id=1170\" data-orig-file=\"https:\/\/i0.wp.com\/www.noctivagos.com\/wp-content\/uploads\/2015\/08\/C%C3%A9sar-Otero-NOCTIV2015-10.jpg?fit=1024%2C683&amp;ssl=1\" data-orig-size=\"1024,683\" data-comments-opened=\"1\" data-image-meta=\"{&quot;aperture&quot;:&quot;0&quot;,&quot;credit&quot;:&quot;Picasa&quot;,&quot;camera&quot;:&quot;&quot;,&quot;caption&quot;:&quot;&quot;,&quot;created_timestamp&quot;:&quot;1436049036&quot;,&quot;copyright&quot;:&quot;&quot;,&quot;focal_length&quot;:&quot;0&quot;,&quot;iso&quot;:&quot;0&quot;,&quot;shutter_speed&quot;:&quot;0&quot;,&quot;title&quot;:&quot;&quot;,&quot;orientation&quot;:&quot;0&quot;}\" data-image-title=\"C\u00e9sar Otero NOCTIV2015 (10)\" data-image-description=\"\" data-image-caption=\"&lt;p&gt;Asoc. Teatral Magistorias. FOTO: C\u00c9SAR OTERO&lt;\/p&gt;\n\" data-large-file=\"https:\/\/i0.wp.com\/www.noctivagos.com\/wp-content\/uploads\/2015\/08\/C%C3%A9sar-Otero-NOCTIV2015-10.jpg?fit=1024%2C683&amp;ssl=1\" \/><\/a>\n\t\t\t<\/div>\n\t\t\t\t<figcaption class='wp-caption-text gallery-caption' id='gallery-1-1170'>\n\t\t\t\tAsoc. Teatral Magistorias. FOTO: C\u00c9SAR OTERO\n\t\t\t\t<\/figcaption><\/figure><figure class='gallery-item'>\n\t\t\t<div class='gallery-icon landscape'>\n\t\t\t\t<a href=\"https:\/\/i0.wp.com\/www.noctivagos.com\/wp-content\/uploads\/2015\/08\/Javier-Diaz-NOCT2015-3.jpg?ssl=1\"><img loading=\"lazy\" decoding=\"async\" width=\"1024\" height=\"679\" src=\"https:\/\/i0.wp.com\/www.noctivagos.com\/wp-content\/uploads\/2015\/08\/Javier-Diaz-NOCT2015-3.jpg?fit=1024%2C679&amp;ssl=1\" class=\"attachment-full size-full\" alt=\"Noctivagos - Oropesa - Noche de Bufones\" aria-describedby=\"gallery-1-1191\" srcset=\"https:\/\/i0.wp.com\/www.noctivagos.com\/wp-content\/uploads\/2015\/08\/Javier-Diaz-NOCT2015-3.jpg?w=1024&amp;ssl=1 1024w, https:\/\/i0.wp.com\/www.noctivagos.com\/wp-content\/uploads\/2015\/08\/Javier-Diaz-NOCT2015-3.jpg?resize=150%2C99&amp;ssl=1 150w, https:\/\/i0.wp.com\/www.noctivagos.com\/wp-content\/uploads\/2015\/08\/Javier-Diaz-NOCT2015-3.jpg?resize=300%2C199&amp;ssl=1 300w\" sizes=\"auto, (max-width: 1000px) 100vw, 1000px\" data-attachment-id=\"1191\" data-permalink=\"https:\/\/www.noctivagos.com\/?attachment_id=1191\" data-orig-file=\"https:\/\/i0.wp.com\/www.noctivagos.com\/wp-content\/uploads\/2015\/08\/Javier-Diaz-NOCT2015-3.jpg?fit=1024%2C679&amp;ssl=1\" data-orig-size=\"1024,679\" data-comments-opened=\"1\" data-image-meta=\"{&quot;aperture&quot;:&quot;4.5&quot;,&quot;credit&quot;:&quot;Picasa&quot;,&quot;camera&quot;:&quot;NIKON D40&quot;,&quot;caption&quot;:&quot;&quot;,&quot;created_timestamp&quot;:&quot;1435971898&quot;,&quot;copyright&quot;:&quot;&quot;,&quot;focal_length&quot;:&quot;98&quot;,&quot;iso&quot;:&quot;1600&quot;,&quot;shutter_speed&quot;:&quot;0.016666666666667&quot;,&quot;title&quot;:&quot;&quot;,&quot;orientation&quot;:&quot;0&quot;}\" data-image-title=\"Javier Diaz NOCT2015 (3)\" data-image-description=\"\" data-image-caption=\"&lt;p&gt;C\u00eda Reymala. FOTO: JAVIER D\u00cdAZ BARRADO&lt;\/p&gt;\n\" data-large-file=\"https:\/\/i0.wp.com\/www.noctivagos.com\/wp-content\/uploads\/2015\/08\/Javier-Diaz-NOCT2015-3.jpg?fit=1024%2C679&amp;ssl=1\" \/><\/a>\n\t\t\t<\/div>\n\t\t\t\t<figcaption class='wp-caption-text gallery-caption' id='gallery-1-1191'>\n\t\t\t\tC\u00eda Reymala. FOTO: JAVIER D\u00cdAZ BARRADO\n\t\t\t\t<\/figcaption><\/figure><figure class='gallery-item'>\n\t\t\t<div class='gallery-icon portrait'>\n\t\t\t\t<a href=\"https:\/\/i0.wp.com\/www.noctivagos.com\/wp-content\/uploads\/2015\/08\/Juan-Carlos-NOCT2015-8.jpg?ssl=1\"><img loading=\"lazy\" decoding=\"async\" width=\"683\" height=\"1024\" src=\"https:\/\/i0.wp.com\/www.noctivagos.com\/wp-content\/uploads\/2015\/08\/Juan-Carlos-NOCT2015-8.jpg?fit=683%2C1024&amp;ssl=1\" class=\"attachment-full size-full\" alt=\"Noctivagos - Oropesa - Fuera de foco\" aria-describedby=\"gallery-1-1207\" srcset=\"https:\/\/i0.wp.com\/www.noctivagos.com\/wp-content\/uploads\/2015\/08\/Juan-Carlos-NOCT2015-8.jpg?w=683&amp;ssl=1 683w, https:\/\/i0.wp.com\/www.noctivagos.com\/wp-content\/uploads\/2015\/08\/Juan-Carlos-NOCT2015-8.jpg?resize=100%2C150&amp;ssl=1 100w, https:\/\/i0.wp.com\/www.noctivagos.com\/wp-content\/uploads\/2015\/08\/Juan-Carlos-NOCT2015-8.jpg?resize=200%2C300&amp;ssl=1 200w\" sizes=\"auto, (max-width: 683px) 100vw, 683px\" data-attachment-id=\"1207\" data-permalink=\"https:\/\/www.noctivagos.com\/?attachment_id=1207\" data-orig-file=\"https:\/\/i0.wp.com\/www.noctivagos.com\/wp-content\/uploads\/2015\/08\/Juan-Carlos-NOCT2015-8.jpg?fit=683%2C1024&amp;ssl=1\" data-orig-size=\"683,1024\" data-comments-opened=\"1\" data-image-meta=\"{&quot;aperture&quot;:&quot;4&quot;,&quot;credit&quot;:&quot;Picasa&quot;,&quot;camera&quot;:&quot;Canon EOS 600D&quot;,&quot;caption&quot;:&quot;&quot;,&quot;created_timestamp&quot;:&quot;1404441311&quot;,&quot;copyright&quot;:&quot;&quot;,&quot;focal_length&quot;:&quot;80&quot;,&quot;iso&quot;:&quot;6400&quot;,&quot;shutter_speed&quot;:&quot;0.003125&quot;,&quot;title&quot;:&quot;&quot;,&quot;orientation&quot;:&quot;0&quot;}\" data-image-title=\"Juan Carlos NOCT2015 (8)\" data-image-description=\"\" data-image-caption=\"&lt;p&gt;Fuera de Foco Teatro. FOTO: JUAN CARLOS GARC\u00cdA CORROCHANO&lt;\/p&gt;\n\" data-large-file=\"https:\/\/i0.wp.com\/www.noctivagos.com\/wp-content\/uploads\/2015\/08\/Juan-Carlos-NOCT2015-8.jpg?fit=683%2C1024&amp;ssl=1\" \/><\/a>\n\t\t\t<\/div>\n\t\t\t\t<figcaption class='wp-caption-text gallery-caption' id='gallery-1-1207'>\n\t\t\t\tFuera de Foco Teatro. FOTO: JUAN CARLOS GARC\u00cdA CORROCHANO\n\t\t\t\t<\/figcaption><\/figure><figure class='gallery-item'>\n\t\t\t<div class='gallery-icon landscape'>\n\t\t\t\t<a href=\"https:\/\/i0.wp.com\/www.noctivagos.com\/wp-content\/uploads\/2015\/08\/C%C3%A9sar-Otero-NOCT2015-18.jpg?ssl=1\"><img loading=\"lazy\" decoding=\"async\" width=\"950\" height=\"633\" src=\"https:\/\/i0.wp.com\/www.noctivagos.com\/wp-content\/uploads\/2015\/08\/C%C3%A9sar-Otero-NOCT2015-18.jpg?fit=950%2C633&amp;ssl=1\" class=\"attachment-full size-full\" alt=\"Noctivagos - Oropesa - Noche de Bufones\" aria-describedby=\"gallery-1-1155\" data-attachment-id=\"1155\" data-permalink=\"https:\/\/www.noctivagos.com\/?attachment_id=1155\" data-orig-file=\"https:\/\/i0.wp.com\/www.noctivagos.com\/wp-content\/uploads\/2015\/08\/C%C3%A9sar-Otero-NOCT2015-18.jpg?fit=950%2C633&amp;ssl=1\" data-orig-size=\"950,633\" data-comments-opened=\"1\" data-image-meta=\"{&quot;aperture&quot;:&quot;0&quot;,&quot;credit&quot;:&quot;Picasa&quot;,&quot;camera&quot;:&quot;&quot;,&quot;caption&quot;:&quot;&quot;,&quot;created_timestamp&quot;:&quot;1435963529&quot;,&quot;copyright&quot;:&quot;&quot;,&quot;focal_length&quot;:&quot;0&quot;,&quot;iso&quot;:&quot;0&quot;,&quot;shutter_speed&quot;:&quot;0&quot;,&quot;title&quot;:&quot;&quot;,&quot;orientation&quot;:&quot;0&quot;}\" data-image-title=\"C\u00e9sar Otero NOCT2015 (18)\" data-image-description=\"\" data-image-caption=\"&lt;p&gt;C\u00eda Reymala. FOTO: C\u00c9SAR OTERO&lt;\/p&gt;\n\" data-large-file=\"https:\/\/i0.wp.com\/www.noctivagos.com\/wp-content\/uploads\/2015\/08\/C%C3%A9sar-Otero-NOCT2015-18.jpg?fit=950%2C633&amp;ssl=1\" \/><\/a>\n\t\t\t<\/div>\n\t\t\t\t<figcaption class='wp-caption-text gallery-caption' id='gallery-1-1155'>\n\t\t\t\tC\u00eda Reymala. FOTO: C\u00c9SAR OTERO\n\t\t\t\t<\/figcaption><\/figure><figure class='gallery-item'>\n\t\t\t<div class='gallery-icon landscape'>\n\t\t\t\t<a href=\"https:\/\/i0.wp.com\/www.noctivagos.com\/wp-content\/uploads\/2015\/08\/Juan-Carlos-NOCT2015-12.jpg?ssl=1\"><img loading=\"lazy\" decoding=\"async\" width=\"1024\" height=\"683\" src=\"https:\/\/i0.wp.com\/www.noctivagos.com\/wp-content\/uploads\/2015\/08\/Juan-Carlos-NOCT2015-12.jpg?fit=1024%2C683&amp;ssl=1\" class=\"attachment-full size-full\" alt=\"Noctivagos - Oropesa - D&#039;Click\" aria-describedby=\"gallery-1-1211\" srcset=\"https:\/\/i0.wp.com\/www.noctivagos.com\/wp-content\/uploads\/2015\/08\/Juan-Carlos-NOCT2015-12.jpg?w=1024&amp;ssl=1 1024w, https:\/\/i0.wp.com\/www.noctivagos.com\/wp-content\/uploads\/2015\/08\/Juan-Carlos-NOCT2015-12.jpg?resize=150%2C100&amp;ssl=1 150w, https:\/\/i0.wp.com\/www.noctivagos.com\/wp-content\/uploads\/2015\/08\/Juan-Carlos-NOCT2015-12.jpg?resize=300%2C200&amp;ssl=1 300w\" sizes=\"auto, (max-width: 1000px) 100vw, 1000px\" data-attachment-id=\"1211\" data-permalink=\"https:\/\/www.noctivagos.com\/?attachment_id=1211\" data-orig-file=\"https:\/\/i0.wp.com\/www.noctivagos.com\/wp-content\/uploads\/2015\/08\/Juan-Carlos-NOCT2015-12.jpg?fit=1024%2C683&amp;ssl=1\" data-orig-size=\"1024,683\" data-comments-opened=\"1\" data-image-meta=\"{&quot;aperture&quot;:&quot;3.5&quot;,&quot;credit&quot;:&quot;Picasa&quot;,&quot;camera&quot;:&quot;Canon EOS 600D&quot;,&quot;caption&quot;:&quot;&quot;,&quot;created_timestamp&quot;:&quot;1404478229&quot;,&quot;copyright&quot;:&quot;&quot;,&quot;focal_length&quot;:&quot;18&quot;,&quot;iso&quot;:&quot;3200&quot;,&quot;shutter_speed&quot;:&quot;0.01&quot;,&quot;title&quot;:&quot;&quot;,&quot;orientation&quot;:&quot;0&quot;}\" data-image-title=\"Juan Carlos NOCT2015 (12)\" data-image-description=\"\" data-image-caption=\"&lt;p&gt;C\u00eda D&amp;#8217;Click. FOTO: JUAN CARLOS GARC\u00cdA CORROCHANO&lt;\/p&gt;\n\" data-large-file=\"https:\/\/i0.wp.com\/www.noctivagos.com\/wp-content\/uploads\/2015\/08\/Juan-Carlos-NOCT2015-12.jpg?fit=1024%2C683&amp;ssl=1\" \/><\/a>\n\t\t\t<\/div>\n\t\t\t\t<figcaption class='wp-caption-text gallery-caption' id='gallery-1-1211'>\n\t\t\t\tC\u00eda D&#8217;Click. FOTO: JUAN CARLOS GARC\u00cdA CORROCHANO\n\t\t\t\t<\/figcaption><\/figure><figure class='gallery-item'>\n\t\t\t<div class='gallery-icon landscape'>\n\t\t\t\t<a href=\"https:\/\/i0.wp.com\/www.noctivagos.com\/wp-content\/uploads\/2015\/08\/C%C3%A9sar-Otero-NOCTIV2015-20.jpg?ssl=1\"><img loading=\"lazy\" decoding=\"async\" width=\"1024\" height=\"684\" src=\"https:\/\/i0.wp.com\/www.noctivagos.com\/wp-content\/uploads\/2015\/08\/C%C3%A9sar-Otero-NOCTIV2015-20.jpg?fit=1024%2C684&amp;ssl=1\" class=\"attachment-full size-full\" alt=\"Noctivagos - Oropesa - Superh\u00e9roe\" aria-describedby=\"gallery-1-1181\" data-attachment-id=\"1181\" data-permalink=\"https:\/\/www.noctivagos.com\/?attachment_id=1181\" data-orig-file=\"https:\/\/i0.wp.com\/www.noctivagos.com\/wp-content\/uploads\/2015\/08\/C%C3%A9sar-Otero-NOCTIV2015-20.jpg?fit=1024%2C684&amp;ssl=1\" data-orig-size=\"1024,684\" data-comments-opened=\"1\" data-image-meta=\"{&quot;aperture&quot;:&quot;0&quot;,&quot;credit&quot;:&quot;Picasa&quot;,&quot;camera&quot;:&quot;&quot;,&quot;caption&quot;:&quot;&quot;,&quot;created_timestamp&quot;:&quot;1435968545&quot;,&quot;copyright&quot;:&quot;&quot;,&quot;focal_length&quot;:&quot;0&quot;,&quot;iso&quot;:&quot;0&quot;,&quot;shutter_speed&quot;:&quot;0&quot;,&quot;title&quot;:&quot;&quot;,&quot;orientation&quot;:&quot;0&quot;}\" data-image-title=\"C\u00e9sar Otero NOCTIV2015 (20)\" data-image-description=\"\" data-image-caption=\"&lt;p&gt;El Perro Azul Teatro. FOTO: C\u00c9SAR OTERO&lt;\/p&gt;\n\" data-large-file=\"https:\/\/i0.wp.com\/www.noctivagos.com\/wp-content\/uploads\/2015\/08\/C%C3%A9sar-Otero-NOCTIV2015-20.jpg?fit=1024%2C684&amp;ssl=1\" \/><\/a>\n\t\t\t<\/div>\n\t\t\t\t<figcaption class='wp-caption-text gallery-caption' id='gallery-1-1181'>\n\t\t\t\tEl Perro Azul Teatro. FOTO: C\u00c9SAR OTERO\n\t\t\t\t<\/figcaption><\/figure><figure class='gallery-item'>\n\t\t\t<div class='gallery-icon landscape'>\n\t\t\t\t<a href=\"https:\/\/i0.wp.com\/www.noctivagos.com\/wp-content\/uploads\/2015\/08\/Juan-Piombo-NOCT2015-4.jpg?ssl=1\"><img loading=\"lazy\" decoding=\"async\" width=\"1024\" height=\"679\" src=\"https:\/\/i0.wp.com\/www.noctivagos.com\/wp-content\/uploads\/2015\/08\/Juan-Piombo-NOCT2015-4.jpg?fit=1024%2C679&amp;ssl=1\" class=\"attachment-full size-full\" alt=\"Noctivagos - Premios\" aria-describedby=\"gallery-1-1221\" srcset=\"https:\/\/i0.wp.com\/www.noctivagos.com\/wp-content\/uploads\/2015\/08\/Juan-Piombo-NOCT2015-4.jpg?w=1024&amp;ssl=1 1024w, https:\/\/i0.wp.com\/www.noctivagos.com\/wp-content\/uploads\/2015\/08\/Juan-Piombo-NOCT2015-4.jpg?resize=150%2C99&amp;ssl=1 150w, https:\/\/i0.wp.com\/www.noctivagos.com\/wp-content\/uploads\/2015\/08\/Juan-Piombo-NOCT2015-4.jpg?resize=300%2C199&amp;ssl=1 300w\" sizes=\"auto, (max-width: 1000px) 100vw, 1000px\" data-attachment-id=\"1221\" data-permalink=\"https:\/\/www.noctivagos.com\/?attachment_id=1221\" data-orig-file=\"https:\/\/i0.wp.com\/www.noctivagos.com\/wp-content\/uploads\/2015\/08\/Juan-Piombo-NOCT2015-4.jpg?fit=1024%2C679&amp;ssl=1\" data-orig-size=\"1024,679\" data-comments-opened=\"1\" data-image-meta=\"{&quot;aperture&quot;:&quot;5.3&quot;,&quot;credit&quot;:&quot;Picasa&quot;,&quot;camera&quot;:&quot;NIKON D40&quot;,&quot;caption&quot;:&quot;&quot;,&quot;created_timestamp&quot;:&quot;1436103965&quot;,&quot;copyright&quot;:&quot;&quot;,&quot;focal_length&quot;:&quot;46&quot;,&quot;iso&quot;:&quot;1400&quot;,&quot;shutter_speed&quot;:&quot;0.016666666666667&quot;,&quot;title&quot;:&quot;&quot;,&quot;orientation&quot;:&quot;0&quot;}\" data-image-title=\"Juan Piombo NOCT2015 (4)\" data-image-description=\"\" data-image-caption=\"&lt;p&gt;1\u00ba Premo. FOTO: JUAN PIOMBO&lt;\/p&gt;\n\" data-large-file=\"https:\/\/i0.wp.com\/www.noctivagos.com\/wp-content\/uploads\/2015\/08\/Juan-Piombo-NOCT2015-4.jpg?fit=1024%2C679&amp;ssl=1\" \/><\/a>\n\t\t\t<\/div>\n\t\t\t\t<figcaption class='wp-caption-text gallery-caption' id='gallery-1-1221'>\n\t\t\t\t1\u00ba Premo. FOTO: JUAN PIOMBO\n\t\t\t\t<\/figcaption><\/figure><figure class='gallery-item'>\n\t\t\t<div class='gallery-icon portrait'>\n\t\t\t\t<a href=\"https:\/\/i0.wp.com\/www.noctivagos.com\/wp-content\/uploads\/2015\/08\/Juan-Carlos-NOCT2015-7.jpg?ssl=1\"><img loading=\"lazy\" decoding=\"async\" width=\"683\" height=\"1024\" src=\"https:\/\/i0.wp.com\/www.noctivagos.com\/wp-content\/uploads\/2015\/08\/Juan-Carlos-NOCT2015-7.jpg?fit=683%2C1024&amp;ssl=1\" class=\"attachment-full size-full\" alt=\"Noctivagos - Oropesa - Fuera de foco\" aria-describedby=\"gallery-1-1206\" srcset=\"https:\/\/i0.wp.com\/www.noctivagos.com\/wp-content\/uploads\/2015\/08\/Juan-Carlos-NOCT2015-7.jpg?w=683&amp;ssl=1 683w, https:\/\/i0.wp.com\/www.noctivagos.com\/wp-content\/uploads\/2015\/08\/Juan-Carlos-NOCT2015-7.jpg?resize=100%2C150&amp;ssl=1 100w, https:\/\/i0.wp.com\/www.noctivagos.com\/wp-content\/uploads\/2015\/08\/Juan-Carlos-NOCT2015-7.jpg?resize=200%2C300&amp;ssl=1 200w\" sizes=\"auto, (max-width: 683px) 100vw, 683px\" data-attachment-id=\"1206\" data-permalink=\"https:\/\/www.noctivagos.com\/?attachment_id=1206\" data-orig-file=\"https:\/\/i0.wp.com\/www.noctivagos.com\/wp-content\/uploads\/2015\/08\/Juan-Carlos-NOCT2015-7.jpg?fit=683%2C1024&amp;ssl=1\" data-orig-size=\"683,1024\" data-comments-opened=\"1\" data-image-meta=\"{&quot;aperture&quot;:&quot;4&quot;,&quot;credit&quot;:&quot;Picasa&quot;,&quot;camera&quot;:&quot;Canon EOS 600D&quot;,&quot;caption&quot;:&quot;&quot;,&quot;created_timestamp&quot;:&quot;1404440736&quot;,&quot;copyright&quot;:&quot;&quot;,&quot;focal_length&quot;:&quot;85&quot;,&quot;iso&quot;:&quot;6400&quot;,&quot;shutter_speed&quot;:&quot;0.003125&quot;,&quot;title&quot;:&quot;&quot;,&quot;orientation&quot;:&quot;0&quot;}\" data-image-title=\"Juan Carlos NOCT2015 (7)\" data-image-description=\"\" data-image-caption=\"&lt;p&gt;Fuera de Foco Teatro. FOTO: JUAN CARLOS GARC\u00cdA CORROCHANO&lt;\/p&gt;\n\" data-large-file=\"https:\/\/i0.wp.com\/www.noctivagos.com\/wp-content\/uploads\/2015\/08\/Juan-Carlos-NOCT2015-7.jpg?fit=683%2C1024&amp;ssl=1\" \/><\/a>\n\t\t\t<\/div>\n\t\t\t\t<figcaption class='wp-caption-text gallery-caption' id='gallery-1-1206'>\n\t\t\t\tFuera de Foco Teatro. FOTO: JUAN CARLOS GARC\u00cdA CORROCHANO\n\t\t\t\t<\/figcaption><\/figure><figure class='gallery-item'>\n\t\t\t<div class='gallery-icon landscape'>\n\t\t\t\t<a href=\"https:\/\/i0.wp.com\/www.noctivagos.com\/wp-content\/uploads\/2015\/08\/Javier-Diaz-NOCT2015-7.jpg?ssl=1\"><img loading=\"lazy\" decoding=\"async\" width=\"1024\" height=\"679\" src=\"https:\/\/i0.wp.com\/www.noctivagos.com\/wp-content\/uploads\/2015\/08\/Javier-Diaz-NOCT2015-7.jpg?fit=1024%2C679&amp;ssl=1\" class=\"attachment-full size-full\" alt=\"Noctivagos - Oropesa - La Estatua\" aria-describedby=\"gallery-1-1195\" srcset=\"https:\/\/i0.wp.com\/www.noctivagos.com\/wp-content\/uploads\/2015\/08\/Javier-Diaz-NOCT2015-7.jpg?w=1024&amp;ssl=1 1024w, https:\/\/i0.wp.com\/www.noctivagos.com\/wp-content\/uploads\/2015\/08\/Javier-Diaz-NOCT2015-7.jpg?resize=150%2C99&amp;ssl=1 150w, https:\/\/i0.wp.com\/www.noctivagos.com\/wp-content\/uploads\/2015\/08\/Javier-Diaz-NOCT2015-7.jpg?resize=300%2C199&amp;ssl=1 300w\" sizes=\"auto, (max-width: 1000px) 100vw, 1000px\" data-attachment-id=\"1195\" data-permalink=\"https:\/\/www.noctivagos.com\/?attachment_id=1195\" data-orig-file=\"https:\/\/i0.wp.com\/www.noctivagos.com\/wp-content\/uploads\/2015\/08\/Javier-Diaz-NOCT2015-7.jpg?fit=1024%2C679&amp;ssl=1\" data-orig-size=\"1024,679\" data-comments-opened=\"1\" data-image-meta=\"{&quot;aperture&quot;:&quot;7.1&quot;,&quot;credit&quot;:&quot;Picasa&quot;,&quot;camera&quot;:&quot;NIKON D40&quot;,&quot;caption&quot;:&quot;&quot;,&quot;created_timestamp&quot;:&quot;1436016674&quot;,&quot;copyright&quot;:&quot;&quot;,&quot;focal_length&quot;:&quot;55&quot;,&quot;iso&quot;:&quot;200&quot;,&quot;shutter_speed&quot;:&quot;0.005&quot;,&quot;title&quot;:&quot;&quot;,&quot;orientation&quot;:&quot;0&quot;}\" data-image-title=\"Javier Diaz NOCT2015 (7)\" data-image-description=\"\" data-image-caption=\"&lt;p&gt;Teatro El Navarro. FOTO: JAVIER D\u00cdAZ BARRADO&lt;\/p&gt;\n\" data-large-file=\"https:\/\/i0.wp.com\/www.noctivagos.com\/wp-content\/uploads\/2015\/08\/Javier-Diaz-NOCT2015-7.jpg?fit=1024%2C679&amp;ssl=1\" \/><\/a>\n\t\t\t<\/div>\n\t\t\t\t<figcaption class='wp-caption-text gallery-caption' id='gallery-1-1195'>\n\t\t\t\tTeatro El Navarro. FOTO: JAVIER D\u00cdAZ BARRADO\n\t\t\t\t<\/figcaption><\/figure><figure class='gallery-item'>\n\t\t\t<div class='gallery-icon landscape'>\n\t\t\t\t<a href=\"https:\/\/i0.wp.com\/www.noctivagos.com\/wp-content\/uploads\/2015\/08\/C%C3%A9sar-Otero-NOCT2015-9.jpg?ssl=1\"><img loading=\"lazy\" decoding=\"async\" width=\"950\" height=\"633\" src=\"https:\/\/i0.wp.com\/www.noctivagos.com\/wp-content\/uploads\/2015\/08\/C%C3%A9sar-Otero-NOCT2015-9.jpg?fit=950%2C633&amp;ssl=1\" class=\"attachment-full size-full\" alt=\"\" aria-describedby=\"gallery-1-1146\" data-attachment-id=\"1146\" data-permalink=\"https:\/\/www.noctivagos.com\/?attachment_id=1146\" data-orig-file=\"https:\/\/i0.wp.com\/www.noctivagos.com\/wp-content\/uploads\/2015\/08\/C%C3%A9sar-Otero-NOCT2015-9.jpg?fit=950%2C633&amp;ssl=1\" data-orig-size=\"950,633\" data-comments-opened=\"1\" data-image-meta=\"{&quot;aperture&quot;:&quot;0&quot;,&quot;credit&quot;:&quot;Picasa&quot;,&quot;camera&quot;:&quot;&quot;,&quot;caption&quot;:&quot;&quot;,&quot;created_timestamp&quot;:&quot;1435966443&quot;,&quot;copyright&quot;:&quot;&quot;,&quot;focal_length&quot;:&quot;0&quot;,&quot;iso&quot;:&quot;0&quot;,&quot;shutter_speed&quot;:&quot;0&quot;,&quot;title&quot;:&quot;&quot;,&quot;orientation&quot;:&quot;0&quot;}\" data-image-title=\"C\u00e9sar Otero NOCT2015 (9)\" data-image-description=\"\" data-image-caption=\"&lt;p&gt;C\u00eda D&amp;#8217;Click. FOTO: C\u00c9SAR OTERO&lt;\/p&gt;\n\" data-large-file=\"https:\/\/i0.wp.com\/www.noctivagos.com\/wp-content\/uploads\/2015\/08\/C%C3%A9sar-Otero-NOCT2015-9.jpg?fit=950%2C633&amp;ssl=1\" \/><\/a>\n\t\t\t<\/div>\n\t\t\t\t<figcaption class='wp-caption-text gallery-caption' id='gallery-1-1146'>\n\t\t\t\tC\u00eda D&#8217;Click. FOTO: C\u00c9SAR OTERO\n\t\t\t\t<\/figcaption><\/figure><figure class='gallery-item'>\n\t\t\t<div class='gallery-icon landscape'>\n\t\t\t\t<a href=\"https:\/\/i0.wp.com\/www.noctivagos.com\/wp-content\/uploads\/2015\/08\/C%C3%A9sar-Otero-NOCT2015-5.jpg?ssl=1\"><img loading=\"lazy\" decoding=\"async\" width=\"1024\" height=\"683\" src=\"https:\/\/i0.wp.com\/www.noctivagos.com\/wp-content\/uploads\/2015\/08\/C%C3%A9sar-Otero-NOCT2015-5.jpg?fit=1024%2C683&amp;ssl=1\" class=\"attachment-full size-full\" alt=\"\" aria-describedby=\"gallery-1-1142\" data-attachment-id=\"1142\" data-permalink=\"https:\/\/www.noctivagos.com\/?attachment_id=1142\" data-orig-file=\"https:\/\/i0.wp.com\/www.noctivagos.com\/wp-content\/uploads\/2015\/08\/C%C3%A9sar-Otero-NOCT2015-5.jpg?fit=1024%2C683&amp;ssl=1\" data-orig-size=\"1024,683\" data-comments-opened=\"1\" data-image-meta=\"{&quot;aperture&quot;:&quot;2.8&quot;,&quot;credit&quot;:&quot;Picasa&quot;,&quot;camera&quot;:&quot;NIKON D7100&quot;,&quot;caption&quot;:&quot;&quot;,&quot;created_timestamp&quot;:&quot;1436061256&quot;,&quot;copyright&quot;:&quot;&quot;,&quot;focal_length&quot;:&quot;17&quot;,&quot;iso&quot;:&quot;6400&quot;,&quot;shutter_speed&quot;:&quot;0.005&quot;,&quot;title&quot;:&quot;&quot;,&quot;orientation&quot;:&quot;0&quot;}\" data-image-title=\"C\u00e9sar Otero NOCT2015 (5)\" data-image-description=\"\" data-image-caption=\"&lt;p&gt;LAminimAL Teatre. FOTO: C\u00c9SAR OTERO&lt;\/p&gt;\n\" data-large-file=\"https:\/\/i0.wp.com\/www.noctivagos.com\/wp-content\/uploads\/2015\/08\/C%C3%A9sar-Otero-NOCT2015-5.jpg?fit=1024%2C683&amp;ssl=1\" \/><\/a>\n\t\t\t<\/div>\n\t\t\t\t<figcaption class='wp-caption-text gallery-caption' id='gallery-1-1142'>\n\t\t\t\tLAminimAL Teatre. FOTO: C\u00c9SAR OTERO\n\t\t\t\t<\/figcaption><\/figure><figure class='gallery-item'>\n\t\t\t<div class='gallery-icon landscape'>\n\t\t\t\t<a href=\"https:\/\/i0.wp.com\/www.noctivagos.com\/wp-content\/uploads\/2015\/08\/Juan-Piombo-NOCT2015-5.jpg?ssl=1\"><img loading=\"lazy\" decoding=\"async\" width=\"1024\" height=\"679\" src=\"https:\/\/i0.wp.com\/www.noctivagos.com\/wp-content\/uploads\/2015\/08\/Juan-Piombo-NOCT2015-5.jpg?fit=1024%2C679&amp;ssl=1\" class=\"attachment-full size-full\" alt=\"Noctivagos - Premios\" aria-describedby=\"gallery-1-1222\" srcset=\"https:\/\/i0.wp.com\/www.noctivagos.com\/wp-content\/uploads\/2015\/08\/Juan-Piombo-NOCT2015-5.jpg?w=1024&amp;ssl=1 1024w, https:\/\/i0.wp.com\/www.noctivagos.com\/wp-content\/uploads\/2015\/08\/Juan-Piombo-NOCT2015-5.jpg?resize=150%2C99&amp;ssl=1 150w, https:\/\/i0.wp.com\/www.noctivagos.com\/wp-content\/uploads\/2015\/08\/Juan-Piombo-NOCT2015-5.jpg?resize=300%2C199&amp;ssl=1 300w\" sizes=\"auto, (max-width: 1000px) 100vw, 1000px\" data-attachment-id=\"1222\" data-permalink=\"https:\/\/www.noctivagos.com\/?attachment_id=1222\" data-orig-file=\"https:\/\/i0.wp.com\/www.noctivagos.com\/wp-content\/uploads\/2015\/08\/Juan-Piombo-NOCT2015-5.jpg?fit=1024%2C679&amp;ssl=1\" data-orig-size=\"1024,679\" data-comments-opened=\"1\" data-image-meta=\"{&quot;aperture&quot;:&quot;4.2&quot;,&quot;credit&quot;:&quot;Picasa&quot;,&quot;camera&quot;:&quot;NIKON D40&quot;,&quot;caption&quot;:&quot;&quot;,&quot;created_timestamp&quot;:&quot;1436103856&quot;,&quot;copyright&quot;:&quot;&quot;,&quot;focal_length&quot;:&quot;30&quot;,&quot;iso&quot;:&quot;400&quot;,&quot;shutter_speed&quot;:&quot;0.016666666666667&quot;,&quot;title&quot;:&quot;&quot;,&quot;orientation&quot;:&quot;0&quot;}\" data-image-title=\"Juan Piombo NOCT2015 (5)\" data-image-description=\"\" data-image-caption=\"&lt;p&gt;2\u00ba Premio &amp;#8211; FOTO: JUAN PIOMBO&lt;\/p&gt;\n\" data-large-file=\"https:\/\/i0.wp.com\/www.noctivagos.com\/wp-content\/uploads\/2015\/08\/Juan-Piombo-NOCT2015-5.jpg?fit=1024%2C679&amp;ssl=1\" \/><\/a>\n\t\t\t<\/div>\n\t\t\t\t<figcaption class='wp-caption-text gallery-caption' id='gallery-1-1222'>\n\t\t\t\t2\u00ba Premio &#8211; FOTO: JUAN PIOMBO\n\t\t\t\t<\/figcaption><\/figure><figure class='gallery-item'>\n\t\t\t<div class='gallery-icon portrait'>\n\t\t\t\t<a href=\"https:\/\/i0.wp.com\/www.noctivagos.com\/wp-content\/uploads\/2015\/08\/Juan-Carlos-NOCT2015-18.jpg?ssl=1\"><img loading=\"lazy\" decoding=\"async\" width=\"683\" height=\"1024\" src=\"https:\/\/i0.wp.com\/www.noctivagos.com\/wp-content\/uploads\/2015\/08\/Juan-Carlos-NOCT2015-18.jpg?fit=683%2C1024&amp;ssl=1\" class=\"attachment-full size-full\" alt=\"Noctivagos - Oropesa - Torito\" aria-describedby=\"gallery-1-1217\" srcset=\"https:\/\/i0.wp.com\/www.noctivagos.com\/wp-content\/uploads\/2015\/08\/Juan-Carlos-NOCT2015-18.jpg?w=683&amp;ssl=1 683w, https:\/\/i0.wp.com\/www.noctivagos.com\/wp-content\/uploads\/2015\/08\/Juan-Carlos-NOCT2015-18.jpg?resize=100%2C150&amp;ssl=1 100w, https:\/\/i0.wp.com\/www.noctivagos.com\/wp-content\/uploads\/2015\/08\/Juan-Carlos-NOCT2015-18.jpg?resize=200%2C300&amp;ssl=1 200w\" sizes=\"auto, (max-width: 683px) 100vw, 683px\" data-attachment-id=\"1217\" data-permalink=\"https:\/\/www.noctivagos.com\/?attachment_id=1217\" data-orig-file=\"https:\/\/i0.wp.com\/www.noctivagos.com\/wp-content\/uploads\/2015\/08\/Juan-Carlos-NOCT2015-18.jpg?fit=683%2C1024&amp;ssl=1\" data-orig-size=\"683,1024\" data-comments-opened=\"1\" data-image-meta=\"{&quot;aperture&quot;:&quot;5.6&quot;,&quot;credit&quot;:&quot;Picasa&quot;,&quot;camera&quot;:&quot;Canon EOS 600D&quot;,&quot;caption&quot;:&quot;&quot;,&quot;created_timestamp&quot;:&quot;1404517398&quot;,&quot;copyright&quot;:&quot;&quot;,&quot;focal_length&quot;:&quot;300&quot;,&quot;iso&quot;:&quot;1600&quot;,&quot;shutter_speed&quot;:&quot;0.003125&quot;,&quot;title&quot;:&quot;&quot;,&quot;orientation&quot;:&quot;0&quot;}\" data-image-title=\"Juan Carlos NOCT2015 (18)\" data-image-description=\"\" data-image-caption=\"&lt;p&gt;El Duende Teatro. FOTO: JUAN CARLOS GARC\u00cdA CORROCHANO&lt;\/p&gt;\n\" data-large-file=\"https:\/\/i0.wp.com\/www.noctivagos.com\/wp-content\/uploads\/2015\/08\/Juan-Carlos-NOCT2015-18.jpg?fit=683%2C1024&amp;ssl=1\" \/><\/a>\n\t\t\t<\/div>\n\t\t\t\t<figcaption class='wp-caption-text gallery-caption' id='gallery-1-1217'>\n\t\t\t\tEl Duende Teatro. FOTO: JUAN CARLOS GARC\u00cdA CORROCHANO\n\t\t\t\t<\/figcaption><\/figure><figure class='gallery-item'>\n\t\t\t<div class='gallery-icon landscape'>\n\t\t\t\t<a href=\"https:\/\/i0.wp.com\/www.noctivagos.com\/wp-content\/uploads\/2015\/08\/C%C3%A9sar-Otero-NOCT2015-19.jpg?ssl=1\"><img loading=\"lazy\" decoding=\"async\" width=\"1024\" height=\"683\" src=\"https:\/\/i0.wp.com\/www.noctivagos.com\/wp-content\/uploads\/2015\/08\/C%C3%A9sar-Otero-NOCT2015-19.jpg?fit=1024%2C683&amp;ssl=1\" class=\"attachment-full size-full\" alt=\"Noctivagos - Oropesa - La Estatua\" aria-describedby=\"gallery-1-1156\" data-attachment-id=\"1156\" data-permalink=\"https:\/\/www.noctivagos.com\/?attachment_id=1156\" data-orig-file=\"https:\/\/i0.wp.com\/www.noctivagos.com\/wp-content\/uploads\/2015\/08\/C%C3%A9sar-Otero-NOCT2015-19.jpg?fit=1024%2C683&amp;ssl=1\" data-orig-size=\"1024,683\" data-comments-opened=\"1\" data-image-meta=\"{&quot;aperture&quot;:&quot;2.8&quot;,&quot;credit&quot;:&quot;Picasa&quot;,&quot;camera&quot;:&quot;NIKON D7100&quot;,&quot;caption&quot;:&quot;&quot;,&quot;created_timestamp&quot;:&quot;1436012271&quot;,&quot;copyright&quot;:&quot;&quot;,&quot;focal_length&quot;:&quot;50&quot;,&quot;iso&quot;:&quot;100&quot;,&quot;shutter_speed&quot;:&quot;0.0005&quot;,&quot;title&quot;:&quot;&quot;,&quot;orientation&quot;:&quot;0&quot;}\" data-image-title=\"C\u00e9sar Otero NOCT2015 (19)\" data-image-description=\"\" data-image-caption=\"&lt;p&gt;Teatro El Navarro. FOTO: C\u00c9SAR OTERO&lt;\/p&gt;\n\" data-large-file=\"https:\/\/i0.wp.com\/www.noctivagos.com\/wp-content\/uploads\/2015\/08\/C%C3%A9sar-Otero-NOCT2015-19.jpg?fit=1024%2C683&amp;ssl=1\" \/><\/a>\n\t\t\t<\/div>\n\t\t\t\t<figcaption class='wp-caption-text gallery-caption' id='gallery-1-1156'>\n\t\t\t\tTeatro El Navarro. FOTO: C\u00c9SAR OTERO\n\t\t\t\t<\/figcaption><\/figure><figure class='gallery-item'>\n\t\t\t<div class='gallery-icon portrait'>\n\t\t\t\t<a href=\"https:\/\/i0.wp.com\/www.noctivagos.com\/wp-content\/uploads\/2015\/08\/Juan-Carlos-NOCT2015-11.jpg?ssl=1\"><img loading=\"lazy\" decoding=\"async\" width=\"683\" height=\"1024\" src=\"https:\/\/i0.wp.com\/www.noctivagos.com\/wp-content\/uploads\/2015\/08\/Juan-Carlos-NOCT2015-11.jpg?fit=683%2C1024&amp;ssl=1\" class=\"attachment-full size-full\" alt=\"Noctivagos - Oropesa - D&#039;Click\" aria-describedby=\"gallery-1-1210\" srcset=\"https:\/\/i0.wp.com\/www.noctivagos.com\/wp-content\/uploads\/2015\/08\/Juan-Carlos-NOCT2015-11.jpg?w=683&amp;ssl=1 683w, https:\/\/i0.wp.com\/www.noctivagos.com\/wp-content\/uploads\/2015\/08\/Juan-Carlos-NOCT2015-11.jpg?resize=100%2C150&amp;ssl=1 100w, https:\/\/i0.wp.com\/www.noctivagos.com\/wp-content\/uploads\/2015\/08\/Juan-Carlos-NOCT2015-11.jpg?resize=200%2C300&amp;ssl=1 200w\" sizes=\"auto, (max-width: 683px) 100vw, 683px\" data-attachment-id=\"1210\" data-permalink=\"https:\/\/www.noctivagos.com\/?attachment_id=1210\" data-orig-file=\"https:\/\/i0.wp.com\/www.noctivagos.com\/wp-content\/uploads\/2015\/08\/Juan-Carlos-NOCT2015-11.jpg?fit=683%2C1024&amp;ssl=1\" data-orig-size=\"683,1024\" data-comments-opened=\"1\" data-image-meta=\"{&quot;aperture&quot;:&quot;5.6&quot;,&quot;credit&quot;:&quot;Picasa&quot;,&quot;camera&quot;:&quot;Canon EOS 600D&quot;,&quot;caption&quot;:&quot;&quot;,&quot;created_timestamp&quot;:&quot;1404477996&quot;,&quot;copyright&quot;:&quot;&quot;,&quot;focal_length&quot;:&quot;53&quot;,&quot;iso&quot;:&quot;3200&quot;,&quot;shutter_speed&quot;:&quot;0.005&quot;,&quot;title&quot;:&quot;&quot;,&quot;orientation&quot;:&quot;0&quot;}\" data-image-title=\"Juan Carlos NOCT2015 (11)\" data-image-description=\"\" data-image-caption=\"&lt;p&gt;C\u00eda D&amp;#8217;Click. FOTO: JUAN CARLOS GARC\u00cdA CORROCHANO&lt;\/p&gt;\n\" data-large-file=\"https:\/\/i0.wp.com\/www.noctivagos.com\/wp-content\/uploads\/2015\/08\/Juan-Carlos-NOCT2015-11.jpg?fit=683%2C1024&amp;ssl=1\" \/><\/a>\n\t\t\t<\/div>\n\t\t\t\t<figcaption class='wp-caption-text gallery-caption' id='gallery-1-1210'>\n\t\t\t\tC\u00eda D&#8217;Click. FOTO: JUAN CARLOS GARC\u00cdA CORROCHANO\n\t\t\t\t<\/figcaption><\/figure><figure class='gallery-item'>\n\t\t\t<div class='gallery-icon landscape'>\n\t\t\t\t<a href=\"https:\/\/i0.wp.com\/www.noctivagos.com\/wp-content\/uploads\/2015\/08\/Javier-Diaz-NOCT2015-4.jpg?ssl=1\"><img loading=\"lazy\" decoding=\"async\" width=\"1024\" height=\"679\" src=\"https:\/\/i0.wp.com\/www.noctivagos.com\/wp-content\/uploads\/2015\/08\/Javier-Diaz-NOCT2015-4.jpg?fit=1024%2C679&amp;ssl=1\" class=\"attachment-full size-full\" alt=\"Noctivagos - Oropesa - D&#039;Click\" aria-describedby=\"gallery-1-1192\" srcset=\"https:\/\/i0.wp.com\/www.noctivagos.com\/wp-content\/uploads\/2015\/08\/Javier-Diaz-NOCT2015-4.jpg?w=1024&amp;ssl=1 1024w, https:\/\/i0.wp.com\/www.noctivagos.com\/wp-content\/uploads\/2015\/08\/Javier-Diaz-NOCT2015-4.jpg?resize=150%2C99&amp;ssl=1 150w, https:\/\/i0.wp.com\/www.noctivagos.com\/wp-content\/uploads\/2015\/08\/Javier-Diaz-NOCT2015-4.jpg?resize=300%2C199&amp;ssl=1 300w\" sizes=\"auto, (max-width: 1000px) 100vw, 1000px\" data-attachment-id=\"1192\" data-permalink=\"https:\/\/www.noctivagos.com\/?attachment_id=1192\" data-orig-file=\"https:\/\/i0.wp.com\/www.noctivagos.com\/wp-content\/uploads\/2015\/08\/Javier-Diaz-NOCT2015-4.jpg?fit=1024%2C679&amp;ssl=1\" data-orig-size=\"1024,679\" data-comments-opened=\"1\" data-image-meta=\"{&quot;aperture&quot;:&quot;5.6&quot;,&quot;credit&quot;:&quot;Picasa&quot;,&quot;camera&quot;:&quot;NIKON D40&quot;,&quot;caption&quot;:&quot;&quot;,&quot;created_timestamp&quot;:&quot;1435974987&quot;,&quot;copyright&quot;:&quot;&quot;,&quot;focal_length&quot;:&quot;55&quot;,&quot;iso&quot;:&quot;1600&quot;,&quot;shutter_speed&quot;:&quot;0.016666666666667&quot;,&quot;title&quot;:&quot;&quot;,&quot;orientation&quot;:&quot;0&quot;}\" data-image-title=\"Javier Diaz NOCT2015 (4)\" data-image-description=\"\" data-image-caption=\"&lt;p&gt;C\u00eda D&amp;#8217;Click. FOTO: JAVIER D\u00cdAZ BARRADO&lt;\/p&gt;\n\" data-large-file=\"https:\/\/i0.wp.com\/www.noctivagos.com\/wp-content\/uploads\/2015\/08\/Javier-Diaz-NOCT2015-4.jpg?fit=1024%2C679&amp;ssl=1\" \/><\/a>\n\t\t\t<\/div>\n\t\t\t\t<figcaption class='wp-caption-text gallery-caption' id='gallery-1-1192'>\n\t\t\t\tC\u00eda D&#8217;Click. FOTO: JAVIER D\u00cdAZ BARRADO\n\t\t\t\t<\/figcaption><\/figure><figure class='gallery-item'>\n\t\t\t<div class='gallery-icon landscape'>\n\t\t\t\t<a href=\"https:\/\/i0.wp.com\/www.noctivagos.com\/wp-content\/uploads\/2015\/08\/C%C3%A9sar-Otero-NOCTIV2015-27.jpg?ssl=1\"><img loading=\"lazy\" decoding=\"async\" width=\"1024\" height=\"683\" src=\"https:\/\/i0.wp.com\/www.noctivagos.com\/wp-content\/uploads\/2015\/08\/C%C3%A9sar-Otero-NOCTIV2015-27.jpg?fit=1024%2C683&amp;ssl=1\" class=\"attachment-full size-full\" alt=\"Noctivagos - Oropesa - Apertura\" aria-describedby=\"gallery-1-1188\" data-attachment-id=\"1188\" data-permalink=\"https:\/\/www.noctivagos.com\/?attachment_id=1188\" data-orig-file=\"https:\/\/i0.wp.com\/www.noctivagos.com\/wp-content\/uploads\/2015\/08\/C%C3%A9sar-Otero-NOCTIV2015-27.jpg?fit=1024%2C683&amp;ssl=1\" data-orig-size=\"1024,683\" data-comments-opened=\"1\" data-image-meta=\"{&quot;aperture&quot;:&quot;0&quot;,&quot;credit&quot;:&quot;Picasa&quot;,&quot;camera&quot;:&quot;&quot;,&quot;caption&quot;:&quot;&quot;,&quot;created_timestamp&quot;:&quot;1435955145&quot;,&quot;copyright&quot;:&quot;&quot;,&quot;focal_length&quot;:&quot;0&quot;,&quot;iso&quot;:&quot;0&quot;,&quot;shutter_speed&quot;:&quot;0&quot;,&quot;title&quot;:&quot;&quot;,&quot;orientation&quot;:&quot;0&quot;}\" data-image-title=\"C\u00e9sar Otero NOCTIV2015 (27)\" data-image-description=\"\" data-image-caption=\"&lt;p&gt;Apertura Certamen. FOTO: C\u00c9SAR OTERO&lt;\/p&gt;\n\" data-large-file=\"https:\/\/i0.wp.com\/www.noctivagos.com\/wp-content\/uploads\/2015\/08\/C%C3%A9sar-Otero-NOCTIV2015-27.jpg?fit=1024%2C683&amp;ssl=1\" \/><\/a>\n\t\t\t<\/div>\n\t\t\t\t<figcaption class='wp-caption-text gallery-caption' id='gallery-1-1188'>\n\t\t\t\tApertura Certamen. FOTO: C\u00c9SAR OTERO\n\t\t\t\t<\/figcaption><\/figure><figure class='gallery-item'>\n\t\t\t<div class='gallery-icon landscape'>\n\t\t\t\t<a href=\"https:\/\/i0.wp.com\/www.noctivagos.com\/wp-content\/uploads\/2015\/08\/C%C3%A9sar-Otero-NOCTIV2015-14.jpg?ssl=1\"><img loading=\"lazy\" decoding=\"async\" width=\"1024\" height=\"683\" src=\"https:\/\/i0.wp.com\/www.noctivagos.com\/wp-content\/uploads\/2015\/08\/C%C3%A9sar-Otero-NOCTIV2015-14.jpg?fit=1024%2C683&amp;ssl=1\" class=\"attachment-full size-full\" alt=\"Noctivagos - Oropesa - La Estatua\" aria-describedby=\"gallery-1-1174\" data-attachment-id=\"1174\" data-permalink=\"https:\/\/www.noctivagos.com\/?attachment_id=1174\" data-orig-file=\"https:\/\/i0.wp.com\/www.noctivagos.com\/wp-content\/uploads\/2015\/08\/C%C3%A9sar-Otero-NOCTIV2015-14.jpg?fit=1024%2C683&amp;ssl=1\" data-orig-size=\"1024,683\" data-comments-opened=\"1\" data-image-meta=\"{&quot;aperture&quot;:&quot;0&quot;,&quot;credit&quot;:&quot;Picasa&quot;,&quot;camera&quot;:&quot;&quot;,&quot;caption&quot;:&quot;&quot;,&quot;created_timestamp&quot;:&quot;1436012997&quot;,&quot;copyright&quot;:&quot;&quot;,&quot;focal_length&quot;:&quot;0&quot;,&quot;iso&quot;:&quot;0&quot;,&quot;shutter_speed&quot;:&quot;0&quot;,&quot;title&quot;:&quot;&quot;,&quot;orientation&quot;:&quot;0&quot;}\" data-image-title=\"C\u00e9sar Otero NOCTIV2015 (14)\" data-image-description=\"\" data-image-caption=\"&lt;p&gt;Teatro El Navarro. FOTO: C\u00c9SAR OTERO&lt;\/p&gt;\n\" data-large-file=\"https:\/\/i0.wp.com\/www.noctivagos.com\/wp-content\/uploads\/2015\/08\/C%C3%A9sar-Otero-NOCTIV2015-14.jpg?fit=1024%2C683&amp;ssl=1\" \/><\/a>\n\t\t\t<\/div>\n\t\t\t\t<figcaption class='wp-caption-text gallery-caption' id='gallery-1-1174'>\n\t\t\t\tTeatro El Navarro. FOTO: C\u00c9SAR OTERO\n\t\t\t\t<\/figcaption><\/figure><figure class='gallery-item'>\n\t\t\t<div class='gallery-icon landscape'>\n\t\t\t\t<a href=\"https:\/\/i0.wp.com\/www.noctivagos.com\/wp-content\/uploads\/2015\/08\/C%C3%A9sar-Otero-NOCTIV2015-16.jpg?ssl=1\"><img loading=\"lazy\" decoding=\"async\" width=\"1024\" height=\"683\" src=\"https:\/\/i0.wp.com\/www.noctivagos.com\/wp-content\/uploads\/2015\/08\/C%C3%A9sar-Otero-NOCTIV2015-16.jpg?fit=1024%2C683&amp;ssl=1\" class=\"attachment-full size-full\" alt=\"Noctivagos - Oropesa - La Estatua\" aria-describedby=\"gallery-1-1177\" data-attachment-id=\"1177\" data-permalink=\"https:\/\/www.noctivagos.com\/?attachment_id=1177\" data-orig-file=\"https:\/\/i0.wp.com\/www.noctivagos.com\/wp-content\/uploads\/2015\/08\/C%C3%A9sar-Otero-NOCTIV2015-16.jpg?fit=1024%2C683&amp;ssl=1\" data-orig-size=\"1024,683\" data-comments-opened=\"1\" data-image-meta=\"{&quot;aperture&quot;:&quot;0&quot;,&quot;credit&quot;:&quot;Picasa&quot;,&quot;camera&quot;:&quot;&quot;,&quot;caption&quot;:&quot;&quot;,&quot;created_timestamp&quot;:&quot;1436012133&quot;,&quot;copyright&quot;:&quot;&quot;,&quot;focal_length&quot;:&quot;0&quot;,&quot;iso&quot;:&quot;0&quot;,&quot;shutter_speed&quot;:&quot;0&quot;,&quot;title&quot;:&quot;&quot;,&quot;orientation&quot;:&quot;0&quot;}\" data-image-title=\"C\u00e9sar Otero NOCTIV2015 (16)\" data-image-description=\"\" data-image-caption=\"&lt;p&gt;Teatro El Navarro. FOTO: C\u00c9SAR OTERO&lt;\/p&gt;\n\" data-large-file=\"https:\/\/i0.wp.com\/www.noctivagos.com\/wp-content\/uploads\/2015\/08\/C%C3%A9sar-Otero-NOCTIV2015-16.jpg?fit=1024%2C683&amp;ssl=1\" \/><\/a>\n\t\t\t<\/div>\n\t\t\t\t<figcaption class='wp-caption-text gallery-caption' id='gallery-1-1177'>\n\t\t\t\tTeatro El Navarro. FOTO: C\u00c9SAR OTERO\n\t\t\t\t<\/figcaption><\/figure><figure class='gallery-item'>\n\t\t\t<div class='gallery-icon landscape'>\n\t\t\t\t<a href=\"https:\/\/i0.wp.com\/www.noctivagos.com\/wp-content\/uploads\/2015\/08\/C%C3%A9sar-Otero-NOCTIV2015-7.jpg?ssl=1\"><img loading=\"lazy\" decoding=\"async\" width=\"1024\" height=\"683\" src=\"https:\/\/i0.wp.com\/www.noctivagos.com\/wp-content\/uploads\/2015\/08\/C%C3%A9sar-Otero-NOCTIV2015-7.jpg?fit=1024%2C683&amp;ssl=1\" class=\"attachment-full size-full\" alt=\"Noctivagos - Oropesa - Quijote\" aria-describedby=\"gallery-1-1167\" data-attachment-id=\"1167\" data-permalink=\"https:\/\/www.noctivagos.com\/?attachment_id=1167\" data-orig-file=\"https:\/\/i0.wp.com\/www.noctivagos.com\/wp-content\/uploads\/2015\/08\/C%C3%A9sar-Otero-NOCTIV2015-7.jpg?fit=1024%2C683&amp;ssl=1\" data-orig-size=\"1024,683\" data-comments-opened=\"1\" data-image-meta=\"{&quot;aperture&quot;:&quot;0&quot;,&quot;credit&quot;:&quot;Picasa&quot;,&quot;camera&quot;:&quot;&quot;,&quot;caption&quot;:&quot;&quot;,&quot;created_timestamp&quot;:&quot;1436055605&quot;,&quot;copyright&quot;:&quot;&quot;,&quot;focal_length&quot;:&quot;0&quot;,&quot;iso&quot;:&quot;0&quot;,&quot;shutter_speed&quot;:&quot;0&quot;,&quot;title&quot;:&quot;&quot;,&quot;orientation&quot;:&quot;0&quot;}\" data-image-title=\"C\u00e9sar Otero NOCTIV2015 (7)\" data-image-description=\"\" data-image-caption=\"&lt;p&gt;Bambalina Teatre. FOTO: C\u00c9SAR OTERO&lt;\/p&gt;\n\" data-large-file=\"https:\/\/i0.wp.com\/www.noctivagos.com\/wp-content\/uploads\/2015\/08\/C%C3%A9sar-Otero-NOCTIV2015-7.jpg?fit=1024%2C683&amp;ssl=1\" \/><\/a>\n\t\t\t<\/div>\n\t\t\t\t<figcaption class='wp-caption-text gallery-caption' id='gallery-1-1167'>\n\t\t\t\tBambalina Teatre. FOTO: C\u00c9SAR OTERO\n\t\t\t\t<\/figcaption><\/figure><figure class='gallery-item'>\n\t\t\t<div class='gallery-icon portrait'>\n\t\t\t\t<a href=\"https:\/\/i0.wp.com\/www.noctivagos.com\/wp-content\/uploads\/2015\/08\/Juan-Carlos-NOCT2015-2.jpg?ssl=1\"><img loading=\"lazy\" decoding=\"async\" width=\"683\" height=\"1024\" src=\"https:\/\/i0.wp.com\/www.noctivagos.com\/wp-content\/uploads\/2015\/08\/Juan-Carlos-NOCT2015-2.jpg?fit=683%2C1024&amp;ssl=1\" class=\"attachment-full size-full\" alt=\"Noctivagos - Oropesa - Superheroe\" aria-describedby=\"gallery-1-1201\" srcset=\"https:\/\/i0.wp.com\/www.noctivagos.com\/wp-content\/uploads\/2015\/08\/Juan-Carlos-NOCT2015-2.jpg?w=683&amp;ssl=1 683w, https:\/\/i0.wp.com\/www.noctivagos.com\/wp-content\/uploads\/2015\/08\/Juan-Carlos-NOCT2015-2.jpg?resize=100%2C150&amp;ssl=1 100w, https:\/\/i0.wp.com\/www.noctivagos.com\/wp-content\/uploads\/2015\/08\/Juan-Carlos-NOCT2015-2.jpg?resize=200%2C300&amp;ssl=1 200w\" sizes=\"auto, (max-width: 683px) 100vw, 683px\" data-attachment-id=\"1201\" data-permalink=\"https:\/\/www.noctivagos.com\/?attachment_id=1201\" data-orig-file=\"https:\/\/i0.wp.com\/www.noctivagos.com\/wp-content\/uploads\/2015\/08\/Juan-Carlos-NOCT2015-2.jpg?fit=683%2C1024&amp;ssl=1\" data-orig-size=\"683,1024\" data-comments-opened=\"1\" data-image-meta=\"{&quot;aperture&quot;:&quot;5.6&quot;,&quot;credit&quot;:&quot;Picasa&quot;,&quot;camera&quot;:&quot;Canon EOS 600D&quot;,&quot;caption&quot;:&quot;&quot;,&quot;created_timestamp&quot;:&quot;1404425179&quot;,&quot;copyright&quot;:&quot;&quot;,&quot;focal_length&quot;:&quot;300&quot;,&quot;iso&quot;:&quot;6400&quot;,&quot;shutter_speed&quot;:&quot;0.01&quot;,&quot;title&quot;:&quot;&quot;,&quot;orientation&quot;:&quot;0&quot;}\" data-image-title=\"Juan Carlos NOCT2015 (2)\" data-image-description=\"\" data-image-caption=\"&lt;p&gt;El Perro Azul Teatro. FOTO: JUAN CARLOS GARC\u00cdA CORROCHANO&lt;\/p&gt;\n\" data-large-file=\"https:\/\/i0.wp.com\/www.noctivagos.com\/wp-content\/uploads\/2015\/08\/Juan-Carlos-NOCT2015-2.jpg?fit=683%2C1024&amp;ssl=1\" \/><\/a>\n\t\t\t<\/div>\n\t\t\t\t<figcaption class='wp-caption-text gallery-caption' id='gallery-1-1201'>\n\t\t\t\tEl Perro Azul Teatro. FOTO: JUAN CARLOS GARC\u00cdA CORROCHANO\n\t\t\t\t<\/figcaption><\/figure><figure class='gallery-item'>\n\t\t\t<div class='gallery-icon portrait'>\n\t\t\t\t<a href=\"https:\/\/i0.wp.com\/www.noctivagos.com\/wp-content\/uploads\/2015\/08\/Juan-Carlos-NOCT2015-13.jpg?ssl=1\"><img loading=\"lazy\" decoding=\"async\" width=\"683\" height=\"1024\" src=\"https:\/\/i0.wp.com\/www.noctivagos.com\/wp-content\/uploads\/2015\/08\/Juan-Carlos-NOCT2015-13.jpg?fit=683%2C1024&amp;ssl=1\" class=\"attachment-full size-full\" alt=\"Noctivagos - Oropesa - D&#039;Click\" aria-describedby=\"gallery-1-1212\" srcset=\"https:\/\/i0.wp.com\/www.noctivagos.com\/wp-content\/uploads\/2015\/08\/Juan-Carlos-NOCT2015-13.jpg?w=683&amp;ssl=1 683w, https:\/\/i0.wp.com\/www.noctivagos.com\/wp-content\/uploads\/2015\/08\/Juan-Carlos-NOCT2015-13.jpg?resize=100%2C150&amp;ssl=1 100w, https:\/\/i0.wp.com\/www.noctivagos.com\/wp-content\/uploads\/2015\/08\/Juan-Carlos-NOCT2015-13.jpg?resize=200%2C300&amp;ssl=1 200w\" sizes=\"auto, (max-width: 683px) 100vw, 683px\" data-attachment-id=\"1212\" data-permalink=\"https:\/\/www.noctivagos.com\/?attachment_id=1212\" data-orig-file=\"https:\/\/i0.wp.com\/www.noctivagos.com\/wp-content\/uploads\/2015\/08\/Juan-Carlos-NOCT2015-13.jpg?fit=683%2C1024&amp;ssl=1\" data-orig-size=\"683,1024\" data-comments-opened=\"1\" data-image-meta=\"{&quot;aperture&quot;:&quot;5.6&quot;,&quot;credit&quot;:&quot;Picasa&quot;,&quot;camera&quot;:&quot;Canon EOS 600D&quot;,&quot;caption&quot;:&quot;&quot;,&quot;created_timestamp&quot;:&quot;1404479176&quot;,&quot;copyright&quot;:&quot;&quot;,&quot;focal_length&quot;:&quot;55&quot;,&quot;iso&quot;:&quot;3200&quot;,&quot;shutter_speed&quot;:&quot;0.00125&quot;,&quot;title&quot;:&quot;&quot;,&quot;orientation&quot;:&quot;0&quot;}\" data-image-title=\"Juan Carlos NOCT2015 (13)\" data-image-description=\"\" data-image-caption=\"&lt;p&gt;C\u00eda D&amp;#8217;Click. FOTO: JUAN CARLOS GARC\u00cdA CORROCHANO&lt;\/p&gt;\n\" data-large-file=\"https:\/\/i0.wp.com\/www.noctivagos.com\/wp-content\/uploads\/2015\/08\/Juan-Carlos-NOCT2015-13.jpg?fit=683%2C1024&amp;ssl=1\" \/><\/a>\n\t\t\t<\/div>\n\t\t\t\t<figcaption class='wp-caption-text gallery-caption' id='gallery-1-1212'>\n\t\t\t\tC\u00eda D&#8217;Click. FOTO: JUAN CARLOS GARC\u00cdA CORROCHANO\n\t\t\t\t<\/figcaption><\/figure><figure class='gallery-item'>\n\t\t\t<div class='gallery-icon landscape'>\n\t\t\t\t<a href=\"https:\/\/i0.wp.com\/www.noctivagos.com\/wp-content\/uploads\/2015\/08\/C%C3%A9sar-Otero-NOCTIV2015-6.jpg?ssl=1\"><img loading=\"lazy\" decoding=\"async\" width=\"1024\" height=\"683\" src=\"https:\/\/i0.wp.com\/www.noctivagos.com\/wp-content\/uploads\/2015\/08\/C%C3%A9sar-Otero-NOCTIV2015-6.jpg?fit=1024%2C683&amp;ssl=1\" class=\"attachment-full size-full\" alt=\"Noctivagos - Oropesa - LAminimAL\" aria-describedby=\"gallery-1-1166\" data-attachment-id=\"1166\" data-permalink=\"https:\/\/www.noctivagos.com\/?attachment_id=1166\" data-orig-file=\"https:\/\/i0.wp.com\/www.noctivagos.com\/wp-content\/uploads\/2015\/08\/C%C3%A9sar-Otero-NOCTIV2015-6.jpg?fit=1024%2C683&amp;ssl=1\" data-orig-size=\"1024,683\" data-comments-opened=\"1\" data-image-meta=\"{&quot;aperture&quot;:&quot;0&quot;,&quot;credit&quot;:&quot;Picasa&quot;,&quot;camera&quot;:&quot;&quot;,&quot;caption&quot;:&quot;&quot;,&quot;created_timestamp&quot;:&quot;1436060548&quot;,&quot;copyright&quot;:&quot;&quot;,&quot;focal_length&quot;:&quot;0&quot;,&quot;iso&quot;:&quot;0&quot;,&quot;shutter_speed&quot;:&quot;0&quot;,&quot;title&quot;:&quot;&quot;,&quot;orientation&quot;:&quot;0&quot;}\" data-image-title=\"C\u00e9sar Otero NOCTIV2015 (6)\" data-image-description=\"\" data-image-caption=\"&lt;p&gt;LAminimAL Teatre. FOTO: C\u00c9SAR OTERO&lt;\/p&gt;\n\" data-large-file=\"https:\/\/i0.wp.com\/www.noctivagos.com\/wp-content\/uploads\/2015\/08\/C%C3%A9sar-Otero-NOCTIV2015-6.jpg?fit=1024%2C683&amp;ssl=1\" \/><\/a>\n\t\t\t<\/div>\n\t\t\t\t<figcaption class='wp-caption-text gallery-caption' id='gallery-1-1166'>\n\t\t\t\tLAminimAL Teatre. FOTO: C\u00c9SAR OTERO\n\t\t\t\t<\/figcaption><\/figure><figure class='gallery-item'>\n\t\t\t<div class='gallery-icon portrait'>\n\t\t\t\t<a href=\"https:\/\/i0.wp.com\/www.noctivagos.com\/wp-content\/uploads\/2015\/08\/Juan-Carlos-NOCT2015-14.jpg?ssl=1\"><img loading=\"lazy\" decoding=\"async\" width=\"683\" height=\"1024\" src=\"https:\/\/i0.wp.com\/www.noctivagos.com\/wp-content\/uploads\/2015\/08\/Juan-Carlos-NOCT2015-14.jpg?fit=683%2C1024&amp;ssl=1\" class=\"attachment-full size-full\" alt=\"Noctivagos - Oropesa - D&#039;Click\" aria-describedby=\"gallery-1-1213\" srcset=\"https:\/\/i0.wp.com\/www.noctivagos.com\/wp-content\/uploads\/2015\/08\/Juan-Carlos-NOCT2015-14.jpg?w=683&amp;ssl=1 683w, https:\/\/i0.wp.com\/www.noctivagos.com\/wp-content\/uploads\/2015\/08\/Juan-Carlos-NOCT2015-14.jpg?resize=100%2C150&amp;ssl=1 100w, https:\/\/i0.wp.com\/www.noctivagos.com\/wp-content\/uploads\/2015\/08\/Juan-Carlos-NOCT2015-14.jpg?resize=200%2C300&amp;ssl=1 200w\" sizes=\"auto, (max-width: 683px) 100vw, 683px\" data-attachment-id=\"1213\" data-permalink=\"https:\/\/www.noctivagos.com\/?attachment_id=1213\" data-orig-file=\"https:\/\/i0.wp.com\/www.noctivagos.com\/wp-content\/uploads\/2015\/08\/Juan-Carlos-NOCT2015-14.jpg?fit=683%2C1024&amp;ssl=1\" data-orig-size=\"683,1024\" data-comments-opened=\"1\" data-image-meta=\"{&quot;aperture&quot;:&quot;5.6&quot;,&quot;credit&quot;:&quot;Picasa&quot;,&quot;camera&quot;:&quot;Canon EOS 600D&quot;,&quot;caption&quot;:&quot;&quot;,&quot;created_timestamp&quot;:&quot;1404479749&quot;,&quot;copyright&quot;:&quot;&quot;,&quot;focal_length&quot;:&quot;55&quot;,&quot;iso&quot;:&quot;3200&quot;,&quot;shutter_speed&quot;:&quot;0.004&quot;,&quot;title&quot;:&quot;&quot;,&quot;orientation&quot;:&quot;0&quot;}\" data-image-title=\"Juan Carlos NOCT2015 (14)\" data-image-description=\"\" data-image-caption=\"&lt;p&gt;C\u00eda D&amp;#8217;Click. FOTO: JUAN CARLOS GARC\u00cdA CORROCHANO&lt;\/p&gt;\n\" data-large-file=\"https:\/\/i0.wp.com\/www.noctivagos.com\/wp-content\/uploads\/2015\/08\/Juan-Carlos-NOCT2015-14.jpg?fit=683%2C1024&amp;ssl=1\" \/><\/a>\n\t\t\t<\/div>\n\t\t\t\t<figcaption class='wp-caption-text gallery-caption' id='gallery-1-1213'>\n\t\t\t\tC\u00eda D&#8217;Click. FOTO: JUAN CARLOS GARC\u00cdA CORROCHANO\n\t\t\t\t<\/figcaption><\/figure><figure class='gallery-item'>\n\t\t\t<div class='gallery-icon portrait'>\n\t\t\t\t<a href=\"https:\/\/i0.wp.com\/www.noctivagos.com\/wp-content\/uploads\/2015\/08\/C%C3%A9sar-Otero-NOCT2015-16.jpg?ssl=1\"><img loading=\"lazy\" decoding=\"async\" width=\"634\" height=\"950\" src=\"https:\/\/i0.wp.com\/www.noctivagos.com\/wp-content\/uploads\/2015\/08\/C%C3%A9sar-Otero-NOCT2015-16.jpg?fit=634%2C950&amp;ssl=1\" class=\"attachment-full size-full\" alt=\"Noctivagos - Oropesa - Apertura\" aria-describedby=\"gallery-1-1153\" data-attachment-id=\"1153\" data-permalink=\"https:\/\/www.noctivagos.com\/?attachment_id=1153\" data-orig-file=\"https:\/\/i0.wp.com\/www.noctivagos.com\/wp-content\/uploads\/2015\/08\/C%C3%A9sar-Otero-NOCT2015-16.jpg?fit=634%2C950&amp;ssl=1\" data-orig-size=\"634,950\" data-comments-opened=\"1\" data-image-meta=\"{&quot;aperture&quot;:&quot;0&quot;,&quot;credit&quot;:&quot;Picasa&quot;,&quot;camera&quot;:&quot;&quot;,&quot;caption&quot;:&quot;&quot;,&quot;created_timestamp&quot;:&quot;1435955519&quot;,&quot;copyright&quot;:&quot;&quot;,&quot;focal_length&quot;:&quot;0&quot;,&quot;iso&quot;:&quot;0&quot;,&quot;shutter_speed&quot;:&quot;0&quot;,&quot;title&quot;:&quot;&quot;,&quot;orientation&quot;:&quot;0&quot;}\" data-image-title=\"C\u00e9sar Otero NOCT2015 (16)\" data-image-description=\"\" data-image-caption=\"&lt;p&gt;Apertura. FOTO: C\u00c9SAR OTERO&lt;\/p&gt;\n\" data-large-file=\"https:\/\/i0.wp.com\/www.noctivagos.com\/wp-content\/uploads\/2015\/08\/C%C3%A9sar-Otero-NOCT2015-16.jpg?fit=634%2C950&amp;ssl=1\" \/><\/a>\n\t\t\t<\/div>\n\t\t\t\t<figcaption class='wp-caption-text gallery-caption' id='gallery-1-1153'>\n\t\t\t\tApertura. FOTO: C\u00c9SAR OTERO\n\t\t\t\t<\/figcaption><\/figure><figure class='gallery-item'>\n\t\t\t<div class='gallery-icon portrait'>\n\t\t\t\t<a href=\"https:\/\/i0.wp.com\/www.noctivagos.com\/wp-content\/uploads\/2015\/08\/C%C3%A9sar-Otero-NOCTIV2015-25.jpg?ssl=1\"><img loading=\"lazy\" decoding=\"async\" width=\"684\" height=\"1024\" src=\"https:\/\/i0.wp.com\/www.noctivagos.com\/wp-content\/uploads\/2015\/08\/C%C3%A9sar-Otero-NOCTIV2015-25.jpg?fit=684%2C1024&amp;ssl=1\" class=\"attachment-full size-full\" alt=\"Noctivagos - Oropesa - Apertura\" aria-describedby=\"gallery-1-1186\" data-attachment-id=\"1186\" data-permalink=\"https:\/\/www.noctivagos.com\/?attachment_id=1186\" data-orig-file=\"https:\/\/i0.wp.com\/www.noctivagos.com\/wp-content\/uploads\/2015\/08\/C%C3%A9sar-Otero-NOCTIV2015-25.jpg?fit=684%2C1024&amp;ssl=1\" data-orig-size=\"684,1024\" data-comments-opened=\"1\" data-image-meta=\"{&quot;aperture&quot;:&quot;0&quot;,&quot;credit&quot;:&quot;Picasa&quot;,&quot;camera&quot;:&quot;&quot;,&quot;caption&quot;:&quot;&quot;,&quot;created_timestamp&quot;:&quot;1435955519&quot;,&quot;copyright&quot;:&quot;&quot;,&quot;focal_length&quot;:&quot;0&quot;,&quot;iso&quot;:&quot;0&quot;,&quot;shutter_speed&quot;:&quot;0&quot;,&quot;title&quot;:&quot;&quot;,&quot;orientation&quot;:&quot;0&quot;}\" data-image-title=\"C\u00e9sar Otero NOCTIV2015 (25)\" data-image-description=\"\" data-image-caption=\"&lt;p&gt;Apertura Certamen. FOTO: C\u00c9SAR OTERO&lt;\/p&gt;\n\" data-large-file=\"https:\/\/i0.wp.com\/www.noctivagos.com\/wp-content\/uploads\/2015\/08\/C%C3%A9sar-Otero-NOCTIV2015-25.jpg?fit=684%2C1024&amp;ssl=1\" \/><\/a>\n\t\t\t<\/div>\n\t\t\t\t<figcaption class='wp-caption-text gallery-caption' id='gallery-1-1186'>\n\t\t\t\tApertura Certamen. FOTO: C\u00c9SAR OTERO\n\t\t\t\t<\/figcaption><\/figure><figure class='gallery-item'>\n\t\t\t<div class='gallery-icon landscape'>\n\t\t\t\t<a href=\"https:\/\/i0.wp.com\/www.noctivagos.com\/wp-content\/uploads\/2015\/08\/C%C3%A9sar-Otero-NOCTIV2015-15.jpg?ssl=1\"><img loading=\"lazy\" decoding=\"async\" width=\"1024\" height=\"683\" src=\"https:\/\/i0.wp.com\/www.noctivagos.com\/wp-content\/uploads\/2015\/08\/C%C3%A9sar-Otero-NOCTIV2015-15.jpg?fit=1024%2C683&amp;ssl=1\" class=\"attachment-full size-full\" alt=\"Noctivagos - Oropesa - La Estatua\" aria-describedby=\"gallery-1-1175\" data-attachment-id=\"1175\" data-permalink=\"https:\/\/www.noctivagos.com\/?attachment_id=1175\" data-orig-file=\"https:\/\/i0.wp.com\/www.noctivagos.com\/wp-content\/uploads\/2015\/08\/C%C3%A9sar-Otero-NOCTIV2015-15.jpg?fit=1024%2C683&amp;ssl=1\" data-orig-size=\"1024,683\" data-comments-opened=\"1\" data-image-meta=\"{&quot;aperture&quot;:&quot;0&quot;,&quot;credit&quot;:&quot;Picasa&quot;,&quot;camera&quot;:&quot;&quot;,&quot;caption&quot;:&quot;&quot;,&quot;created_timestamp&quot;:&quot;1436012478&quot;,&quot;copyright&quot;:&quot;&quot;,&quot;focal_length&quot;:&quot;0&quot;,&quot;iso&quot;:&quot;0&quot;,&quot;shutter_speed&quot;:&quot;0&quot;,&quot;title&quot;:&quot;&quot;,&quot;orientation&quot;:&quot;0&quot;}\" data-image-title=\"C\u00e9sar Otero NOCTIV2015 (15)\" data-image-description=\"\" data-image-caption=\"&lt;p&gt;Teatro El Navarro. FOTO: C\u00c9SAR OTERO&lt;\/p&gt;\n\" data-large-file=\"https:\/\/i0.wp.com\/www.noctivagos.com\/wp-content\/uploads\/2015\/08\/C%C3%A9sar-Otero-NOCTIV2015-15.jpg?fit=1024%2C683&amp;ssl=1\" \/><\/a>\n\t\t\t<\/div>\n\t\t\t\t<figcaption class='wp-caption-text gallery-caption' id='gallery-1-1175'>\n\t\t\t\tTeatro El Navarro. FOTO: C\u00c9SAR OTERO\n\t\t\t\t<\/figcaption><\/figure><figure class='gallery-item'>\n\t\t\t<div class='gallery-icon landscape'>\n\t\t\t\t<a href=\"https:\/\/i0.wp.com\/www.noctivagos.com\/wp-content\/uploads\/2015\/08\/C%C3%A9sar-Otero-NOCTIV2015-4.jpg?ssl=1\"><img loading=\"lazy\" decoding=\"async\" width=\"1024\" height=\"683\" src=\"https:\/\/i0.wp.com\/www.noctivagos.com\/wp-content\/uploads\/2015\/08\/C%C3%A9sar-Otero-NOCTIV2015-4.jpg?fit=1024%2C683&amp;ssl=1\" class=\"attachment-full size-full\" alt=\"Noctivagos - Oropesa - LAminimAL\" aria-describedby=\"gallery-1-1164\" data-attachment-id=\"1164\" data-permalink=\"https:\/\/www.noctivagos.com\/?attachment_id=1164\" data-orig-file=\"https:\/\/i0.wp.com\/www.noctivagos.com\/wp-content\/uploads\/2015\/08\/C%C3%A9sar-Otero-NOCTIV2015-4.jpg?fit=1024%2C683&amp;ssl=1\" data-orig-size=\"1024,683\" data-comments-opened=\"1\" data-image-meta=\"{&quot;aperture&quot;:&quot;0&quot;,&quot;credit&quot;:&quot;Picasa&quot;,&quot;camera&quot;:&quot;&quot;,&quot;caption&quot;:&quot;&quot;,&quot;created_timestamp&quot;:&quot;1436062607&quot;,&quot;copyright&quot;:&quot;&quot;,&quot;focal_length&quot;:&quot;0&quot;,&quot;iso&quot;:&quot;0&quot;,&quot;shutter_speed&quot;:&quot;0&quot;,&quot;title&quot;:&quot;&quot;,&quot;orientation&quot;:&quot;0&quot;}\" data-image-title=\"C\u00e9sar Otero NOCTIV2015 (4)\" data-image-description=\"\" data-image-caption=\"&lt;p&gt;LAminimAL Teatre. FOTO: C\u00c9SAR OTERO&lt;\/p&gt;\n\" data-large-file=\"https:\/\/i0.wp.com\/www.noctivagos.com\/wp-content\/uploads\/2015\/08\/C%C3%A9sar-Otero-NOCTIV2015-4.jpg?fit=1024%2C683&amp;ssl=1\" \/><\/a>\n\t\t\t<\/div>\n\t\t\t\t<figcaption class='wp-caption-text gallery-caption' id='gallery-1-1164'>\n\t\t\t\tLAminimAL Teatre. FOTO: C\u00c9SAR OTERO\n\t\t\t\t<\/figcaption><\/figure><figure class='gallery-item'>\n\t\t\t<div class='gallery-icon landscape'>\n\t\t\t\t<a href=\"https:\/\/i0.wp.com\/www.noctivagos.com\/wp-content\/uploads\/2015\/08\/C%C3%A9sar-Otero-NOCTIV2015-3.jpg?ssl=1\"><img loading=\"lazy\" decoding=\"async\" width=\"1024\" height=\"683\" src=\"https:\/\/i0.wp.com\/www.noctivagos.com\/wp-content\/uploads\/2015\/08\/C%C3%A9sar-Otero-NOCTIV2015-3.jpg?fit=1024%2C683&amp;ssl=1\" class=\"attachment-full size-full\" alt=\"Noctivagos - Oropesa - Torito Bravo\" aria-describedby=\"gallery-1-1163\" data-attachment-id=\"1163\" data-permalink=\"https:\/\/www.noctivagos.com\/?attachment_id=1163\" data-orig-file=\"https:\/\/i0.wp.com\/www.noctivagos.com\/wp-content\/uploads\/2015\/08\/C%C3%A9sar-Otero-NOCTIV2015-3.jpg?fit=1024%2C683&amp;ssl=1\" data-orig-size=\"1024,683\" data-comments-opened=\"1\" data-image-meta=\"{&quot;aperture&quot;:&quot;0&quot;,&quot;credit&quot;:&quot;Picasa&quot;,&quot;camera&quot;:&quot;&quot;,&quot;caption&quot;:&quot;&quot;,&quot;created_timestamp&quot;:&quot;1436065811&quot;,&quot;copyright&quot;:&quot;&quot;,&quot;focal_length&quot;:&quot;0&quot;,&quot;iso&quot;:&quot;0&quot;,&quot;shutter_speed&quot;:&quot;0&quot;,&quot;title&quot;:&quot;&quot;,&quot;orientation&quot;:&quot;0&quot;}\" data-image-title=\"C\u00e9sar Otero NOCTIV2015 (3)\" data-image-description=\"\" data-image-caption=\"&lt;p&gt;El Duende Teatro. FOTO: C\u00c9SAR OTERO&lt;\/p&gt;\n\" data-large-file=\"https:\/\/i0.wp.com\/www.noctivagos.com\/wp-content\/uploads\/2015\/08\/C%C3%A9sar-Otero-NOCTIV2015-3.jpg?fit=1024%2C683&amp;ssl=1\" \/><\/a>\n\t\t\t<\/div>\n\t\t\t\t<figcaption class='wp-caption-text gallery-caption' id='gallery-1-1163'>\n\t\t\t\tEl Duende Teatro. FOTO: C\u00c9SAR OTERO\n\t\t\t\t<\/figcaption><\/figure><figure class='gallery-item'>\n\t\t\t<div class='gallery-icon portrait'>\n\t\t\t\t<a href=\"https:\/\/i0.wp.com\/www.noctivagos.com\/wp-content\/uploads\/2015\/08\/Javier-Diaz-NOCT2015-10.jpg?ssl=1\"><img loading=\"lazy\" decoding=\"async\" width=\"679\" height=\"1024\" src=\"https:\/\/i0.wp.com\/www.noctivagos.com\/wp-content\/uploads\/2015\/08\/Javier-Diaz-NOCT2015-10.jpg?fit=679%2C1024&amp;ssl=1\" class=\"attachment-full size-full\" alt=\"Noctivagos - Oropesa - D&#039;Click\" aria-describedby=\"gallery-1-1198\" srcset=\"https:\/\/i0.wp.com\/www.noctivagos.com\/wp-content\/uploads\/2015\/08\/Javier-Diaz-NOCT2015-10.jpg?w=679&amp;ssl=1 679w, https:\/\/i0.wp.com\/www.noctivagos.com\/wp-content\/uploads\/2015\/08\/Javier-Diaz-NOCT2015-10.jpg?resize=99%2C150&amp;ssl=1 99w, https:\/\/i0.wp.com\/www.noctivagos.com\/wp-content\/uploads\/2015\/08\/Javier-Diaz-NOCT2015-10.jpg?resize=199%2C300&amp;ssl=1 199w\" sizes=\"auto, (max-width: 679px) 100vw, 679px\" data-attachment-id=\"1198\" data-permalink=\"https:\/\/www.noctivagos.com\/?attachment_id=1198\" data-orig-file=\"https:\/\/i0.wp.com\/www.noctivagos.com\/wp-content\/uploads\/2015\/08\/Javier-Diaz-NOCT2015-10.jpg?fit=679%2C1024&amp;ssl=1\" data-orig-size=\"679,1024\" data-comments-opened=\"1\" data-image-meta=\"{&quot;aperture&quot;:&quot;4&quot;,&quot;credit&quot;:&quot;Picasa&quot;,&quot;camera&quot;:&quot;NIKON D40&quot;,&quot;caption&quot;:&quot;&quot;,&quot;created_timestamp&quot;:&quot;1435973197&quot;,&quot;copyright&quot;:&quot;&quot;,&quot;focal_length&quot;:&quot;55&quot;,&quot;iso&quot;:&quot;800&quot;,&quot;shutter_speed&quot;:&quot;0.04&quot;,&quot;title&quot;:&quot;&quot;,&quot;orientation&quot;:&quot;0&quot;}\" data-image-title=\"Javier Diaz NOCT2015 (10)\" data-image-description=\"\" data-image-caption=\"&lt;p&gt;C\u00eda D&amp;#8217;Click. FOTO: JAVIER D\u00cdAZ BARRADO&lt;\/p&gt;\n\" data-large-file=\"https:\/\/i0.wp.com\/www.noctivagos.com\/wp-content\/uploads\/2015\/08\/Javier-Diaz-NOCT2015-10.jpg?fit=679%2C1024&amp;ssl=1\" \/><\/a>\n\t\t\t<\/div>\n\t\t\t\t<figcaption class='wp-caption-text gallery-caption' id='gallery-1-1198'>\n\t\t\t\tC\u00eda D&#8217;Click. FOTO: JAVIER D\u00cdAZ BARRADO\n\t\t\t\t<\/figcaption><\/figure><figure class='gallery-item'>\n\t\t\t<div class='gallery-icon landscape'>\n\t\t\t\t<a href=\"https:\/\/i0.wp.com\/www.noctivagos.com\/wp-content\/uploads\/2015\/08\/Juan-Piombo-NOCT2015-1.jpg?ssl=1\"><img loading=\"lazy\" decoding=\"async\" width=\"1024\" height=\"679\" src=\"https:\/\/i0.wp.com\/www.noctivagos.com\/wp-content\/uploads\/2015\/08\/Juan-Piombo-NOCT2015-1.jpg?fit=1024%2C679&amp;ssl=1\" class=\"attachment-full size-full\" alt=\"Noctivagos - Premios\" aria-describedby=\"gallery-1-1218\" srcset=\"https:\/\/i0.wp.com\/www.noctivagos.com\/wp-content\/uploads\/2015\/08\/Juan-Piombo-NOCT2015-1.jpg?w=1024&amp;ssl=1 1024w, https:\/\/i0.wp.com\/www.noctivagos.com\/wp-content\/uploads\/2015\/08\/Juan-Piombo-NOCT2015-1.jpg?resize=150%2C99&amp;ssl=1 150w, https:\/\/i0.wp.com\/www.noctivagos.com\/wp-content\/uploads\/2015\/08\/Juan-Piombo-NOCT2015-1.jpg?resize=300%2C199&amp;ssl=1 300w\" sizes=\"auto, (max-width: 1000px) 100vw, 1000px\" data-attachment-id=\"1218\" data-permalink=\"https:\/\/www.noctivagos.com\/?attachment_id=1218\" data-orig-file=\"https:\/\/i0.wp.com\/www.noctivagos.com\/wp-content\/uploads\/2015\/08\/Juan-Piombo-NOCT2015-1.jpg?fit=1024%2C679&amp;ssl=1\" data-orig-size=\"1024,679\" data-comments-opened=\"1\" data-image-meta=\"{&quot;aperture&quot;:&quot;4.5&quot;,&quot;credit&quot;:&quot;Picasa&quot;,&quot;camera&quot;:&quot;NIKON D40&quot;,&quot;caption&quot;:&quot;&quot;,&quot;created_timestamp&quot;:&quot;1436102693&quot;,&quot;copyright&quot;:&quot;&quot;,&quot;focal_length&quot;:&quot;32&quot;,&quot;iso&quot;:&quot;400&quot;,&quot;shutter_speed&quot;:&quot;0.016666666666667&quot;,&quot;title&quot;:&quot;&quot;,&quot;orientation&quot;:&quot;0&quot;}\" data-image-title=\"Juan Piombo NOCT2015 (1)\" data-image-description=\"\" data-image-caption=\"&lt;p&gt;Premio Mejor Tapa. FOTO: JUAN PIOMBO&lt;\/p&gt;\n\" data-large-file=\"https:\/\/i0.wp.com\/www.noctivagos.com\/wp-content\/uploads\/2015\/08\/Juan-Piombo-NOCT2015-1.jpg?fit=1024%2C679&amp;ssl=1\" \/><\/a>\n\t\t\t<\/div>\n\t\t\t\t<figcaption class='wp-caption-text gallery-caption' id='gallery-1-1218'>\n\t\t\t\tPremio Mejor Tapa. FOTO: JUAN PIOMBO\n\t\t\t\t<\/figcaption><\/figure><figure class='gallery-item'>\n\t\t\t<div class='gallery-icon portrait'>\n\t\t\t\t<a href=\"https:\/\/i0.wp.com\/www.noctivagos.com\/wp-content\/uploads\/2015\/08\/C%C3%A9sar-Otero-NOCTIV2015-22.jpg?ssl=1\"><img loading=\"lazy\" decoding=\"async\" width=\"684\" height=\"1024\" src=\"https:\/\/i0.wp.com\/www.noctivagos.com\/wp-content\/uploads\/2015\/08\/C%C3%A9sar-Otero-NOCTIV2015-22.jpg?fit=684%2C1024&amp;ssl=1\" class=\"attachment-full size-full\" alt=\"Noctivagos - Oropesa - D&#039;Click\" aria-describedby=\"gallery-1-1183\" data-attachment-id=\"1183\" data-permalink=\"https:\/\/www.noctivagos.com\/?attachment_id=1183\" data-orig-file=\"https:\/\/i0.wp.com\/www.noctivagos.com\/wp-content\/uploads\/2015\/08\/C%C3%A9sar-Otero-NOCTIV2015-22.jpg?fit=684%2C1024&amp;ssl=1\" data-orig-size=\"684,1024\" data-comments-opened=\"1\" data-image-meta=\"{&quot;aperture&quot;:&quot;0&quot;,&quot;credit&quot;:&quot;Picasa&quot;,&quot;camera&quot;:&quot;&quot;,&quot;caption&quot;:&quot;&quot;,&quot;created_timestamp&quot;:&quot;1435965837&quot;,&quot;copyright&quot;:&quot;&quot;,&quot;focal_length&quot;:&quot;0&quot;,&quot;iso&quot;:&quot;0&quot;,&quot;shutter_speed&quot;:&quot;0&quot;,&quot;title&quot;:&quot;&quot;,&quot;orientation&quot;:&quot;0&quot;}\" data-image-title=\"C\u00e9sar Otero NOCTIV2015 (22)\" data-image-description=\"\" data-image-caption=\"&lt;p&gt;C\u00eda D&amp;#8217;Click. FOTO: C\u00c9SAR OTERO&lt;\/p&gt;\n\" data-large-file=\"https:\/\/i0.wp.com\/www.noctivagos.com\/wp-content\/uploads\/2015\/08\/C%C3%A9sar-Otero-NOCTIV2015-22.jpg?fit=684%2C1024&amp;ssl=1\" \/><\/a>\n\t\t\t<\/div>\n\t\t\t\t<figcaption class='wp-caption-text gallery-caption' id='gallery-1-1183'>\n\t\t\t\tC\u00eda D&#8217;Click. FOTO: C\u00c9SAR OTERO\n\t\t\t\t<\/figcaption><\/figure><figure class='gallery-item'>\n\t\t\t<div class='gallery-icon landscape'>\n\t\t\t\t<a href=\"https:\/\/i0.wp.com\/www.noctivagos.com\/wp-content\/uploads\/2015\/08\/C%C3%A9sar-Otero-NOCT2015-15.jpg?ssl=1\"><img loading=\"lazy\" decoding=\"async\" width=\"950\" height=\"634\" src=\"https:\/\/i0.wp.com\/www.noctivagos.com\/wp-content\/uploads\/2015\/08\/C%C3%A9sar-Otero-NOCT2015-15.jpg?fit=950%2C634&amp;ssl=1\" class=\"attachment-full size-full\" alt=\"Noctivagos - Oropesa - Apertura\" aria-describedby=\"gallery-1-1152\" data-attachment-id=\"1152\" data-permalink=\"https:\/\/www.noctivagos.com\/?attachment_id=1152\" data-orig-file=\"https:\/\/i0.wp.com\/www.noctivagos.com\/wp-content\/uploads\/2015\/08\/C%C3%A9sar-Otero-NOCT2015-15.jpg?fit=950%2C634&amp;ssl=1\" data-orig-size=\"950,634\" data-comments-opened=\"1\" data-image-meta=\"{&quot;aperture&quot;:&quot;0&quot;,&quot;credit&quot;:&quot;Picasa&quot;,&quot;camera&quot;:&quot;&quot;,&quot;caption&quot;:&quot;&quot;,&quot;created_timestamp&quot;:&quot;1435955201&quot;,&quot;copyright&quot;:&quot;&quot;,&quot;focal_length&quot;:&quot;0&quot;,&quot;iso&quot;:&quot;0&quot;,&quot;shutter_speed&quot;:&quot;0&quot;,&quot;title&quot;:&quot;&quot;,&quot;orientation&quot;:&quot;0&quot;}\" data-image-title=\"C\u00e9sar Otero NOCT2015 (15)\" data-image-description=\"\" data-image-caption=\"&lt;p&gt;Apertura. FOTO: C\u00c9SAR OTERO&lt;\/p&gt;\n\" data-large-file=\"https:\/\/i0.wp.com\/www.noctivagos.com\/wp-content\/uploads\/2015\/08\/C%C3%A9sar-Otero-NOCT2015-15.jpg?fit=950%2C634&amp;ssl=1\" \/><\/a>\n\t\t\t<\/div>\n\t\t\t\t<figcaption class='wp-caption-text gallery-caption' id='gallery-1-1152'>\n\t\t\t\tApertura. FOTO: C\u00c9SAR OTERO\n\t\t\t\t<\/figcaption><\/figure><figure class='gallery-item'>\n\t\t\t<div class='gallery-icon landscape'>\n\t\t\t\t<a href=\"https:\/\/i0.wp.com\/www.noctivagos.com\/wp-content\/uploads\/2015\/08\/Juan-Carlos-NOCT2015-9.jpg?ssl=1\"><img loading=\"lazy\" decoding=\"async\" width=\"1024\" height=\"683\" src=\"https:\/\/i0.wp.com\/www.noctivagos.com\/wp-content\/uploads\/2015\/08\/Juan-Carlos-NOCT2015-9.jpg?fit=1024%2C683&amp;ssl=1\" class=\"attachment-full size-full\" alt=\"Noctivagos - Oropesa - S\u00e1bado Ma\u00f1ana\" aria-describedby=\"gallery-1-1208\" srcset=\"https:\/\/i0.wp.com\/www.noctivagos.com\/wp-content\/uploads\/2015\/08\/Juan-Carlos-NOCT2015-9.jpg?w=1024&amp;ssl=1 1024w, https:\/\/i0.wp.com\/www.noctivagos.com\/wp-content\/uploads\/2015\/08\/Juan-Carlos-NOCT2015-9.jpg?resize=150%2C100&amp;ssl=1 150w, https:\/\/i0.wp.com\/www.noctivagos.com\/wp-content\/uploads\/2015\/08\/Juan-Carlos-NOCT2015-9.jpg?resize=300%2C200&amp;ssl=1 300w\" sizes=\"auto, (max-width: 1000px) 100vw, 1000px\" data-attachment-id=\"1208\" data-permalink=\"https:\/\/www.noctivagos.com\/?attachment_id=1208\" data-orig-file=\"https:\/\/i0.wp.com\/www.noctivagos.com\/wp-content\/uploads\/2015\/08\/Juan-Carlos-NOCT2015-9.jpg?fit=1024%2C683&amp;ssl=1\" data-orig-size=\"1024,683\" data-comments-opened=\"1\" data-image-meta=\"{&quot;aperture&quot;:&quot;10&quot;,&quot;credit&quot;:&quot;Picasa&quot;,&quot;camera&quot;:&quot;Canon EOS 600D&quot;,&quot;caption&quot;:&quot;&quot;,&quot;created_timestamp&quot;:&quot;1404473673&quot;,&quot;copyright&quot;:&quot;&quot;,&quot;focal_length&quot;:&quot;34&quot;,&quot;iso&quot;:&quot;100&quot;,&quot;shutter_speed&quot;:&quot;0.004&quot;,&quot;title&quot;:&quot;&quot;,&quot;orientation&quot;:&quot;0&quot;}\" data-image-title=\"Juan Carlos NOCT2015 (9)\" data-image-description=\"\" data-image-caption=\"&lt;p&gt;Teatro El Navarro. FOTO: JUAN CARLOS GARC\u00cdA CORROCHANO&lt;\/p&gt;\n\" data-large-file=\"https:\/\/i0.wp.com\/www.noctivagos.com\/wp-content\/uploads\/2015\/08\/Juan-Carlos-NOCT2015-9.jpg?fit=1024%2C683&amp;ssl=1\" \/><\/a>\n\t\t\t<\/div>\n\t\t\t\t<figcaption class='wp-caption-text gallery-caption' id='gallery-1-1208'>\n\t\t\t\tTeatro El Navarro. FOTO: JUAN CARLOS GARC\u00cdA CORROCHANO\n\t\t\t\t<\/figcaption><\/figure><figure class='gallery-item'>\n\t\t\t<div class='gallery-icon portrait'>\n\t\t\t\t<a href=\"https:\/\/i0.wp.com\/www.noctivagos.com\/wp-content\/uploads\/2015\/08\/Javier-Diaz-NOCT2015-1.jpg?ssl=1\"><img loading=\"lazy\" decoding=\"async\" width=\"679\" height=\"1024\" src=\"https:\/\/i0.wp.com\/www.noctivagos.com\/wp-content\/uploads\/2015\/08\/Javier-Diaz-NOCT2015-1.jpg?fit=679%2C1024&amp;ssl=1\" class=\"attachment-full size-full\" alt=\"Noctivagos - Oropesa - Noche de Bufones\" aria-describedby=\"gallery-1-1189\" srcset=\"https:\/\/i0.wp.com\/www.noctivagos.com\/wp-content\/uploads\/2015\/08\/Javier-Diaz-NOCT2015-1.jpg?w=679&amp;ssl=1 679w, https:\/\/i0.wp.com\/www.noctivagos.com\/wp-content\/uploads\/2015\/08\/Javier-Diaz-NOCT2015-1.jpg?resize=99%2C150&amp;ssl=1 99w, https:\/\/i0.wp.com\/www.noctivagos.com\/wp-content\/uploads\/2015\/08\/Javier-Diaz-NOCT2015-1.jpg?resize=199%2C300&amp;ssl=1 199w\" sizes=\"auto, (max-width: 679px) 100vw, 679px\" data-attachment-id=\"1189\" data-permalink=\"https:\/\/www.noctivagos.com\/?attachment_id=1189\" data-orig-file=\"https:\/\/i0.wp.com\/www.noctivagos.com\/wp-content\/uploads\/2015\/08\/Javier-Diaz-NOCT2015-1.jpg?fit=679%2C1024&amp;ssl=1\" data-orig-size=\"679,1024\" data-comments-opened=\"1\" data-image-meta=\"{&quot;aperture&quot;:&quot;5.3&quot;,&quot;credit&quot;:&quot;Picasa&quot;,&quot;camera&quot;:&quot;NIKON D40&quot;,&quot;caption&quot;:&quot;&quot;,&quot;created_timestamp&quot;:&quot;1435967832&quot;,&quot;copyright&quot;:&quot;&quot;,&quot;focal_length&quot;:&quot;160&quot;,&quot;iso&quot;:&quot;1600&quot;,&quot;shutter_speed&quot;:&quot;0.016666666666667&quot;,&quot;title&quot;:&quot;&quot;,&quot;orientation&quot;:&quot;0&quot;}\" data-image-title=\"Javier Diaz NOCT2015 (1)\" data-image-description=\"\" data-image-caption=\"&lt;p&gt;C\u00eda Reymala. FOTO: JAVIER D\u00cdAZ BARRADO&lt;\/p&gt;\n\" data-large-file=\"https:\/\/i0.wp.com\/www.noctivagos.com\/wp-content\/uploads\/2015\/08\/Javier-Diaz-NOCT2015-1.jpg?fit=679%2C1024&amp;ssl=1\" \/><\/a>\n\t\t\t<\/div>\n\t\t\t\t<figcaption class='wp-caption-text gallery-caption' id='gallery-1-1189'>\n\t\t\t\tC\u00eda Reymala. FOTO: JAVIER D\u00cdAZ BARRADO\n\t\t\t\t<\/figcaption><\/figure><figure class='gallery-item'>\n\t\t\t<div class='gallery-icon portrait'>\n\t\t\t\t<a href=\"https:\/\/i0.wp.com\/www.noctivagos.com\/wp-content\/uploads\/2015\/08\/Juan-Carlos-NOCT2015-4.jpg?ssl=1\"><img loading=\"lazy\" decoding=\"async\" width=\"683\" height=\"1024\" src=\"https:\/\/i0.wp.com\/www.noctivagos.com\/wp-content\/uploads\/2015\/08\/Juan-Carlos-NOCT2015-4.jpg?fit=683%2C1024&amp;ssl=1\" class=\"attachment-full size-full\" alt=\"Noctivagos - Oropesa - Noche de Bufones\" aria-describedby=\"gallery-1-1203\" srcset=\"https:\/\/i0.wp.com\/www.noctivagos.com\/wp-content\/uploads\/2015\/08\/Juan-Carlos-NOCT2015-4.jpg?w=683&amp;ssl=1 683w, https:\/\/i0.wp.com\/www.noctivagos.com\/wp-content\/uploads\/2015\/08\/Juan-Carlos-NOCT2015-4.jpg?resize=100%2C150&amp;ssl=1 100w, https:\/\/i0.wp.com\/www.noctivagos.com\/wp-content\/uploads\/2015\/08\/Juan-Carlos-NOCT2015-4.jpg?resize=200%2C300&amp;ssl=1 200w\" sizes=\"auto, (max-width: 683px) 100vw, 683px\" data-attachment-id=\"1203\" data-permalink=\"https:\/\/www.noctivagos.com\/?attachment_id=1203\" data-orig-file=\"https:\/\/i0.wp.com\/www.noctivagos.com\/wp-content\/uploads\/2015\/08\/Juan-Carlos-NOCT2015-4.jpg?fit=683%2C1024&amp;ssl=1\" data-orig-size=\"683,1024\" data-comments-opened=\"1\" data-image-meta=\"{&quot;aperture&quot;:&quot;5.6&quot;,&quot;credit&quot;:&quot;Picasa&quot;,&quot;camera&quot;:&quot;Canon EOS 600D&quot;,&quot;caption&quot;:&quot;&quot;,&quot;created_timestamp&quot;:&quot;1404435477&quot;,&quot;copyright&quot;:&quot;&quot;,&quot;focal_length&quot;:&quot;270&quot;,&quot;iso&quot;:&quot;6400&quot;,&quot;shutter_speed&quot;:&quot;0.00125&quot;,&quot;title&quot;:&quot;&quot;,&quot;orientation&quot;:&quot;0&quot;}\" data-image-title=\"Juan Carlos NOCT2015 (4)\" data-image-description=\"\" data-image-caption=\"&lt;p&gt;C\u00eda Reymala. FOTO: JUAN CARLOS GARC\u00cdA CORROCHANO&lt;\/p&gt;\n\" data-large-file=\"https:\/\/i0.wp.com\/www.noctivagos.com\/wp-content\/uploads\/2015\/08\/Juan-Carlos-NOCT2015-4.jpg?fit=683%2C1024&amp;ssl=1\" \/><\/a>\n\t\t\t<\/div>\n\t\t\t\t<figcaption class='wp-caption-text gallery-caption' id='gallery-1-1203'>\n\t\t\t\tC\u00eda Reymala. FOTO: JUAN CARLOS GARC\u00cdA CORROCHANO\n\t\t\t\t<\/figcaption><\/figure><figure class='gallery-item'>\n\t\t\t<div class='gallery-icon landscape'>\n\t\t\t\t<a href=\"https:\/\/i0.wp.com\/www.noctivagos.com\/wp-content\/uploads\/2015\/08\/C%C3%A9sar-Otero-NOCT2015-7.jpg?ssl=1\"><img loading=\"lazy\" decoding=\"async\" width=\"1024\" height=\"683\" src=\"https:\/\/i0.wp.com\/www.noctivagos.com\/wp-content\/uploads\/2015\/08\/C%C3%A9sar-Otero-NOCT2015-7.jpg?fit=1024%2C683&amp;ssl=1\" class=\"attachment-full size-full\" alt=\"\" aria-describedby=\"gallery-1-1144\" data-attachment-id=\"1144\" data-permalink=\"https:\/\/www.noctivagos.com\/?attachment_id=1144\" data-orig-file=\"https:\/\/i0.wp.com\/www.noctivagos.com\/wp-content\/uploads\/2015\/08\/C%C3%A9sar-Otero-NOCT2015-7.jpg?fit=1024%2C683&amp;ssl=1\" data-orig-size=\"1024,683\" data-comments-opened=\"1\" data-image-meta=\"{&quot;aperture&quot;:&quot;2.8&quot;,&quot;credit&quot;:&quot;Picasa&quot;,&quot;camera&quot;:&quot;NIKON D7100&quot;,&quot;caption&quot;:&quot;&quot;,&quot;created_timestamp&quot;:&quot;1436065819&quot;,&quot;copyright&quot;:&quot;&quot;,&quot;focal_length&quot;:&quot;50&quot;,&quot;iso&quot;:&quot;2500&quot;,&quot;shutter_speed&quot;:&quot;0.00125&quot;,&quot;title&quot;:&quot;&quot;,&quot;orientation&quot;:&quot;0&quot;}\" data-image-title=\"C\u00e9sar Otero NOCT2015 (7)\" data-image-description=\"\" data-image-caption=\"&lt;p&gt;El Duende Teatro. FOTO: C\u00c9SAR OTERO&lt;\/p&gt;\n\" data-large-file=\"https:\/\/i0.wp.com\/www.noctivagos.com\/wp-content\/uploads\/2015\/08\/C%C3%A9sar-Otero-NOCT2015-7.jpg?fit=1024%2C683&amp;ssl=1\" \/><\/a>\n\t\t\t<\/div>\n\t\t\t\t<figcaption class='wp-caption-text gallery-caption' id='gallery-1-1144'>\n\t\t\t\tEl Duende Teatro. FOTO: C\u00c9SAR OTERO\n\t\t\t\t<\/figcaption><\/figure><figure class='gallery-item'>\n\t\t\t<div class='gallery-icon landscape'>\n\t\t\t\t<a href=\"https:\/\/i0.wp.com\/www.noctivagos.com\/wp-content\/uploads\/2015\/08\/C%C3%A9sar-Otero-NOCT2015-4.jpg?ssl=1\"><img loading=\"lazy\" decoding=\"async\" width=\"1024\" height=\"683\" src=\"https:\/\/i0.wp.com\/www.noctivagos.com\/wp-content\/uploads\/2015\/08\/C%C3%A9sar-Otero-NOCT2015-4.jpg?fit=1024%2C683&amp;ssl=1\" class=\"attachment-full size-full\" alt=\"\" aria-describedby=\"gallery-1-1140\" data-attachment-id=\"1140\" data-permalink=\"https:\/\/www.noctivagos.com\/?attachment_id=1140\" data-orig-file=\"https:\/\/i0.wp.com\/www.noctivagos.com\/wp-content\/uploads\/2015\/08\/C%C3%A9sar-Otero-NOCT2015-4.jpg?fit=1024%2C683&amp;ssl=1\" data-orig-size=\"1024,683\" data-comments-opened=\"1\" data-image-meta=\"{&quot;aperture&quot;:&quot;2.8&quot;,&quot;credit&quot;:&quot;Picasa&quot;,&quot;camera&quot;:&quot;NIKON D7100&quot;,&quot;caption&quot;:&quot;&quot;,&quot;created_timestamp&quot;:&quot;1436059341&quot;,&quot;copyright&quot;:&quot;&quot;,&quot;focal_length&quot;:&quot;50&quot;,&quot;iso&quot;:&quot;6400&quot;,&quot;shutter_speed&quot;:&quot;0.02&quot;,&quot;title&quot;:&quot;&quot;,&quot;orientation&quot;:&quot;0&quot;}\" data-image-title=\"C\u00e9sar Otero NOCT2015 (4)\" data-image-description=\"\" data-image-caption=\"&lt;p&gt;LAminimAL Teatre. FOTO: C\u00c9SAR OTERO&lt;\/p&gt;\n\" data-large-file=\"https:\/\/i0.wp.com\/www.noctivagos.com\/wp-content\/uploads\/2015\/08\/C%C3%A9sar-Otero-NOCT2015-4.jpg?fit=1024%2C683&amp;ssl=1\" \/><\/a>\n\t\t\t<\/div>\n\t\t\t\t<figcaption class='wp-caption-text gallery-caption' id='gallery-1-1140'>\n\t\t\t\tLAminimAL Teatre. FOTO: C\u00c9SAR OTERO\n\t\t\t\t<\/figcaption><\/figure><figure class='gallery-item'>\n\t\t\t<div class='gallery-icon landscape'>\n\t\t\t\t<a href=\"https:\/\/i0.wp.com\/www.noctivagos.com\/wp-content\/uploads\/2015\/08\/C%C3%A9sar-Otero-NOCTIV2015-12.jpg?ssl=1\"><img loading=\"lazy\" decoding=\"async\" width=\"1024\" height=\"683\" src=\"https:\/\/i0.wp.com\/www.noctivagos.com\/wp-content\/uploads\/2015\/08\/C%C3%A9sar-Otero-NOCTIV2015-12.jpg?fit=1024%2C683&amp;ssl=1\" class=\"attachment-full size-full\" alt=\"Noctivagos - Oropesa - La Estatua\" aria-describedby=\"gallery-1-1172\" data-attachment-id=\"1172\" data-permalink=\"https:\/\/www.noctivagos.com\/?attachment_id=1172\" data-orig-file=\"https:\/\/i0.wp.com\/www.noctivagos.com\/wp-content\/uploads\/2015\/08\/C%C3%A9sar-Otero-NOCTIV2015-12.jpg?fit=1024%2C683&amp;ssl=1\" data-orig-size=\"1024,683\" data-comments-opened=\"1\" data-image-meta=\"{&quot;aperture&quot;:&quot;0&quot;,&quot;credit&quot;:&quot;Picasa&quot;,&quot;camera&quot;:&quot;&quot;,&quot;caption&quot;:&quot;&quot;,&quot;created_timestamp&quot;:&quot;1436013804&quot;,&quot;copyright&quot;:&quot;&quot;,&quot;focal_length&quot;:&quot;0&quot;,&quot;iso&quot;:&quot;0&quot;,&quot;shutter_speed&quot;:&quot;0&quot;,&quot;title&quot;:&quot;&quot;,&quot;orientation&quot;:&quot;0&quot;}\" data-image-title=\"C\u00e9sar Otero NOCTIV2015 (12)\" data-image-description=\"\" data-image-caption=\"&lt;p&gt;Teatro El Navarro. FOTO: C\u00c9SAR OTERO&lt;\/p&gt;\n\" data-large-file=\"https:\/\/i0.wp.com\/www.noctivagos.com\/wp-content\/uploads\/2015\/08\/C%C3%A9sar-Otero-NOCTIV2015-12.jpg?fit=1024%2C683&amp;ssl=1\" \/><\/a>\n\t\t\t<\/div>\n\t\t\t\t<figcaption class='wp-caption-text gallery-caption' id='gallery-1-1172'>\n\t\t\t\tTeatro El Navarro. FOTO: C\u00c9SAR OTERO\n\t\t\t\t<\/figcaption><\/figure><figure class='gallery-item'>\n\t\t\t<div class='gallery-icon landscape'>\n\t\t\t\t<a href=\"https:\/\/i0.wp.com\/www.noctivagos.com\/wp-content\/uploads\/2015\/08\/C%C3%A9sar-Otero-NOCTIV2015-17.jpg?ssl=1\"><img loading=\"lazy\" decoding=\"async\" width=\"1024\" height=\"683\" src=\"https:\/\/i0.wp.com\/www.noctivagos.com\/wp-content\/uploads\/2015\/08\/C%C3%A9sar-Otero-NOCTIV2015-17.jpg?fit=1024%2C683&amp;ssl=1\" class=\"attachment-full size-full\" alt=\"Noctivagos - Oropesa - Fuera de Foco\" aria-describedby=\"gallery-1-1178\" data-attachment-id=\"1178\" data-permalink=\"https:\/\/www.noctivagos.com\/?attachment_id=1178\" data-orig-file=\"https:\/\/i0.wp.com\/www.noctivagos.com\/wp-content\/uploads\/2015\/08\/C%C3%A9sar-Otero-NOCTIV2015-17.jpg?fit=1024%2C683&amp;ssl=1\" data-orig-size=\"1024,683\" data-comments-opened=\"1\" data-image-meta=\"{&quot;aperture&quot;:&quot;0&quot;,&quot;credit&quot;:&quot;Picasa&quot;,&quot;camera&quot;:&quot;&quot;,&quot;caption&quot;:&quot;&quot;,&quot;created_timestamp&quot;:&quot;1435974253&quot;,&quot;copyright&quot;:&quot;&quot;,&quot;focal_length&quot;:&quot;0&quot;,&quot;iso&quot;:&quot;0&quot;,&quot;shutter_speed&quot;:&quot;0&quot;,&quot;title&quot;:&quot;&quot;,&quot;orientation&quot;:&quot;0&quot;}\" data-image-title=\"C\u00e9sar Otero NOCTIV2015 (17)\" data-image-description=\"\" data-image-caption=\"&lt;p&gt;Fuera de Foco Teatro. FOTO: C\u00c9SAR OTERO&lt;\/p&gt;\n\" data-large-file=\"https:\/\/i0.wp.com\/www.noctivagos.com\/wp-content\/uploads\/2015\/08\/C%C3%A9sar-Otero-NOCTIV2015-17.jpg?fit=1024%2C683&amp;ssl=1\" \/><\/a>\n\t\t\t<\/div>\n\t\t\t\t<figcaption class='wp-caption-text gallery-caption' id='gallery-1-1178'>\n\t\t\t\tFuera de Foco Teatro. FOTO: C\u00c9SAR OTERO\n\t\t\t\t<\/figcaption><\/figure><figure class='gallery-item'>\n\t\t\t<div class='gallery-icon landscape'>\n\t\t\t\t<a href=\"https:\/\/i0.wp.com\/www.noctivagos.com\/wp-content\/uploads\/2015\/08\/C%C3%A9sar-Otero-NOCT2015-3.jpg?ssl=1\"><img loading=\"lazy\" decoding=\"async\" width=\"1024\" height=\"683\" src=\"https:\/\/i0.wp.com\/www.noctivagos.com\/wp-content\/uploads\/2015\/08\/C%C3%A9sar-Otero-NOCT2015-3.jpg?fit=1024%2C683&amp;ssl=1\" class=\"attachment-full size-full\" alt=\"\" aria-describedby=\"gallery-1-1139\" data-attachment-id=\"1139\" data-permalink=\"https:\/\/www.noctivagos.com\/?attachment_id=1139\" data-orig-file=\"https:\/\/i0.wp.com\/www.noctivagos.com\/wp-content\/uploads\/2015\/08\/C%C3%A9sar-Otero-NOCT2015-3.jpg?fit=1024%2C683&amp;ssl=1\" data-orig-size=\"1024,683\" data-comments-opened=\"1\" data-image-meta=\"{&quot;aperture&quot;:&quot;2.8&quot;,&quot;credit&quot;:&quot;Picasa&quot;,&quot;camera&quot;:&quot;NIKON D7100&quot;,&quot;caption&quot;:&quot;&quot;,&quot;created_timestamp&quot;:&quot;1436059324&quot;,&quot;copyright&quot;:&quot;&quot;,&quot;focal_length&quot;:&quot;50&quot;,&quot;iso&quot;:&quot;6400&quot;,&quot;shutter_speed&quot;:&quot;0.02&quot;,&quot;title&quot;:&quot;&quot;,&quot;orientation&quot;:&quot;0&quot;}\" data-image-title=\"C\u00e9sar Otero NOCT2015 (3)\" data-image-description=\"\" data-image-caption=\"&lt;p&gt;LAminimAL Teatre. FOTO: C\u00c9SAR OTERO&lt;\/p&gt;\n\" data-large-file=\"https:\/\/i0.wp.com\/www.noctivagos.com\/wp-content\/uploads\/2015\/08\/C%C3%A9sar-Otero-NOCT2015-3.jpg?fit=1024%2C683&amp;ssl=1\" \/><\/a>\n\t\t\t<\/div>\n\t\t\t\t<figcaption class='wp-caption-text gallery-caption' id='gallery-1-1139'>\n\t\t\t\tLAminimAL Teatre. FOTO: C\u00c9SAR OTERO\n\t\t\t\t<\/figcaption><\/figure><figure class='gallery-item'>\n\t\t\t<div class='gallery-icon landscape'>\n\t\t\t\t<a href=\"https:\/\/i0.wp.com\/www.noctivagos.com\/wp-content\/uploads\/2015\/08\/C%C3%A9sar-Otero-NOCT2015-6.jpg?ssl=1\"><img loading=\"lazy\" decoding=\"async\" width=\"1024\" height=\"683\" src=\"https:\/\/i0.wp.com\/www.noctivagos.com\/wp-content\/uploads\/2015\/08\/C%C3%A9sar-Otero-NOCT2015-6.jpg?fit=1024%2C683&amp;ssl=1\" class=\"attachment-full size-full\" alt=\"\" aria-describedby=\"gallery-1-1143\" data-attachment-id=\"1143\" data-permalink=\"https:\/\/www.noctivagos.com\/?attachment_id=1143\" data-orig-file=\"https:\/\/i0.wp.com\/www.noctivagos.com\/wp-content\/uploads\/2015\/08\/C%C3%A9sar-Otero-NOCT2015-6.jpg?fit=1024%2C683&amp;ssl=1\" data-orig-size=\"1024,683\" data-comments-opened=\"1\" data-image-meta=\"{&quot;aperture&quot;:&quot;2.8&quot;,&quot;credit&quot;:&quot;Picasa&quot;,&quot;camera&quot;:&quot;NIKON D7100&quot;,&quot;caption&quot;:&quot;&quot;,&quot;created_timestamp&quot;:&quot;1436065742&quot;,&quot;copyright&quot;:&quot;&quot;,&quot;focal_length&quot;:&quot;17&quot;,&quot;iso&quot;:&quot;2500&quot;,&quot;shutter_speed&quot;:&quot;0.003125&quot;,&quot;title&quot;:&quot;&quot;,&quot;orientation&quot;:&quot;0&quot;}\" data-image-title=\"C\u00e9sar Otero NOCT2015 (6)\" data-image-description=\"\" data-image-caption=\"&lt;p&gt;Fuera de Foco Teatro. FOTO: C\u00c9SAR OTERO&lt;\/p&gt;\n\" data-large-file=\"https:\/\/i0.wp.com\/www.noctivagos.com\/wp-content\/uploads\/2015\/08\/C%C3%A9sar-Otero-NOCT2015-6.jpg?fit=1024%2C683&amp;ssl=1\" \/><\/a>\n\t\t\t<\/div>\n\t\t\t\t<figcaption class='wp-caption-text gallery-caption' id='gallery-1-1143'>\n\t\t\t\tFuera de Foco Teatro. FOTO: C\u00c9SAR OTERO\n\t\t\t\t<\/figcaption><\/figure><figure class='gallery-item'>\n\t\t\t<div class='gallery-icon landscape'>\n\t\t\t\t<a href=\"https:\/\/i0.wp.com\/www.noctivagos.com\/wp-content\/uploads\/2015\/08\/C%C3%A9sar-Otero-NOCTIV2015-1.jpg?ssl=1\"><img loading=\"lazy\" decoding=\"async\" width=\"1024\" height=\"683\" src=\"https:\/\/i0.wp.com\/www.noctivagos.com\/wp-content\/uploads\/2015\/08\/C%C3%A9sar-Otero-NOCTIV2015-1.jpg?fit=1024%2C683&amp;ssl=1\" class=\"attachment-full size-full\" alt=\"Noctivagos - Oropesa - Apertura\" aria-describedby=\"gallery-1-1161\" data-attachment-id=\"1161\" data-permalink=\"https:\/\/www.noctivagos.com\/?attachment_id=1161\" data-orig-file=\"https:\/\/i0.wp.com\/www.noctivagos.com\/wp-content\/uploads\/2015\/08\/C%C3%A9sar-Otero-NOCTIV2015-1.jpg?fit=1024%2C683&amp;ssl=1\" data-orig-size=\"1024,683\" data-comments-opened=\"1\" data-image-meta=\"{&quot;aperture&quot;:&quot;0&quot;,&quot;credit&quot;:&quot;Picasa&quot;,&quot;camera&quot;:&quot;&quot;,&quot;caption&quot;:&quot;&quot;,&quot;created_timestamp&quot;:&quot;1435955028&quot;,&quot;copyright&quot;:&quot;&quot;,&quot;focal_length&quot;:&quot;0&quot;,&quot;iso&quot;:&quot;0&quot;,&quot;shutter_speed&quot;:&quot;0&quot;,&quot;title&quot;:&quot;&quot;,&quot;orientation&quot;:&quot;0&quot;}\" data-image-title=\"C\u00e9sar Otero NOCTIV2015 (1)\" data-image-description=\"\" data-image-caption=\"&lt;p&gt;Apertura. FOTO: C\u00c9SAR OTERO&lt;\/p&gt;\n\" data-large-file=\"https:\/\/i0.wp.com\/www.noctivagos.com\/wp-content\/uploads\/2015\/08\/C%C3%A9sar-Otero-NOCTIV2015-1.jpg?fit=1024%2C683&amp;ssl=1\" \/><\/a>\n\t\t\t<\/div>\n\t\t\t\t<figcaption class='wp-caption-text gallery-caption' id='gallery-1-1161'>\n\t\t\t\tApertura. FOTO: C\u00c9SAR OTERO\n\t\t\t\t<\/figcaption><\/figure><figure class='gallery-item'>\n\t\t\t<div class='gallery-icon landscape'>\n\t\t\t\t<a href=\"https:\/\/i0.wp.com\/www.noctivagos.com\/wp-content\/uploads\/2015\/08\/Juan-Piombo-NOCT2015-10.jpg?ssl=1\"><img loading=\"lazy\" decoding=\"async\" width=\"1024\" height=\"679\" src=\"https:\/\/i0.wp.com\/www.noctivagos.com\/wp-content\/uploads\/2015\/08\/Juan-Piombo-NOCT2015-10.jpg?fit=1024%2C679&amp;ssl=1\" class=\"attachment-full size-full\" alt=\"Noctivagos - Premios\" aria-describedby=\"gallery-1-1227\" srcset=\"https:\/\/i0.wp.com\/www.noctivagos.com\/wp-content\/uploads\/2015\/08\/Juan-Piombo-NOCT2015-10.jpg?w=1024&amp;ssl=1 1024w, https:\/\/i0.wp.com\/www.noctivagos.com\/wp-content\/uploads\/2015\/08\/Juan-Piombo-NOCT2015-10.jpg?resize=150%2C99&amp;ssl=1 150w, https:\/\/i0.wp.com\/www.noctivagos.com\/wp-content\/uploads\/2015\/08\/Juan-Piombo-NOCT2015-10.jpg?resize=300%2C199&amp;ssl=1 300w\" sizes=\"auto, (max-width: 1000px) 100vw, 1000px\" data-attachment-id=\"1227\" data-permalink=\"https:\/\/www.noctivagos.com\/?attachment_id=1227\" data-orig-file=\"https:\/\/i0.wp.com\/www.noctivagos.com\/wp-content\/uploads\/2015\/08\/Juan-Piombo-NOCT2015-10.jpg?fit=1024%2C679&amp;ssl=1\" data-orig-size=\"1024,679\" data-comments-opened=\"1\" data-image-meta=\"{&quot;aperture&quot;:&quot;3.8&quot;,&quot;credit&quot;:&quot;Picasa&quot;,&quot;camera&quot;:&quot;NIKON D40&quot;,&quot;caption&quot;:&quot;&quot;,&quot;created_timestamp&quot;:&quot;1436102755&quot;,&quot;copyright&quot;:&quot;&quot;,&quot;focal_length&quot;:&quot;22&quot;,&quot;iso&quot;:&quot;400&quot;,&quot;shutter_speed&quot;:&quot;0.016666666666667&quot;,&quot;title&quot;:&quot;&quot;,&quot;orientation&quot;:&quot;0&quot;}\" data-image-title=\"Juan Piombo NOCT2015 (10)\" data-image-description=\"\" data-image-caption=\"&lt;p&gt;Premio Tapa Mejor Presentada. FOTO: JUAN PIOMBO&lt;\/p&gt;\n\" data-large-file=\"https:\/\/i0.wp.com\/www.noctivagos.com\/wp-content\/uploads\/2015\/08\/Juan-Piombo-NOCT2015-10.jpg?fit=1024%2C679&amp;ssl=1\" \/><\/a>\n\t\t\t<\/div>\n\t\t\t\t<figcaption class='wp-caption-text gallery-caption' id='gallery-1-1227'>\n\t\t\t\tPremio Tapa Mejor Presentada. FOTO: JUAN PIOMBO\n\t\t\t\t<\/figcaption><\/figure><figure class='gallery-item'>\n\t\t\t<div class='gallery-icon landscape'>\n\t\t\t\t<a href=\"https:\/\/i0.wp.com\/www.noctivagos.com\/wp-content\/uploads\/2015\/08\/Juan-Carlos-NOCT2015-1.jpg?ssl=1\"><img loading=\"lazy\" decoding=\"async\" width=\"1024\" height=\"683\" src=\"https:\/\/i0.wp.com\/www.noctivagos.com\/wp-content\/uploads\/2015\/08\/Juan-Carlos-NOCT2015-1.jpg?fit=1024%2C683&amp;ssl=1\" class=\"attachment-full size-full\" alt=\"Noctivagos - Oropesa - Superheroe\" aria-describedby=\"gallery-1-1200\" srcset=\"https:\/\/i0.wp.com\/www.noctivagos.com\/wp-content\/uploads\/2015\/08\/Juan-Carlos-NOCT2015-1.jpg?w=1024&amp;ssl=1 1024w, https:\/\/i0.wp.com\/www.noctivagos.com\/wp-content\/uploads\/2015\/08\/Juan-Carlos-NOCT2015-1.jpg?resize=150%2C100&amp;ssl=1 150w, https:\/\/i0.wp.com\/www.noctivagos.com\/wp-content\/uploads\/2015\/08\/Juan-Carlos-NOCT2015-1.jpg?resize=300%2C200&amp;ssl=1 300w\" sizes=\"auto, (max-width: 1000px) 100vw, 1000px\" data-attachment-id=\"1200\" data-permalink=\"https:\/\/www.noctivagos.com\/?attachment_id=1200\" data-orig-file=\"https:\/\/i0.wp.com\/www.noctivagos.com\/wp-content\/uploads\/2015\/08\/Juan-Carlos-NOCT2015-1.jpg?fit=1024%2C683&amp;ssl=1\" data-orig-size=\"1024,683\" data-comments-opened=\"1\" data-image-meta=\"{&quot;aperture&quot;:&quot;4.5&quot;,&quot;credit&quot;:&quot;Picasa&quot;,&quot;camera&quot;:&quot;Canon EOS 600D&quot;,&quot;caption&quot;:&quot;&quot;,&quot;created_timestamp&quot;:&quot;1404424912&quot;,&quot;copyright&quot;:&quot;&quot;,&quot;focal_length&quot;:&quot;120&quot;,&quot;iso&quot;:&quot;6400&quot;,&quot;shutter_speed&quot;:&quot;0.01&quot;,&quot;title&quot;:&quot;&quot;,&quot;orientation&quot;:&quot;0&quot;}\" data-image-title=\"Juan Carlos NOCT2015 (1)\" data-image-description=\"\" data-image-caption=\"&lt;p&gt;El Perro Azul Teatro. FOTO: JUAN CARLOS GARC\u00cdA CORROCHANO&lt;\/p&gt;\n\" data-large-file=\"https:\/\/i0.wp.com\/www.noctivagos.com\/wp-content\/uploads\/2015\/08\/Juan-Carlos-NOCT2015-1.jpg?fit=1024%2C683&amp;ssl=1\" \/><\/a>\n\t\t\t<\/div>\n\t\t\t\t<figcaption class='wp-caption-text gallery-caption' id='gallery-1-1200'>\n\t\t\t\tEl Perro Azul Teatro. FOTO: JUAN CARLOS GARC\u00cdA CORROCHANO\n\t\t\t\t<\/figcaption><\/figure><figure class='gallery-item'>\n\t\t\t<div class='gallery-icon landscape'>\n\t\t\t\t<a href=\"https:\/\/i0.wp.com\/www.noctivagos.com\/wp-content\/uploads\/2015\/08\/C%C3%A9sar-Otero-NOCT2015-17.jpg?ssl=1\"><img loading=\"lazy\" decoding=\"async\" width=\"950\" height=\"633\" src=\"https:\/\/i0.wp.com\/www.noctivagos.com\/wp-content\/uploads\/2015\/08\/C%C3%A9sar-Otero-NOCT2015-17.jpg?fit=950%2C633&amp;ssl=1\" class=\"attachment-full size-full\" alt=\"Noctivagos - Oropesa - Noche de Bufones\" aria-describedby=\"gallery-1-1154\" data-attachment-id=\"1154\" data-permalink=\"https:\/\/www.noctivagos.com\/?attachment_id=1154\" data-orig-file=\"https:\/\/i0.wp.com\/www.noctivagos.com\/wp-content\/uploads\/2015\/08\/C%C3%A9sar-Otero-NOCT2015-17.jpg?fit=950%2C633&amp;ssl=1\" data-orig-size=\"950,633\" data-comments-opened=\"1\" data-image-meta=\"{&quot;aperture&quot;:&quot;0&quot;,&quot;credit&quot;:&quot;Picasa&quot;,&quot;camera&quot;:&quot;&quot;,&quot;caption&quot;:&quot;&quot;,&quot;created_timestamp&quot;:&quot;1435963010&quot;,&quot;copyright&quot;:&quot;&quot;,&quot;focal_length&quot;:&quot;0&quot;,&quot;iso&quot;:&quot;0&quot;,&quot;shutter_speed&quot;:&quot;0&quot;,&quot;title&quot;:&quot;&quot;,&quot;orientation&quot;:&quot;0&quot;}\" data-image-title=\"C\u00e9sar Otero NOCT2015 (17)\" data-image-description=\"\" data-image-caption=\"&lt;p&gt;C\u00eda Reymala. FOTO: C\u00c9SAR OTERO&lt;\/p&gt;\n\" data-large-file=\"https:\/\/i0.wp.com\/www.noctivagos.com\/wp-content\/uploads\/2015\/08\/C%C3%A9sar-Otero-NOCT2015-17.jpg?fit=950%2C633&amp;ssl=1\" \/><\/a>\n\t\t\t<\/div>\n\t\t\t\t<figcaption class='wp-caption-text gallery-caption' id='gallery-1-1154'>\n\t\t\t\tC\u00eda Reymala. FOTO: C\u00c9SAR OTERO\n\t\t\t\t<\/figcaption><\/figure><figure class='gallery-item'>\n\t\t\t<div class='gallery-icon landscape'>\n\t\t\t\t<a href=\"https:\/\/i0.wp.com\/www.noctivagos.com\/wp-content\/uploads\/2015\/08\/C%C3%A9sar-Otero-NOCTIV2015-23.jpg?ssl=1\"><img loading=\"lazy\" decoding=\"async\" width=\"1024\" height=\"683\" src=\"https:\/\/i0.wp.com\/www.noctivagos.com\/wp-content\/uploads\/2015\/08\/C%C3%A9sar-Otero-NOCTIV2015-23.jpg?fit=1024%2C683&amp;ssl=1\" class=\"attachment-full size-full\" alt=\"Noctivagos - Oropesa - Noche de Bufones\" aria-describedby=\"gallery-1-1184\" data-attachment-id=\"1184\" data-permalink=\"https:\/\/www.noctivagos.com\/?attachment_id=1184\" data-orig-file=\"https:\/\/i0.wp.com\/www.noctivagos.com\/wp-content\/uploads\/2015\/08\/C%C3%A9sar-Otero-NOCTIV2015-23.jpg?fit=1024%2C683&amp;ssl=1\" data-orig-size=\"1024,683\" data-comments-opened=\"1\" data-image-meta=\"{&quot;aperture&quot;:&quot;0&quot;,&quot;credit&quot;:&quot;Picasa&quot;,&quot;camera&quot;:&quot;&quot;,&quot;caption&quot;:&quot;&quot;,&quot;created_timestamp&quot;:&quot;1435963529&quot;,&quot;copyright&quot;:&quot;&quot;,&quot;focal_length&quot;:&quot;0&quot;,&quot;iso&quot;:&quot;0&quot;,&quot;shutter_speed&quot;:&quot;0&quot;,&quot;title&quot;:&quot;&quot;,&quot;orientation&quot;:&quot;0&quot;}\" data-image-title=\"C\u00e9sar Otero NOCTIV2015 (23)\" data-image-description=\"\" data-image-caption=\"&lt;p&gt;C\u00eda Reymala. FOTO: C\u00c9SAR OTERO&lt;\/p&gt;\n\" data-large-file=\"https:\/\/i0.wp.com\/www.noctivagos.com\/wp-content\/uploads\/2015\/08\/C%C3%A9sar-Otero-NOCTIV2015-23.jpg?fit=1024%2C683&amp;ssl=1\" \/><\/a>\n\t\t\t<\/div>\n\t\t\t\t<figcaption class='wp-caption-text gallery-caption' id='gallery-1-1184'>\n\t\t\t\tC\u00eda Reymala. FOTO: C\u00c9SAR OTERO\n\t\t\t\t<\/figcaption><\/figure><figure class='gallery-item'>\n\t\t\t<div class='gallery-icon landscape'>\n\t\t\t\t<a href=\"https:\/\/i0.wp.com\/www.noctivagos.com\/wp-content\/uploads\/2015\/08\/Javier-Diaz-NOCT2015-8.jpg?ssl=1\"><img loading=\"lazy\" decoding=\"async\" width=\"1024\" height=\"679\" src=\"https:\/\/i0.wp.com\/www.noctivagos.com\/wp-content\/uploads\/2015\/08\/Javier-Diaz-NOCT2015-8.jpg?fit=1024%2C679&amp;ssl=1\" class=\"attachment-full size-full\" alt=\"Noctivagos - Oropesa - La Estatua\" aria-describedby=\"gallery-1-1196\" srcset=\"https:\/\/i0.wp.com\/www.noctivagos.com\/wp-content\/uploads\/2015\/08\/Javier-Diaz-NOCT2015-8.jpg?w=1024&amp;ssl=1 1024w, https:\/\/i0.wp.com\/www.noctivagos.com\/wp-content\/uploads\/2015\/08\/Javier-Diaz-NOCT2015-8.jpg?resize=150%2C99&amp;ssl=1 150w, https:\/\/i0.wp.com\/www.noctivagos.com\/wp-content\/uploads\/2015\/08\/Javier-Diaz-NOCT2015-8.jpg?resize=300%2C199&amp;ssl=1 300w\" sizes=\"auto, (max-width: 1000px) 100vw, 1000px\" data-attachment-id=\"1196\" data-permalink=\"https:\/\/www.noctivagos.com\/?attachment_id=1196\" data-orig-file=\"https:\/\/i0.wp.com\/www.noctivagos.com\/wp-content\/uploads\/2015\/08\/Javier-Diaz-NOCT2015-8.jpg?fit=1024%2C679&amp;ssl=1\" data-orig-size=\"1024,679\" data-comments-opened=\"1\" data-image-meta=\"{&quot;aperture&quot;:&quot;7.1&quot;,&quot;credit&quot;:&quot;Picasa&quot;,&quot;camera&quot;:&quot;NIKON D40&quot;,&quot;caption&quot;:&quot;&quot;,&quot;created_timestamp&quot;:&quot;1436017659&quot;,&quot;copyright&quot;:&quot;&quot;,&quot;focal_length&quot;:&quot;55&quot;,&quot;iso&quot;:&quot;200&quot;,&quot;shutter_speed&quot;:&quot;0.005&quot;,&quot;title&quot;:&quot;&quot;,&quot;orientation&quot;:&quot;0&quot;}\" data-image-title=\"Javier Diaz NOCT2015 (8)\" data-image-description=\"\" data-image-caption=\"&lt;p&gt;Teatro El Navarro. FOTO: JAVIER D\u00cdAZ BARRADO&lt;\/p&gt;\n\" data-large-file=\"https:\/\/i0.wp.com\/www.noctivagos.com\/wp-content\/uploads\/2015\/08\/Javier-Diaz-NOCT2015-8.jpg?fit=1024%2C679&amp;ssl=1\" \/><\/a>\n\t\t\t<\/div>\n\t\t\t\t<figcaption class='wp-caption-text gallery-caption' id='gallery-1-1196'>\n\t\t\t\tTeatro El Navarro. FOTO: JAVIER D\u00cdAZ BARRADO\n\t\t\t\t<\/figcaption><\/figure><figure class='gallery-item'>\n\t\t\t<div class='gallery-icon landscape'>\n\t\t\t\t<a href=\"https:\/\/i0.wp.com\/www.noctivagos.com\/wp-content\/uploads\/2015\/08\/Juan-Piombo-NOCT2015-3.jpg?ssl=1\"><img loading=\"lazy\" decoding=\"async\" width=\"1024\" height=\"679\" src=\"https:\/\/i0.wp.com\/www.noctivagos.com\/wp-content\/uploads\/2015\/08\/Juan-Piombo-NOCT2015-3.jpg?fit=1024%2C679&amp;ssl=1\" class=\"attachment-full size-full\" alt=\"Noctivagos - Premios\" aria-describedby=\"gallery-1-1220\" srcset=\"https:\/\/i0.wp.com\/www.noctivagos.com\/wp-content\/uploads\/2015\/08\/Juan-Piombo-NOCT2015-3.jpg?w=1024&amp;ssl=1 1024w, https:\/\/i0.wp.com\/www.noctivagos.com\/wp-content\/uploads\/2015\/08\/Juan-Piombo-NOCT2015-3.jpg?resize=150%2C99&amp;ssl=1 150w, https:\/\/i0.wp.com\/www.noctivagos.com\/wp-content\/uploads\/2015\/08\/Juan-Piombo-NOCT2015-3.jpg?resize=300%2C199&amp;ssl=1 300w\" sizes=\"auto, (max-width: 1000px) 100vw, 1000px\" data-attachment-id=\"1220\" data-permalink=\"https:\/\/www.noctivagos.com\/?attachment_id=1220\" data-orig-file=\"https:\/\/i0.wp.com\/www.noctivagos.com\/wp-content\/uploads\/2015\/08\/Juan-Piombo-NOCT2015-3.jpg?fit=1024%2C679&amp;ssl=1\" data-orig-size=\"1024,679\" data-comments-opened=\"1\" data-image-meta=\"{&quot;aperture&quot;:&quot;4.2&quot;,&quot;credit&quot;:&quot;Picasa&quot;,&quot;camera&quot;:&quot;NIKON D40&quot;,&quot;caption&quot;:&quot;&quot;,&quot;created_timestamp&quot;:&quot;1436104126&quot;,&quot;copyright&quot;:&quot;&quot;,&quot;focal_length&quot;:&quot;28&quot;,&quot;iso&quot;:&quot;400&quot;,&quot;shutter_speed&quot;:&quot;0.016666666666667&quot;,&quot;title&quot;:&quot;&quot;,&quot;orientation&quot;:&quot;0&quot;}\" data-image-title=\"Juan Piombo NOCT2015 (3)\" data-image-description=\"\" data-image-caption=\"&lt;p&gt;Premio Min\u00edvagos. FOTO: JUAN PIOMBO&lt;\/p&gt;\n\" data-large-file=\"https:\/\/i0.wp.com\/www.noctivagos.com\/wp-content\/uploads\/2015\/08\/Juan-Piombo-NOCT2015-3.jpg?fit=1024%2C679&amp;ssl=1\" \/><\/a>\n\t\t\t<\/div>\n\t\t\t\t<figcaption class='wp-caption-text gallery-caption' id='gallery-1-1220'>\n\t\t\t\tPremio Min\u00edvagos. FOTO: JUAN PIOMBO\n\t\t\t\t<\/figcaption><\/figure><figure class='gallery-item'>\n\t\t\t<div class='gallery-icon portrait'>\n\t\t\t\t<a href=\"https:\/\/i0.wp.com\/www.noctivagos.com\/wp-content\/uploads\/2015\/08\/Juan-Carlos-NOCT2015-17.jpg?ssl=1\"><img loading=\"lazy\" decoding=\"async\" width=\"683\" height=\"1024\" src=\"https:\/\/i0.wp.com\/www.noctivagos.com\/wp-content\/uploads\/2015\/08\/Juan-Carlos-NOCT2015-17.jpg?fit=683%2C1024&amp;ssl=1\" class=\"attachment-full size-full\" alt=\"Noctivagos - Oropesa - Torito\" aria-describedby=\"gallery-1-1216\" srcset=\"https:\/\/i0.wp.com\/www.noctivagos.com\/wp-content\/uploads\/2015\/08\/Juan-Carlos-NOCT2015-17.jpg?w=683&amp;ssl=1 683w, https:\/\/i0.wp.com\/www.noctivagos.com\/wp-content\/uploads\/2015\/08\/Juan-Carlos-NOCT2015-17.jpg?resize=100%2C150&amp;ssl=1 100w, https:\/\/i0.wp.com\/www.noctivagos.com\/wp-content\/uploads\/2015\/08\/Juan-Carlos-NOCT2015-17.jpg?resize=200%2C300&amp;ssl=1 200w\" sizes=\"auto, (max-width: 683px) 100vw, 683px\" data-attachment-id=\"1216\" data-permalink=\"https:\/\/www.noctivagos.com\/?attachment_id=1216\" data-orig-file=\"https:\/\/i0.wp.com\/www.noctivagos.com\/wp-content\/uploads\/2015\/08\/Juan-Carlos-NOCT2015-17.jpg?fit=683%2C1024&amp;ssl=1\" data-orig-size=\"683,1024\" data-comments-opened=\"1\" data-image-meta=\"{&quot;aperture&quot;:&quot;5&quot;,&quot;credit&quot;:&quot;Picasa&quot;,&quot;camera&quot;:&quot;Canon EOS 600D&quot;,&quot;caption&quot;:&quot;&quot;,&quot;created_timestamp&quot;:&quot;1404516981&quot;,&quot;copyright&quot;:&quot;&quot;,&quot;focal_length&quot;:&quot;205&quot;,&quot;iso&quot;:&quot;1600&quot;,&quot;shutter_speed&quot;:&quot;0.004&quot;,&quot;title&quot;:&quot;&quot;,&quot;orientation&quot;:&quot;0&quot;}\" data-image-title=\"Juan Carlos NOCT2015 (17)\" data-image-description=\"\" data-image-caption=\"&lt;p&gt;El Duende Teatro. FOTO: JUAN CARLOS GARC\u00cdA CORROCHANO&lt;\/p&gt;\n\" data-large-file=\"https:\/\/i0.wp.com\/www.noctivagos.com\/wp-content\/uploads\/2015\/08\/Juan-Carlos-NOCT2015-17.jpg?fit=683%2C1024&amp;ssl=1\" \/><\/a>\n\t\t\t<\/div>\n\t\t\t\t<figcaption class='wp-caption-text gallery-caption' id='gallery-1-1216'>\n\t\t\t\tEl Duende Teatro. FOTO: JUAN CARLOS GARC\u00cdA CORROCHANO\n\t\t\t\t<\/figcaption><\/figure><figure class='gallery-item'>\n\t\t\t<div class='gallery-icon landscape'>\n\t\t\t\t<a href=\"https:\/\/i0.wp.com\/www.noctivagos.com\/wp-content\/uploads\/2015\/08\/Juan-Piombo-NOCT2015-6.jpg?ssl=1\"><img loading=\"lazy\" decoding=\"async\" width=\"1024\" height=\"679\" src=\"https:\/\/i0.wp.com\/www.noctivagos.com\/wp-content\/uploads\/2015\/08\/Juan-Piombo-NOCT2015-6.jpg?fit=1024%2C679&amp;ssl=1\" class=\"attachment-full size-full\" alt=\"Noctivagos - Premios\" aria-describedby=\"gallery-1-1223\" srcset=\"https:\/\/i0.wp.com\/www.noctivagos.com\/wp-content\/uploads\/2015\/08\/Juan-Piombo-NOCT2015-6.jpg?w=1024&amp;ssl=1 1024w, https:\/\/i0.wp.com\/www.noctivagos.com\/wp-content\/uploads\/2015\/08\/Juan-Piombo-NOCT2015-6.jpg?resize=150%2C99&amp;ssl=1 150w, https:\/\/i0.wp.com\/www.noctivagos.com\/wp-content\/uploads\/2015\/08\/Juan-Piombo-NOCT2015-6.jpg?resize=300%2C199&amp;ssl=1 300w\" sizes=\"auto, (max-width: 1000px) 100vw, 1000px\" data-attachment-id=\"1223\" data-permalink=\"https:\/\/www.noctivagos.com\/?attachment_id=1223\" data-orig-file=\"https:\/\/i0.wp.com\/www.noctivagos.com\/wp-content\/uploads\/2015\/08\/Juan-Piombo-NOCT2015-6.jpg?fit=1024%2C679&amp;ssl=1\" data-orig-size=\"1024,679\" data-comments-opened=\"1\" data-image-meta=\"{&quot;aperture&quot;:&quot;5&quot;,&quot;credit&quot;:&quot;Picasa&quot;,&quot;camera&quot;:&quot;NIKON D40&quot;,&quot;caption&quot;:&quot;&quot;,&quot;created_timestamp&quot;:&quot;1436103716&quot;,&quot;copyright&quot;:&quot;&quot;,&quot;focal_length&quot;:&quot;38&quot;,&quot;iso&quot;:&quot;900&quot;,&quot;shutter_speed&quot;:&quot;0.016666666666667&quot;,&quot;title&quot;:&quot;&quot;,&quot;orientation&quot;:&quot;0&quot;}\" data-image-title=\"Juan Piombo NOCT2015 (6)\" data-image-description=\"\" data-image-caption=\"&lt;p&gt;3\u00ba Premio. FOTO: JUAN PIOMBO&lt;\/p&gt;\n\" data-large-file=\"https:\/\/i0.wp.com\/www.noctivagos.com\/wp-content\/uploads\/2015\/08\/Juan-Piombo-NOCT2015-6.jpg?fit=1024%2C679&amp;ssl=1\" \/><\/a>\n\t\t\t<\/div>\n\t\t\t\t<figcaption class='wp-caption-text gallery-caption' id='gallery-1-1223'>\n\t\t\t\t3\u00ba Premio. FOTO: JUAN PIOMBO\n\t\t\t\t<\/figcaption><\/figure><figure class='gallery-item'>\n\t\t\t<div class='gallery-icon landscape'>\n\t\t\t\t<a href=\"https:\/\/i0.wp.com\/www.noctivagos.com\/wp-content\/uploads\/2015\/08\/Juan-Piombo-NOCT2015-8.jpg?ssl=1\"><img loading=\"lazy\" decoding=\"async\" width=\"1024\" height=\"679\" src=\"https:\/\/i0.wp.com\/www.noctivagos.com\/wp-content\/uploads\/2015\/08\/Juan-Piombo-NOCT2015-8.jpg?fit=1024%2C679&amp;ssl=1\" class=\"attachment-full size-full\" alt=\"Noctivagos - Premios\" aria-describedby=\"gallery-1-1225\" srcset=\"https:\/\/i0.wp.com\/www.noctivagos.com\/wp-content\/uploads\/2015\/08\/Juan-Piombo-NOCT2015-8.jpg?w=1024&amp;ssl=1 1024w, https:\/\/i0.wp.com\/www.noctivagos.com\/wp-content\/uploads\/2015\/08\/Juan-Piombo-NOCT2015-8.jpg?resize=150%2C99&amp;ssl=1 150w, https:\/\/i0.wp.com\/www.noctivagos.com\/wp-content\/uploads\/2015\/08\/Juan-Piombo-NOCT2015-8.jpg?resize=300%2C199&amp;ssl=1 300w\" sizes=\"auto, (max-width: 1000px) 100vw, 1000px\" data-attachment-id=\"1225\" data-permalink=\"https:\/\/www.noctivagos.com\/?attachment_id=1225\" data-orig-file=\"https:\/\/i0.wp.com\/www.noctivagos.com\/wp-content\/uploads\/2015\/08\/Juan-Piombo-NOCT2015-8.jpg?fit=1024%2C679&amp;ssl=1\" data-orig-size=\"1024,679\" data-comments-opened=\"1\" data-image-meta=\"{&quot;aperture&quot;:&quot;4.5&quot;,&quot;credit&quot;:&quot;Picasa&quot;,&quot;camera&quot;:&quot;NIKON D40&quot;,&quot;caption&quot;:&quot;&quot;,&quot;created_timestamp&quot;:&quot;1436103454&quot;,&quot;copyright&quot;:&quot;&quot;,&quot;focal_length&quot;:&quot;32&quot;,&quot;iso&quot;:&quot;400&quot;,&quot;shutter_speed&quot;:&quot;0.016666666666667&quot;,&quot;title&quot;:&quot;&quot;,&quot;orientation&quot;:&quot;0&quot;}\" data-image-title=\"Juan Piombo NOCT2015 (8)\" data-image-description=\"\" data-image-caption=\"&lt;p&gt;Premio Mejor Actriz. FOTO: JUAN PIOMBO&lt;\/p&gt;\n\" data-large-file=\"https:\/\/i0.wp.com\/www.noctivagos.com\/wp-content\/uploads\/2015\/08\/Juan-Piombo-NOCT2015-8.jpg?fit=1024%2C679&amp;ssl=1\" \/><\/a>\n\t\t\t<\/div>\n\t\t\t\t<figcaption class='wp-caption-text gallery-caption' id='gallery-1-1225'>\n\t\t\t\tPremio Mejor Actriz. FOTO: JUAN PIOMBO\n\t\t\t\t<\/figcaption><\/figure><figure class='gallery-item'>\n\t\t\t<div class='gallery-icon landscape'>\n\t\t\t\t<a href=\"https:\/\/i0.wp.com\/www.noctivagos.com\/wp-content\/uploads\/2015\/08\/Juan-Carlos-NOCT2015-5.jpg?ssl=1\"><img loading=\"lazy\" decoding=\"async\" width=\"1024\" height=\"683\" src=\"https:\/\/i0.wp.com\/www.noctivagos.com\/wp-content\/uploads\/2015\/08\/Juan-Carlos-NOCT2015-5.jpg?fit=1024%2C683&amp;ssl=1\" class=\"attachment-full size-full\" alt=\"Noctivagos - Oropesa - Noche de Bufones\" aria-describedby=\"gallery-1-1204\" srcset=\"https:\/\/i0.wp.com\/www.noctivagos.com\/wp-content\/uploads\/2015\/08\/Juan-Carlos-NOCT2015-5.jpg?w=1024&amp;ssl=1 1024w, https:\/\/i0.wp.com\/www.noctivagos.com\/wp-content\/uploads\/2015\/08\/Juan-Carlos-NOCT2015-5.jpg?resize=150%2C100&amp;ssl=1 150w, https:\/\/i0.wp.com\/www.noctivagos.com\/wp-content\/uploads\/2015\/08\/Juan-Carlos-NOCT2015-5.jpg?resize=300%2C200&amp;ssl=1 300w\" sizes=\"auto, (max-width: 1000px) 100vw, 1000px\" data-attachment-id=\"1204\" data-permalink=\"https:\/\/www.noctivagos.com\/?attachment_id=1204\" data-orig-file=\"https:\/\/i0.wp.com\/www.noctivagos.com\/wp-content\/uploads\/2015\/08\/Juan-Carlos-NOCT2015-5.jpg?fit=1024%2C683&amp;ssl=1\" data-orig-size=\"1024,683\" data-comments-opened=\"1\" data-image-meta=\"{&quot;aperture&quot;:&quot;4&quot;,&quot;credit&quot;:&quot;Picasa&quot;,&quot;camera&quot;:&quot;Canon EOS 600D&quot;,&quot;caption&quot;:&quot;&quot;,&quot;created_timestamp&quot;:&quot;1404435708&quot;,&quot;copyright&quot;:&quot;&quot;,&quot;focal_length&quot;:&quot;80&quot;,&quot;iso&quot;:&quot;6400&quot;,&quot;shutter_speed&quot;:&quot;0.00125&quot;,&quot;title&quot;:&quot;&quot;,&quot;orientation&quot;:&quot;0&quot;}\" data-image-title=\"Juan Carlos NOCT2015 (5)\" data-image-description=\"\" data-image-caption=\"&lt;p&gt;C\u00eda Reymala. FOTO: JUAN CARLOS GARC\u00cdA CORROCHANO&lt;\/p&gt;\n\" data-large-file=\"https:\/\/i0.wp.com\/www.noctivagos.com\/wp-content\/uploads\/2015\/08\/Juan-Carlos-NOCT2015-5.jpg?fit=1024%2C683&amp;ssl=1\" \/><\/a>\n\t\t\t<\/div>\n\t\t\t\t<figcaption class='wp-caption-text gallery-caption' id='gallery-1-1204'>\n\t\t\t\tC\u00eda Reymala. FOTO: JUAN CARLOS GARC\u00cdA CORROCHANO\n\t\t\t\t<\/figcaption><\/figure><figure class='gallery-item'>\n\t\t\t<div class='gallery-icon landscape'>\n\t\t\t\t<a href=\"https:\/\/i0.wp.com\/www.noctivagos.com\/wp-content\/uploads\/2015\/08\/C%C3%A9sar-Otero-NOCT2015-23.jpg?ssl=1\"><img loading=\"lazy\" decoding=\"async\" width=\"1024\" height=\"683\" src=\"https:\/\/i0.wp.com\/www.noctivagos.com\/wp-content\/uploads\/2015\/08\/C%C3%A9sar-Otero-NOCT2015-23.jpg?fit=1024%2C683&amp;ssl=1\" class=\"attachment-full size-full\" alt=\"Noctivagos - Oropesa - D\u00e9jame ser la sombra de tu perro\" aria-describedby=\"gallery-1-1160\" data-attachment-id=\"1160\" data-permalink=\"https:\/\/www.noctivagos.com\/?attachment_id=1160\" data-orig-file=\"https:\/\/i0.wp.com\/www.noctivagos.com\/wp-content\/uploads\/2015\/08\/C%C3%A9sar-Otero-NOCT2015-23.jpg?fit=1024%2C683&amp;ssl=1\" data-orig-size=\"1024,683\" data-comments-opened=\"1\" data-image-meta=\"{&quot;aperture&quot;:&quot;2.8&quot;,&quot;credit&quot;:&quot;Picasa&quot;,&quot;camera&quot;:&quot;NIKON D7100&quot;,&quot;caption&quot;:&quot;&quot;,&quot;created_timestamp&quot;:&quot;1436050059&quot;,&quot;copyright&quot;:&quot;&quot;,&quot;focal_length&quot;:&quot;17&quot;,&quot;iso&quot;:&quot;3200&quot;,&quot;shutter_speed&quot;:&quot;0.0008&quot;,&quot;title&quot;:&quot;&quot;,&quot;orientation&quot;:&quot;0&quot;}\" data-image-title=\"C\u00e9sar Otero NOCT2015 (23)\" data-image-description=\"\" data-image-caption=\"&lt;p&gt;Asoc. Teatral Magistorias. FOTO: C\u00c9SAR OTERO&lt;\/p&gt;\n\" data-large-file=\"https:\/\/i0.wp.com\/www.noctivagos.com\/wp-content\/uploads\/2015\/08\/C%C3%A9sar-Otero-NOCT2015-23.jpg?fit=1024%2C683&amp;ssl=1\" \/><\/a>\n\t\t\t<\/div>\n\t\t\t\t<figcaption class='wp-caption-text gallery-caption' id='gallery-1-1160'>\n\t\t\t\tAsoc. Teatral Magistorias. FOTO: C\u00c9SAR OTERO\n\t\t\t\t<\/figcaption><\/figure><figure class='gallery-item'>\n\t\t\t<div class='gallery-icon landscape'>\n\t\t\t\t<a href=\"https:\/\/i0.wp.com\/www.noctivagos.com\/wp-content\/uploads\/2015\/08\/C%C3%A9sar-Otero-NOCT2015-14.jpg?ssl=1\"><img loading=\"lazy\" decoding=\"async\" width=\"950\" height=\"634\" src=\"https:\/\/i0.wp.com\/www.noctivagos.com\/wp-content\/uploads\/2015\/08\/C%C3%A9sar-Otero-NOCT2015-14.jpg?fit=950%2C634&amp;ssl=1\" class=\"attachment-full size-full\" alt=\"Noctivagos - Oropesa - Apertura\" aria-describedby=\"gallery-1-1151\" data-attachment-id=\"1151\" data-permalink=\"https:\/\/www.noctivagos.com\/?attachment_id=1151\" data-orig-file=\"https:\/\/i0.wp.com\/www.noctivagos.com\/wp-content\/uploads\/2015\/08\/C%C3%A9sar-Otero-NOCT2015-14.jpg?fit=950%2C634&amp;ssl=1\" data-orig-size=\"950,634\" data-comments-opened=\"1\" data-image-meta=\"{&quot;aperture&quot;:&quot;0&quot;,&quot;credit&quot;:&quot;Picasa&quot;,&quot;camera&quot;:&quot;&quot;,&quot;caption&quot;:&quot;&quot;,&quot;created_timestamp&quot;:&quot;1435955085&quot;,&quot;copyright&quot;:&quot;&quot;,&quot;focal_length&quot;:&quot;0&quot;,&quot;iso&quot;:&quot;0&quot;,&quot;shutter_speed&quot;:&quot;0&quot;,&quot;title&quot;:&quot;&quot;,&quot;orientation&quot;:&quot;0&quot;}\" data-image-title=\"C\u00e9sar Otero NOCT2015 (14)\" data-image-description=\"\" data-image-caption=\"&lt;p&gt;Apertura. FOTO: C\u00c9SAR OTERO&lt;\/p&gt;\n\" data-large-file=\"https:\/\/i0.wp.com\/www.noctivagos.com\/wp-content\/uploads\/2015\/08\/C%C3%A9sar-Otero-NOCT2015-14.jpg?fit=950%2C634&amp;ssl=1\" \/><\/a>\n\t\t\t<\/div>\n\t\t\t\t<figcaption class='wp-caption-text gallery-caption' id='gallery-1-1151'>\n\t\t\t\tApertura. FOTO: C\u00c9SAR OTERO\n\t\t\t\t<\/figcaption><\/figure><figure class='gallery-item'>\n\t\t\t<div class='gallery-icon landscape'>\n\t\t\t\t<a href=\"https:\/\/i0.wp.com\/www.noctivagos.com\/wp-content\/uploads\/2015\/08\/C%C3%A9sar-Otero-NOCT2015-22.jpg?ssl=1\"><img loading=\"lazy\" decoding=\"async\" width=\"1024\" height=\"683\" src=\"https:\/\/i0.wp.com\/www.noctivagos.com\/wp-content\/uploads\/2015\/08\/C%C3%A9sar-Otero-NOCT2015-22.jpg?fit=1024%2C683&amp;ssl=1\" class=\"attachment-full size-full\" alt=\"Noctivagos - Oropesa - D\u00e9jame ser la sombra de tu perro\" aria-describedby=\"gallery-1-1159\" data-attachment-id=\"1159\" data-permalink=\"https:\/\/www.noctivagos.com\/?attachment_id=1159\" data-orig-file=\"https:\/\/i0.wp.com\/www.noctivagos.com\/wp-content\/uploads\/2015\/08\/C%C3%A9sar-Otero-NOCT2015-22.jpg?fit=1024%2C683&amp;ssl=1\" data-orig-size=\"1024,683\" data-comments-opened=\"1\" data-image-meta=\"{&quot;aperture&quot;:&quot;2.8&quot;,&quot;credit&quot;:&quot;Picasa&quot;,&quot;camera&quot;:&quot;NIKON D7100&quot;,&quot;caption&quot;:&quot;&quot;,&quot;created_timestamp&quot;:&quot;1436049868&quot;,&quot;copyright&quot;:&quot;&quot;,&quot;focal_length&quot;:&quot;50&quot;,&quot;iso&quot;:&quot;3200&quot;,&quot;shutter_speed&quot;:&quot;0.002&quot;,&quot;title&quot;:&quot;&quot;,&quot;orientation&quot;:&quot;0&quot;}\" data-image-title=\"C\u00e9sar Otero NOCT2015 (22)\" data-image-description=\"\" data-image-caption=\"&lt;p&gt;Asoc. Teatral Magistorias. FOTO: C\u00c9SAR OTERO&lt;\/p&gt;\n\" data-large-file=\"https:\/\/i0.wp.com\/www.noctivagos.com\/wp-content\/uploads\/2015\/08\/C%C3%A9sar-Otero-NOCT2015-22.jpg?fit=1024%2C683&amp;ssl=1\" \/><\/a>\n\t\t\t<\/div>\n\t\t\t\t<figcaption class='wp-caption-text gallery-caption' id='gallery-1-1159'>\n\t\t\t\tAsoc. Teatral Magistorias. FOTO: C\u00c9SAR OTERO\n\t\t\t\t<\/figcaption><\/figure><figure class='gallery-item'>\n\t\t\t<div class='gallery-icon landscape'>\n\t\t\t\t<a href=\"https:\/\/i0.wp.com\/www.noctivagos.com\/wp-content\/uploads\/2015\/08\/C%C3%A9sar-Otero-NOCTIV2015-11.jpg?ssl=1\"><img loading=\"lazy\" decoding=\"async\" width=\"1024\" height=\"683\" src=\"https:\/\/i0.wp.com\/www.noctivagos.com\/wp-content\/uploads\/2015\/08\/C%C3%A9sar-Otero-NOCTIV2015-11.jpg?fit=1024%2C683&amp;ssl=1\" class=\"attachment-full size-full\" alt=\"Noctivagos - Oropesa - S\u00e1bado Ma\u00f1ana\" aria-describedby=\"gallery-1-1171\" data-attachment-id=\"1171\" data-permalink=\"https:\/\/www.noctivagos.com\/?attachment_id=1171\" data-orig-file=\"https:\/\/i0.wp.com\/www.noctivagos.com\/wp-content\/uploads\/2015\/08\/C%C3%A9sar-Otero-NOCTIV2015-11.jpg?fit=1024%2C683&amp;ssl=1\" data-orig-size=\"1024,683\" data-comments-opened=\"1\" data-image-meta=\"{&quot;aperture&quot;:&quot;0&quot;,&quot;credit&quot;:&quot;Picasa&quot;,&quot;camera&quot;:&quot;&quot;,&quot;caption&quot;:&quot;&quot;,&quot;created_timestamp&quot;:&quot;1436013884&quot;,&quot;copyright&quot;:&quot;&quot;,&quot;focal_length&quot;:&quot;0&quot;,&quot;iso&quot;:&quot;0&quot;,&quot;shutter_speed&quot;:&quot;0&quot;,&quot;title&quot;:&quot;&quot;,&quot;orientation&quot;:&quot;0&quot;}\" data-image-title=\"C\u00e9sar Otero NOCTIV2015 (11)\" data-image-description=\"\" data-image-caption=\"&lt;p&gt;Teatro El Navarro. FOTO: C\u00c9SAR OTERO&lt;\/p&gt;\n\" data-large-file=\"https:\/\/i0.wp.com\/www.noctivagos.com\/wp-content\/uploads\/2015\/08\/C%C3%A9sar-Otero-NOCTIV2015-11.jpg?fit=1024%2C683&amp;ssl=1\" \/><\/a>\n\t\t\t<\/div>\n\t\t\t\t<figcaption class='wp-caption-text gallery-caption' id='gallery-1-1171'>\n\t\t\t\tTeatro El Navarro. FOTO: C\u00c9SAR OTERO\n\t\t\t\t<\/figcaption><\/figure><figure class='gallery-item'>\n\t\t\t<div class='gallery-icon landscape'>\n\t\t\t\t<a href=\"https:\/\/i0.wp.com\/www.noctivagos.com\/wp-content\/uploads\/2015\/08\/C%C3%A9sar-Otero-NOCTIV2015-13.jpg?ssl=1\"><img loading=\"lazy\" decoding=\"async\" width=\"1024\" height=\"683\" src=\"https:\/\/i0.wp.com\/www.noctivagos.com\/wp-content\/uploads\/2015\/08\/C%C3%A9sar-Otero-NOCTIV2015-13.jpg?fit=1024%2C683&amp;ssl=1\" class=\"attachment-full size-full\" alt=\"Noctivagos - Oropesa - Presentaci\u00f3n\" aria-describedby=\"gallery-1-1173\" data-attachment-id=\"1173\" data-permalink=\"https:\/\/www.noctivagos.com\/?attachment_id=1173\" data-orig-file=\"https:\/\/i0.wp.com\/www.noctivagos.com\/wp-content\/uploads\/2015\/08\/C%C3%A9sar-Otero-NOCTIV2015-13.jpg?fit=1024%2C683&amp;ssl=1\" data-orig-size=\"1024,683\" data-comments-opened=\"1\" data-image-meta=\"{&quot;aperture&quot;:&quot;0&quot;,&quot;credit&quot;:&quot;Picasa&quot;,&quot;camera&quot;:&quot;&quot;,&quot;caption&quot;:&quot;&quot;,&quot;created_timestamp&quot;:&quot;1436013441&quot;,&quot;copyright&quot;:&quot;&quot;,&quot;focal_length&quot;:&quot;0&quot;,&quot;iso&quot;:&quot;0&quot;,&quot;shutter_speed&quot;:&quot;0&quot;,&quot;title&quot;:&quot;&quot;,&quot;orientation&quot;:&quot;0&quot;}\" data-image-title=\"C\u00e9sar Otero NOCTIV2015 (13)\" data-image-description=\"\" data-image-caption=\"&lt;p&gt;Teatro El Navarro. FOTO: C\u00c9SAR OTERO&lt;\/p&gt;\n\" data-large-file=\"https:\/\/i0.wp.com\/www.noctivagos.com\/wp-content\/uploads\/2015\/08\/C%C3%A9sar-Otero-NOCTIV2015-13.jpg?fit=1024%2C683&amp;ssl=1\" \/><\/a>\n\t\t\t<\/div>\n\t\t\t\t<figcaption class='wp-caption-text gallery-caption' id='gallery-1-1173'>\n\t\t\t\tTeatro El Navarro. FOTO: C\u00c9SAR OTERO\n\t\t\t\t<\/figcaption><\/figure><figure class='gallery-item'>\n\t\t\t<div class='gallery-icon landscape'>\n\t\t\t\t<a href=\"https:\/\/i0.wp.com\/www.noctivagos.com\/wp-content\/uploads\/2015\/08\/C%C3%A9sar-Otero-NOCTIV2015-8.jpg?ssl=1\"><img loading=\"lazy\" decoding=\"async\" width=\"1024\" height=\"683\" src=\"https:\/\/i0.wp.com\/www.noctivagos.com\/wp-content\/uploads\/2015\/08\/C%C3%A9sar-Otero-NOCTIV2015-8.jpg?fit=1024%2C683&amp;ssl=1\" class=\"attachment-full size-full\" alt=\"Noctivagos - Oropesa - Quijote\" aria-describedby=\"gallery-1-1168\" data-attachment-id=\"1168\" data-permalink=\"https:\/\/www.noctivagos.com\/?attachment_id=1168\" data-orig-file=\"https:\/\/i0.wp.com\/www.noctivagos.com\/wp-content\/uploads\/2015\/08\/C%C3%A9sar-Otero-NOCTIV2015-8.jpg?fit=1024%2C683&amp;ssl=1\" data-orig-size=\"1024,683\" data-comments-opened=\"1\" data-image-meta=\"{&quot;aperture&quot;:&quot;0&quot;,&quot;credit&quot;:&quot;Picasa&quot;,&quot;camera&quot;:&quot;&quot;,&quot;caption&quot;:&quot;&quot;,&quot;created_timestamp&quot;:&quot;1436055146&quot;,&quot;copyright&quot;:&quot;&quot;,&quot;focal_length&quot;:&quot;0&quot;,&quot;iso&quot;:&quot;0&quot;,&quot;shutter_speed&quot;:&quot;0&quot;,&quot;title&quot;:&quot;&quot;,&quot;orientation&quot;:&quot;0&quot;}\" data-image-title=\"C\u00e9sar Otero NOCTIV2015 (8)\" data-image-description=\"\" data-image-caption=\"&lt;p&gt;Bambalina Teatre. FOTO: C\u00c9SAR OTERO&lt;\/p&gt;\n\" data-large-file=\"https:\/\/i0.wp.com\/www.noctivagos.com\/wp-content\/uploads\/2015\/08\/C%C3%A9sar-Otero-NOCTIV2015-8.jpg?fit=1024%2C683&amp;ssl=1\" \/><\/a>\n\t\t\t<\/div>\n\t\t\t\t<figcaption class='wp-caption-text gallery-caption' id='gallery-1-1168'>\n\t\t\t\tBambalina Teatre. FOTO: C\u00c9SAR OTERO\n\t\t\t\t<\/figcaption><\/figure><figure class='gallery-item'>\n\t\t\t<div class='gallery-icon landscape'>\n\t\t\t\t<a href=\"https:\/\/i0.wp.com\/www.noctivagos.com\/wp-content\/uploads\/2015\/08\/Juan-Piombo-NOCT2015-2.jpg?ssl=1\"><img loading=\"lazy\" decoding=\"async\" width=\"1024\" height=\"679\" src=\"https:\/\/i0.wp.com\/www.noctivagos.com\/wp-content\/uploads\/2015\/08\/Juan-Piombo-NOCT2015-2.jpg?fit=1024%2C679&amp;ssl=1\" class=\"attachment-full size-full\" alt=\"Noctivagos - Premios\" aria-describedby=\"gallery-1-1219\" srcset=\"https:\/\/i0.wp.com\/www.noctivagos.com\/wp-content\/uploads\/2015\/08\/Juan-Piombo-NOCT2015-2.jpg?w=1024&amp;ssl=1 1024w, https:\/\/i0.wp.com\/www.noctivagos.com\/wp-content\/uploads\/2015\/08\/Juan-Piombo-NOCT2015-2.jpg?resize=150%2C99&amp;ssl=1 150w, https:\/\/i0.wp.com\/www.noctivagos.com\/wp-content\/uploads\/2015\/08\/Juan-Piombo-NOCT2015-2.jpg?resize=300%2C199&amp;ssl=1 300w\" sizes=\"auto, (max-width: 1000px) 100vw, 1000px\" data-attachment-id=\"1219\" data-permalink=\"https:\/\/www.noctivagos.com\/?attachment_id=1219\" data-orig-file=\"https:\/\/i0.wp.com\/www.noctivagos.com\/wp-content\/uploads\/2015\/08\/Juan-Piombo-NOCT2015-2.jpg?fit=1024%2C679&amp;ssl=1\" data-orig-size=\"1024,679\" data-comments-opened=\"1\" data-image-meta=\"{&quot;aperture&quot;:&quot;3.5&quot;,&quot;credit&quot;:&quot;Picasa&quot;,&quot;camera&quot;:&quot;NIKON D40&quot;,&quot;caption&quot;:&quot;&quot;,&quot;created_timestamp&quot;:&quot;1436104851&quot;,&quot;copyright&quot;:&quot;&quot;,&quot;focal_length&quot;:&quot;18&quot;,&quot;iso&quot;:&quot;400&quot;,&quot;shutter_speed&quot;:&quot;0.016666666666667&quot;,&quot;title&quot;:&quot;&quot;,&quot;orientation&quot;:&quot;0&quot;}\" data-image-title=\"Juan Piombo NOCT2015 (2)\" data-image-description=\"\" data-image-caption=\"&lt;p&gt;Esto es Noct\u00edvagos. FOTO: JUAN PIOMBO&lt;\/p&gt;\n\" data-large-file=\"https:\/\/i0.wp.com\/www.noctivagos.com\/wp-content\/uploads\/2015\/08\/Juan-Piombo-NOCT2015-2.jpg?fit=1024%2C679&amp;ssl=1\" \/><\/a>\n\t\t\t<\/div>\n\t\t\t\t<figcaption class='wp-caption-text gallery-caption' id='gallery-1-1219'>\n\t\t\t\tEsto es Noct\u00edvagos. FOTO: JUAN PIOMBO\n\t\t\t\t<\/figcaption><\/figure><figure class='gallery-item'>\n\t\t\t<div class='gallery-icon landscape'>\n\t\t\t\t<a href=\"https:\/\/i0.wp.com\/www.noctivagos.com\/wp-content\/uploads\/2015\/08\/C%C3%A9sar-Otero-NOCT2015-13.jpg?ssl=1\"><img loading=\"lazy\" decoding=\"async\" width=\"950\" height=\"634\" src=\"https:\/\/i0.wp.com\/www.noctivagos.com\/wp-content\/uploads\/2015\/08\/C%C3%A9sar-Otero-NOCT2015-13.jpg?fit=950%2C634&amp;ssl=1\" class=\"attachment-full size-full\" alt=\"Noctivagos - Oropesa - Fuera de Foco\" aria-describedby=\"gallery-1-1150\" data-attachment-id=\"1150\" data-permalink=\"https:\/\/www.noctivagos.com\/?attachment_id=1150\" data-orig-file=\"https:\/\/i0.wp.com\/www.noctivagos.com\/wp-content\/uploads\/2015\/08\/C%C3%A9sar-Otero-NOCT2015-13.jpg?fit=950%2C634&amp;ssl=1\" data-orig-size=\"950,634\" data-comments-opened=\"1\" data-image-meta=\"{&quot;aperture&quot;:&quot;0&quot;,&quot;credit&quot;:&quot;Picasa&quot;,&quot;camera&quot;:&quot;&quot;,&quot;caption&quot;:&quot;&quot;,&quot;created_timestamp&quot;:&quot;1435974699&quot;,&quot;copyright&quot;:&quot;&quot;,&quot;focal_length&quot;:&quot;0&quot;,&quot;iso&quot;:&quot;0&quot;,&quot;shutter_speed&quot;:&quot;0&quot;,&quot;title&quot;:&quot;&quot;,&quot;orientation&quot;:&quot;0&quot;}\" data-image-title=\"C\u00e9sar Otero NOCT2015 (13)\" data-image-description=\"\" data-image-caption=\"&lt;p&gt;Fuera de Foco Teatro. FOTO: C\u00c9SAR OTERO&lt;\/p&gt;\n\" data-large-file=\"https:\/\/i0.wp.com\/www.noctivagos.com\/wp-content\/uploads\/2015\/08\/C%C3%A9sar-Otero-NOCT2015-13.jpg?fit=950%2C634&amp;ssl=1\" \/><\/a>\n\t\t\t<\/div>\n\t\t\t\t<figcaption class='wp-caption-text gallery-caption' id='gallery-1-1150'>\n\t\t\t\tFuera de Foco Teatro. FOTO: C\u00c9SAR OTERO\n\t\t\t\t<\/figcaption><\/figure>\n\t\t<\/div>\n\n","protected":false},"excerpt":{"rendered":"<div class=\"mh-excerpt\"><p>Aqu\u00ed pod\u00e9is ver, en im\u00e1genes, los mejores momentos de\u00a0Noct\u00edvagos 2015. Adem\u00e1s de las que v\u00e9is aqu\u00ed, en el blog de Sergio Garrido (http:\/\/fotossergiogb.weebly.com\/noctivagos-2015.html) tenemos otra <a class=\"mh-excerpt-more\" href=\"https:\/\/www.noctivagos.com\/?page_id=1133\" title=\"2015\">[&#8230;]<\/a><\/p>\n<\/div>","protected":false},"author":1,"featured_media":0,"parent":541,"menu_order":0,"comment_status":"open","ping_status":"open","template":"","meta":{"footnotes":""},"class_list":["post-1133","page","type-page","status-publish","hentry"],"jetpack_shortlink":"https:\/\/wp.me\/P6myW9-ih","jetpack_sharing_enabled":true,"_links":{"self":[{"href":"https:\/\/www.noctivagos.com\/index.php?rest_route=\/wp\/v2\/pages\/1133","targetHints":{"allow":["GET"]}}],"collection":[{"href":"https:\/\/www.noctivagos.com\/index.php?rest_route=\/wp\/v2\/pages"}],"about":[{"href":"https:\/\/www.noctivagos.com\/index.php?rest_route=\/wp\/v2\/types\/page"}],"author":[{"embeddable":true,"href":"https:\/\/www.noctivagos.com\/index.php?rest_route=\/wp\/v2\/users\/1"}],"replies":[{"embeddable":true,"href":"https:\/\/www.noctivagos.com\/index.php?rest_route=%2Fwp%2Fv2%2Fcomments&post=1133"}],"version-history":[{"count":8,"href":"https:\/\/www.noctivagos.com\/index.php?rest_route=\/wp\/v2\/pages\/1133\/revisions"}],"predecessor-version":[{"id":2369,"href":"https:\/\/www.noctivagos.com\/index.php?rest_route=\/wp\/v2\/pages\/1133\/revisions\/2369"}],"up":[{"embeddable":true,"href":"https:\/\/www.noctivagos.com\/index.php?rest_route=\/wp\/v2\/pages\/541"}],"wp:attachment":[{"href":"https:\/\/www.noctivagos.com\/index.php?rest_route=%2Fwp%2Fv2%2Fmedia&parent=1133"}],"curies":[{"name":"wp","href":"https:\/\/api.w.org\/{rel}","templated":true}]}}