{"id":543,"date":"2015-06-13T23:38:13","date_gmt":"2015-06-13T23:38:13","guid":{"rendered":"http:\/\/noctivagos.com\/?page_id=543"},"modified":"2015-06-23T01:39:00","modified_gmt":"2015-06-22T23:39:00","slug":"2009-2","status":"publish","type":"page","link":"https:\/\/www.noctivagos.com\/?page_id=543","title":{"rendered":"2009"},"content":{"rendered":"<p><del><\/del>Aqu\u00ed pod\u00e9is ver im\u00e1genes de la edici\u00f3n 0 de Noct\u00edvagos, a\u00fan sin el formato actual de certamen<\/p>\n<p class=\"jetpack-slideshow-noscript robots-nocontent\">El pase de diapositivas requiere JavaScript.<\/p><div id=\"gallery-543-1-slideshow\" class=\"jetpack-slideshow-window jetpack-slideshow jetpack-slideshow-black\" data-trans=\"fade\" data-autostart=\"1\" data-gallery=\"[{&quot;src&quot;:&quot;https:\\\/\\\/i0.wp.com\\\/www.noctivagos.com\\\/wp-content\\\/uploads\\\/2015\\\/06\\\/DSC6090.jpg?fit=426%2C640\\u0026ssl=1&quot;,&quot;id&quot;:&quot;801&quot;,&quot;title&quot;:&quot;_DSC6090&quot;,&quot;alt&quot;:&quot;&quot;,&quot;caption&quot;:&quot;Representaciones Teatrales en la Plaza Vieja. Noct\\u00edvagos 2009. FOTO: Javier Cisneros&quot;,&quot;itemprop&quot;:&quot;image&quot;},{&quot;src&quot;:&quot;https:\\\/\\\/i0.wp.com\\\/www.noctivagos.com\\\/wp-content\\\/uploads\\\/2015\\\/06\\\/DSC6080.jpg?fit=640%2C426\\u0026ssl=1&quot;,&quot;id&quot;:&quot;800&quot;,&quot;title&quot;:&quot;_DSC6080&quot;,&quot;alt&quot;:&quot;&quot;,&quot;caption&quot;:&quot;Representaciones Teatrales en la Plaza Vieja. Noct\\u00edvagos 2009. FOTO: Javier Cisneros&quot;,&quot;itemprop&quot;:&quot;image&quot;},{&quot;src&quot;:&quot;https:\\\/\\\/i0.wp.com\\\/www.noctivagos.com\\\/wp-content\\\/uploads\\\/2015\\\/06\\\/Noctivagos2009-1.jpg?fit=640%2C480\\u0026ssl=1&quot;,&quot;id&quot;:&quot;848&quot;,&quot;title&quot;:&quot;Instalaci\\u00f3n velas en La Ronda. Noct\\u00edvagos 2009. FOTO: Noelia Garc\\u00eda&quot;,&quot;alt&quot;:&quot;&quot;,&quot;caption&quot;:&quot;Instalaci\\u00f3n velas en La Ronda. Noct\\u00edvagos 2009. FOTO: Noelia Garc\\u00eda&quot;,&quot;itemprop&quot;:&quot;image&quot;},{&quot;src&quot;:&quot;https:\\\/\\\/i0.wp.com\\\/www.noctivagos.com\\\/wp-content\\\/uploads\\\/2015\\\/06\\\/Noctivagos2009-2.jpg?fit=640%2C480\\u0026ssl=1&quot;,&quot;id&quot;:&quot;849&quot;,&quot;title&quot;:&quot;Instalaci\\u00f3n velas en La Ronda. Noct\\u00edvagos 2009. FOTO: Noelia Garc\\u00eda&quot;,&quot;alt&quot;:&quot;&quot;,&quot;caption&quot;:&quot;Instalaci\\u00f3n velas en La Ronda. Noct\\u00edvagos 2009. FOTO: Noelia Garc\\u00eda&quot;,&quot;itemprop&quot;:&quot;image&quot;},{&quot;src&quot;:&quot;https:\\\/\\\/i0.wp.com\\\/www.noctivagos.com\\\/wp-content\\\/uploads\\\/2015\\\/06\\\/Noctivagos2009-3.jpg?fit=480%2C640\\u0026ssl=1&quot;,&quot;id&quot;:&quot;850&quot;,&quot;title&quot;:&quot;Personajes ambientaci\\u00f3n. Noct\\u00edvagos 2009. FOTO: Noelia Garc\\u00eda&quot;,&quot;alt&quot;:&quot;&quot;,&quot;caption&quot;:&quot;Personajes ambientaci\\u00f3n. Noct\\u00edvagos 2009. FOTO: Noelia Garc\\u00eda&quot;,&quot;itemprop&quot;:&quot;image&quot;},{&quot;src&quot;:&quot;https:\\\/\\\/i0.wp.com\\\/www.noctivagos.com\\\/wp-content\\\/uploads\\\/2015\\\/06\\\/Noctivagos2009-4.jpg?fit=640%2C480\\u0026ssl=1&quot;,&quot;id&quot;:&quot;851&quot;,&quot;title&quot;:&quot;Actuaci\\u00f3n Otobesa. Noct\\u00edvagos 2009. FOTO: Noelia Garc\\u00eda&quot;,&quot;alt&quot;:&quot;&quot;,&quot;caption&quot;:&quot;Actuaci\\u00f3n Otobesa. Noct\\u00edvagos 2009. FOTO: Noelia Garc\\u00eda&quot;,&quot;itemprop&quot;:&quot;image&quot;},{&quot;src&quot;:&quot;https:\\\/\\\/i0.wp.com\\\/www.noctivagos.com\\\/wp-content\\\/uploads\\\/2015\\\/06\\\/Noctivagos2009-5.jpg?fit=640%2C480\\u0026ssl=1&quot;,&quot;id&quot;:&quot;852&quot;,&quot;title&quot;:&quot;Exposici\\u00f3n Telones en La Compa\\u00f1\\u00eda. Noct\\u00edvagos 2009. FOTO: Noelia Garc\\u00eda&quot;,&quot;alt&quot;:&quot;&quot;,&quot;caption&quot;:&quot;Exposici\\u00f3n Telones en La Compa\\u00f1\\u00eda. Noct\\u00edvagos 2009. FOTO: Noelia Garc\\u00eda&quot;,&quot;itemprop&quot;:&quot;image&quot;},{&quot;src&quot;:&quot;https:\\\/\\\/i0.wp.com\\\/www.noctivagos.com\\\/wp-content\\\/uploads\\\/2015\\\/06\\\/Noctivagos2009-6.jpg?fit=480%2C640\\u0026ssl=1&quot;,&quot;id&quot;:&quot;853&quot;,&quot;title&quot;:&quot;Exposici\\u00f3n Telones en La Compa\\u00f1\\u00eda. Noct\\u00edvagos 2009. FOTO: Noelia Garc\\u00eda&quot;,&quot;alt&quot;:&quot;&quot;,&quot;caption&quot;:&quot;Exposici\\u00f3n Telones en La Compa\\u00f1\\u00eda. Noct\\u00edvagos 2009. FOTO: Noelia Garc\\u00eda&quot;,&quot;itemprop&quot;:&quot;image&quot;},{&quot;src&quot;:&quot;https:\\\/\\\/i0.wp.com\\\/www.noctivagos.com\\\/wp-content\\\/uploads\\\/2015\\\/06\\\/Noctivagos2009-7.jpg?fit=640%2C480\\u0026ssl=1&quot;,&quot;id&quot;:&quot;854&quot;,&quot;title&quot;:&quot;Representaciones en la Plaza Vieja. Noct\\u00edvagos 2009. FOTO: Noelia Garc\\u00eda&quot;,&quot;alt&quot;:&quot;&quot;,&quot;caption&quot;:&quot;Representaciones en la Plaza Vieja. Noct\\u00edvagos 2009. FOTO: Noelia Garc\\u00eda&quot;,&quot;itemprop&quot;:&quot;image&quot;},{&quot;src&quot;:&quot;https:\\\/\\\/i0.wp.com\\\/www.noctivagos.com\\\/wp-content\\\/uploads\\\/2015\\\/06\\\/Noctivagos2009-8.jpg?fit=640%2C480\\u0026ssl=1&quot;,&quot;id&quot;:&quot;855&quot;,&quot;title&quot;:&quot;Noctivagos2009 (8)&quot;,&quot;alt&quot;:&quot;&quot;,&quot;caption&quot;:&quot;Representaciones en el Patio de Armas del Castillo. Noct\\u00edvagos 2009. FOTO: Noelia Garc\\u00eda&quot;,&quot;itemprop&quot;:&quot;image&quot;},{&quot;src&quot;:&quot;https:\\\/\\\/i0.wp.com\\\/www.noctivagos.com\\\/wp-content\\\/uploads\\\/2015\\\/06\\\/Noctivagos2009-9.jpg?fit=480%2C640\\u0026ssl=1&quot;,&quot;id&quot;:&quot;856&quot;,&quot;title&quot;:&quot;Noctivagos2009 (9)&quot;,&quot;alt&quot;:&quot;&quot;,&quot;caption&quot;:&quot;Representaciones en el Patio de Armas del Castillo. Noct\\u00edvagos 2009. FOTO: Noelia Garc\\u00eda&quot;,&quot;itemprop&quot;:&quot;image&quot;},{&quot;src&quot;:&quot;https:\\\/\\\/i0.wp.com\\\/www.noctivagos.com\\\/wp-content\\\/uploads\\\/2015\\\/06\\\/Noctivagos2009-10.jpg?fit=480%2C640\\u0026ssl=1&quot;,&quot;id&quot;:&quot;857&quot;,&quot;title&quot;:&quot;Noctivagos2009 (10)&quot;,&quot;alt&quot;:&quot;&quot;,&quot;caption&quot;:&quot;Representaciones en el Patio de Armas del Castillo. Noct\\u00edvagos 2009. FOTO: Noelia Garc\\u00eda&quot;,&quot;itemprop&quot;:&quot;image&quot;},{&quot;src&quot;:&quot;https:\\\/\\\/i0.wp.com\\\/www.noctivagos.com\\\/wp-content\\\/uploads\\\/2015\\\/06\\\/Noctivagos2009-11.jpg?fit=640%2C480\\u0026ssl=1&quot;,&quot;id&quot;:&quot;858&quot;,&quot;title&quot;:&quot;Noctivagos2009 (11)&quot;,&quot;alt&quot;:&quot;&quot;,&quot;caption&quot;:&quot;Representaciones en el Patio de Armas del Castillo. Noct\\u00edvagos 2009. FOTO: Noelia Garc\\u00eda&quot;,&quot;itemprop&quot;:&quot;image&quot;},{&quot;src&quot;:&quot;https:\\\/\\\/i0.wp.com\\\/www.noctivagos.com\\\/wp-content\\\/uploads\\\/2015\\\/06\\\/Noctivagos2009-12.jpg?fit=640%2C428\\u0026ssl=1&quot;,&quot;id&quot;:&quot;859&quot;,&quot;title&quot;:&quot;Montajes con Velas. Noct\\u00edvagos 2009. FOTO: Diego Estepa&quot;,&quot;alt&quot;:&quot;&quot;,&quot;caption&quot;:&quot;Montajes con Velas. Noct\\u00edvagos 2009. FOTO: Diego Estepa&quot;,&quot;itemprop&quot;:&quot;image&quot;},{&quot;src&quot;:&quot;https:\\\/\\\/i0.wp.com\\\/www.noctivagos.com\\\/wp-content\\\/uploads\\\/2015\\\/06\\\/Noctivagos2009-13.jpg?fit=640%2C428\\u0026ssl=1&quot;,&quot;id&quot;:&quot;860&quot;,&quot;title&quot;:&quot;Mon\\u00f3logos Teatro El Navarro. Noct\\u00edvagos 2009. FOTO: Diego Estepa&quot;,&quot;alt&quot;:&quot;&quot;,&quot;caption&quot;:&quot;Mon\\u00f3logos Teatro El Navarro. Noct\\u00edvagos 2009. FOTO: Diego Estepa&quot;,&quot;itemprop&quot;:&quot;image&quot;},{&quot;src&quot;:&quot;https:\\\/\\\/i0.wp.com\\\/www.noctivagos.com\\\/wp-content\\\/uploads\\\/2015\\\/06\\\/Noctivagos2009-14.jpg?fit=640%2C428\\u0026ssl=1&quot;,&quot;id&quot;:&quot;861&quot;,&quot;title&quot;:&quot;Ambientaci\\u00f3n Plaza de los Moros. Noct\\u00edvagos 2009. FOTO: Diego Estepa&quot;,&quot;alt&quot;:&quot;&quot;,&quot;caption&quot;:&quot;Ambientaci\\u00f3n Plaza de los Moros. Noct\\u00edvagos 2009. FOTO: Diego Estepa&quot;,&quot;itemprop&quot;:&quot;image&quot;},{&quot;src&quot;:&quot;https:\\\/\\\/i0.wp.com\\\/www.noctivagos.com\\\/wp-content\\\/uploads\\\/2015\\\/06\\\/Noctivagos2009-15.jpg?fit=428%2C640\\u0026ssl=1&quot;,&quot;id&quot;:&quot;862&quot;,&quot;title&quot;:&quot;Mon\\u00f3logos Teatro El Navarro. Noct\\u00edvagos 2009. FOTO: Diego Estepa&quot;,&quot;alt&quot;:&quot;&quot;,&quot;caption&quot;:&quot;Mon\\u00f3logos Teatro El Navarro. Noct\\u00edvagos 2009. FOTO: Diego Estepa&quot;,&quot;itemprop&quot;:&quot;image&quot;},{&quot;src&quot;:&quot;https:\\\/\\\/i0.wp.com\\\/www.noctivagos.com\\\/wp-content\\\/uploads\\\/2015\\\/06\\\/Noctivagos2009-16.jpg?fit=428%2C640\\u0026ssl=1&quot;,&quot;id&quot;:&quot;863&quot;,&quot;title&quot;:&quot;Interior de La Compa\\u00f1\\u00eda. Noct\\u00edvagos 2009. FOTO: Diego Estepa&quot;,&quot;alt&quot;:&quot;&quot;,&quot;caption&quot;:&quot;Interior de La Compa\\u00f1\\u00eda. Noct\\u00edvagos 2009. FOTO: Diego Estepa&quot;,&quot;itemprop&quot;:&quot;image&quot;},{&quot;src&quot;:&quot;https:\\\/\\\/i0.wp.com\\\/www.noctivagos.com\\\/wp-content\\\/uploads\\\/2015\\\/06\\\/Noctivagos2009-17.jpg?fit=640%2C427\\u0026ssl=1&quot;,&quot;id&quot;:&quot;864&quot;,&quot;title&quot;:&quot;Teatro de calle en la Plaza Vieja. Noct\\u00edvagos 2009. FOTO: Diego Estepa&quot;,&quot;alt&quot;:&quot;&quot;,&quot;caption&quot;:&quot;Teatro de calle en la Plaza Vieja. Noct\\u00edvagos 2009. FOTO: Diego Estepa&quot;,&quot;itemprop&quot;:&quot;image&quot;},{&quot;src&quot;:&quot;https:\\\/\\\/i0.wp.com\\\/www.noctivagos.com\\\/wp-content\\\/uploads\\\/2015\\\/06\\\/Noctivagos2009-18.jpg?fit=640%2C427\\u0026ssl=1&quot;,&quot;id&quot;:&quot;865&quot;,&quot;title&quot;:&quot;Teatro de calle en la Plaza Vieja. Noct\\u00edvagos 2009. FOTO: Diego Estepa&quot;,&quot;alt&quot;:&quot;&quot;,&quot;caption&quot;:&quot;Teatro de calle en la Plaza Vieja. Noct\\u00edvagos 2009. FOTO: Diego Estepa&quot;,&quot;itemprop&quot;:&quot;image&quot;},{&quot;src&quot;:&quot;https:\\\/\\\/i0.wp.com\\\/www.noctivagos.com\\\/wp-content\\\/uploads\\\/2015\\\/06\\\/Noctivagos2009-19.jpg?fit=427%2C640\\u0026ssl=1&quot;,&quot;id&quot;:&quot;866&quot;,&quot;title&quot;:&quot;Tragafuegos en el Castillo. Noct\\u00edvagos 2009. FOTO: Diego Estepa&quot;,&quot;alt&quot;:&quot;&quot;,&quot;caption&quot;:&quot;Tragafuegos en el Castillo. Noct\\u00edvagos 2009. FOTO: Diego Estepa&quot;,&quot;itemprop&quot;:&quot;image&quot;},{&quot;src&quot;:&quot;https:\\\/\\\/i0.wp.com\\\/www.noctivagos.com\\\/wp-content\\\/uploads\\\/2015\\\/06\\\/Noctivagos2009-20.jpg?fit=426%2C640\\u0026ssl=1&quot;,&quot;id&quot;:&quot;867&quot;,&quot;title&quot;:&quot;Paseantes. Noct\\u00edvagos 2009. FOTO: David Cisneros&quot;,&quot;alt&quot;:&quot;&quot;,&quot;caption&quot;:&quot;Paseantes. Noct\\u00edvagos 2009. FOTO: David Cisneros&quot;,&quot;itemprop&quot;:&quot;image&quot;},{&quot;src&quot;:&quot;https:\\\/\\\/i0.wp.com\\\/www.noctivagos.com\\\/wp-content\\\/uploads\\\/2015\\\/06\\\/Noctivagos2009-21.jpg?fit=426%2C640\\u0026ssl=1&quot;,&quot;id&quot;:&quot;868&quot;,&quot;title&quot;:&quot;Calles de Oropesa por la noche. FOTO: Juan Piombo&quot;,&quot;alt&quot;:&quot;&quot;,&quot;caption&quot;:&quot;Calles de Oropesa por la noche. FOTO: Juan Piombo&quot;,&quot;itemprop&quot;:&quot;image&quot;},{&quot;src&quot;:&quot;https:\\\/\\\/i0.wp.com\\\/www.noctivagos.com\\\/wp-content\\\/uploads\\\/2015\\\/06\\\/Noctivagos2009-22.jpg?fit=480%2C640\\u0026ssl=1&quot;,&quot;id&quot;:&quot;869&quot;,&quot;title&quot;:&quot;Pasacalles apertura. Noct\\u00edvagos 2009. FOTO: Noelia Garc\\u00eda&quot;,&quot;alt&quot;:&quot;&quot;,&quot;caption&quot;:&quot;Pasacalles apertura. Noct\\u00edvagos 2009. FOTO: Noelia Garc\\u00eda&quot;,&quot;itemprop&quot;:&quot;image&quot;},{&quot;src&quot;:&quot;https:\\\/\\\/i0.wp.com\\\/www.noctivagos.com\\\/wp-content\\\/uploads\\\/2015\\\/06\\\/Noctivagos2009-23.jpg?fit=640%2C480\\u0026ssl=1&quot;,&quot;id&quot;:&quot;870&quot;,&quot;title&quot;:&quot;Pasacalles apertura. \\u00abV\\u00e9ritas Nostra\\u00bb. Noct\\u00edvagos 2009. FOTO: Noelia Garc\\u00eda&quot;,&quot;alt&quot;:&quot;&quot;,&quot;caption&quot;:&quot;Pasacalles apertura. \\u00abV\\u00e9ritas Nostra\\u00bb. Noct\\u00edvagos 2009. FOTO: Noelia Garc\\u00eda&quot;,&quot;itemprop&quot;:&quot;image&quot;},{&quot;src&quot;:&quot;https:\\\/\\\/i0.wp.com\\\/www.noctivagos.com\\\/wp-content\\\/uploads\\\/2015\\\/06\\\/DSC6077.jpg?fit=640%2C426\\u0026ssl=1&quot;,&quot;id&quot;:&quot;799&quot;,&quot;title&quot;:&quot;_DSC6077&quot;,&quot;alt&quot;:&quot;&quot;,&quot;caption&quot;:&quot;Representaciones Teatrales en la Plaza Vieja. Noct\\u00edvagos 2009. FOTO: Javier Cisneros&quot;,&quot;itemprop&quot;:&quot;image&quot;},{&quot;src&quot;:&quot;https:\\\/\\\/i0.wp.com\\\/www.noctivagos.com\\\/wp-content\\\/uploads\\\/2015\\\/06\\\/DSC6019.jpg?fit=640%2C426\\u0026ssl=1&quot;,&quot;id&quot;:&quot;798&quot;,&quot;title&quot;:&quot;_DSC6019&quot;,&quot;alt&quot;:&quot;&quot;,&quot;caption&quot;:&quot;Representaciones Teatrales en la Plaza Vieja. Noct\\u00edvagos 2009. FOTO: Javier Cisneros&quot;,&quot;itemprop&quot;:&quot;image&quot;},{&quot;src&quot;:&quot;https:\\\/\\\/i0.wp.com\\\/www.noctivagos.com\\\/wp-content\\\/uploads\\\/2015\\\/06\\\/DSC5992.jpg?fit=640%2C426\\u0026ssl=1&quot;,&quot;id&quot;:&quot;797&quot;,&quot;title&quot;:&quot;_DSC5992&quot;,&quot;alt&quot;:&quot;&quot;,&quot;caption&quot;:&quot;Representaciones Teatrales en el Patio de Armas del Castillo. Noct\\u00edvagos 2009. FOTO: Javier Cisneros&quot;,&quot;itemprop&quot;:&quot;image&quot;},{&quot;src&quot;:&quot;https:\\\/\\\/i0.wp.com\\\/www.noctivagos.com\\\/wp-content\\\/uploads\\\/2015\\\/06\\\/DSC5898.jpg?fit=640%2C426\\u0026ssl=1&quot;,&quot;id&quot;:&quot;791&quot;,&quot;title&quot;:&quot;_DSC5898&quot;,&quot;alt&quot;:&quot;&quot;,&quot;caption&quot;:&quot;Representaciones Teatrales en la capilla de Las Oblatas. Noct\\u00edvagos 2009. FOTO: Javier Cisneros&quot;,&quot;itemprop&quot;:&quot;image&quot;},{&quot;src&quot;:&quot;https:\\\/\\\/i0.wp.com\\\/www.noctivagos.com\\\/wp-content\\\/uploads\\\/2015\\\/06\\\/DSC5936.jpg?fit=640%2C426\\u0026ssl=1&quot;,&quot;id&quot;:&quot;792&quot;,&quot;title&quot;:&quot;_DSC5936&quot;,&quot;alt&quot;:&quot;&quot;,&quot;caption&quot;:&quot;Representaciones Teatrales en la Plaza Vieja. Noct\\u00edvagos 2009. FOTO: Javier Cisneros&quot;,&quot;itemprop&quot;:&quot;image&quot;},{&quot;src&quot;:&quot;https:\\\/\\\/i0.wp.com\\\/www.noctivagos.com\\\/wp-content\\\/uploads\\\/2015\\\/06\\\/DSC5943.jpg?fit=426%2C640\\u0026ssl=1&quot;,&quot;id&quot;:&quot;793&quot;,&quot;title&quot;:&quot;_DSC5943&quot;,&quot;alt&quot;:&quot;&quot;,&quot;caption&quot;:&quot;Representaciones Teatrales en la capilla de Las Oblatas. Noct\\u00edvagos 2009. FOTO: Javier Cisneros&quot;,&quot;itemprop&quot;:&quot;image&quot;},{&quot;src&quot;:&quot;https:\\\/\\\/i0.wp.com\\\/www.noctivagos.com\\\/wp-content\\\/uploads\\\/2015\\\/06\\\/DSC5946.jpg?fit=426%2C640\\u0026ssl=1&quot;,&quot;id&quot;:&quot;794&quot;,&quot;title&quot;:&quot;_DSC5946&quot;,&quot;alt&quot;:&quot;&quot;,&quot;caption&quot;:&quot;Representaciones Teatrales en la capilla de Las Oblatas. Noct\\u00edvagos 2009. FOTO: Javier Cisneros&quot;,&quot;itemprop&quot;:&quot;image&quot;},{&quot;src&quot;:&quot;https:\\\/\\\/i0.wp.com\\\/www.noctivagos.com\\\/wp-content\\\/uploads\\\/2015\\\/06\\\/DSC5972.jpg?fit=426%2C640\\u0026ssl=1&quot;,&quot;id&quot;:&quot;795&quot;,&quot;title&quot;:&quot;_DSC5972&quot;,&quot;alt&quot;:&quot;&quot;,&quot;caption&quot;:&quot;Representaciones Teatrales en la capilla de Las Oblatas. Noct\\u00edvagos 2009. FOTO: Javier Cisneros&quot;,&quot;itemprop&quot;:&quot;image&quot;},{&quot;src&quot;:&quot;https:\\\/\\\/i0.wp.com\\\/www.noctivagos.com\\\/wp-content\\\/uploads\\\/2015\\\/06\\\/DSC5975.jpg?fit=640%2C426\\u0026ssl=1&quot;,&quot;id&quot;:&quot;796&quot;,&quot;title&quot;:&quot;_DSC5975&quot;,&quot;alt&quot;:&quot;&quot;,&quot;caption&quot;:&quot;Representaciones Teatrales en el Patio de Armas del Castillo. Noct\\u00edvagos 2009. FOTO: Javier Cisneros&quot;,&quot;itemprop&quot;:&quot;image&quot;}]\" itemscope itemtype=\"https:\/\/schema.org\/ImageGallery\"><\/div>\n","protected":false},"excerpt":{"rendered":"<div class=\"mh-excerpt\"><p>Aqu\u00ed pod\u00e9is ver im\u00e1genes de la edici\u00f3n 0 de Noct\u00edvagos, a\u00fan sin el formato actual de certamen<\/p>\n<\/div>","protected":false},"author":1,"featured_media":0,"parent":541,"menu_order":2,"comment_status":"open","ping_status":"open","template":"","meta":{"footnotes":""},"class_list":["post-543","page","type-page","status-publish","hentry"],"jetpack_shortlink":"https:\/\/wp.me\/P6myW9-8L","jetpack_sharing_enabled":true,"_links":{"self":[{"href":"https:\/\/www.noctivagos.com\/index.php?rest_route=\/wp\/v2\/pages\/543","targetHints":{"allow":["GET"]}}],"collection":[{"href":"https:\/\/www.noctivagos.com\/index.php?rest_route=\/wp\/v2\/pages"}],"about":[{"href":"https:\/\/www.noctivagos.com\/index.php?rest_route=\/wp\/v2\/types\/page"}],"author":[{"embeddable":true,"href":"https:\/\/www.noctivagos.com\/index.php?rest_route=\/wp\/v2\/users\/1"}],"replies":[{"embeddable":true,"href":"https:\/\/www.noctivagos.com\/index.php?rest_route=%2Fwp%2Fv2%2Fcomments&post=543"}],"version-history":[{"count":3,"href":"https:\/\/www.noctivagos.com\/index.php?rest_route=\/wp\/v2\/pages\/543\/revisions"}],"predecessor-version":[{"id":1039,"href":"https:\/\/www.noctivagos.com\/index.php?rest_route=\/wp\/v2\/pages\/543\/revisions\/1039"}],"up":[{"embeddable":true,"href":"https:\/\/www.noctivagos.com\/index.php?rest_route=\/wp\/v2\/pages\/541"}],"wp:attachment":[{"href":"https:\/\/www.noctivagos.com\/index.php?rest_route=%2Fwp%2Fv2%2Fmedia&parent=543"}],"curies":[{"name":"wp","href":"https:\/\/api.w.org\/{rel}","templated":true}]}}